{"id":192937,"date":"2022-10-02T03:29:22","date_gmt":"2022-10-02T01:29:22","guid":{"rendered":"https:\/\/ristorantesolferino.com\/a-propos-de-nous\/"},"modified":"2026-04-17T01:11:41","modified_gmt":"2026-04-16T23:11:41","slug":"a-propos-de-nous","status":"publish","type":"page","link":"https:\/\/ristorantesolferino.com\/fr\/a-propos-de-nous\/","title":{"rendered":"A propos de nous"},"content":{"rendered":"<p><div id=\"one\" class=\"et_d4_element et_pb_section et_pb_section_0 et_pb_with_background  et_pb_css_mix_blend_mode et_section_regular et_block_section\" >\n\t\t\t\t\n\t\t\t\t\n\t\t\t\t\n\t\t\t\t\n\t\t\t\t\n\t\t\t\t\n\t\t\t\t<div class=\"et_d4_element et_pb_row et_pb_row_0 et_pb_equal_columns  et_pb_css_mix_blend_mode et_block_row\">\n\t\t\t\t<div class=\"et_d4_element et_pb_column_4_4 et_pb_column et_pb_column_0  et_pb_css_mix_blend_mode et-last-child et_block_column et_pb_column_empty\">\n\t\t\t\t\n\t\t\t\t\n\t\t\t\t\n\t\t\t\t\n\t\t\t\t\n\t\t\t<\/div>\n\t\t\t\t\n\t\t\t\t\n\t\t\t\t\n\t\t\t\t\n\t\t\t<\/div><div class=\"et_d4_element et_pb_row et_pb_row_1 et_pb_equal_columns  et_pb_css_mix_blend_mode et_block_row\">\n\t\t\t\t<div class=\"et_d4_element et_pb_column_1_2 et_pb_column et_pb_column_1  et_pb_css_mix_blend_mode et_block_column et_pb_column_empty\">\n\t\t\t\t\n\t\t\t\t\n\t\t\t\t\n\t\t\t\t\n\t\t\t\t\n\t\t\t<\/div><div class=\"et_d4_element et_pb_column_1_2 et_pb_column et_pb_column_2  et_pb_css_mix_blend_mode et-last-child et_block_column\">\n\t\t\t\t\n\t\t\t\t\n\t\t\t\t\n\t\t\t\t\n\t\t\t\t<div class=\"et_pb_module et_d4_element et_pb_text et_pb_text_0  et_pb_text_align_left et_pb_bg_layout_light\">\n\t\t\t\t\n\t\t\t\t\n\t\t\t\t\n\t\t\t\t\n\t\t\t\t<div class=\"et_pb_text_inner\"><h1>A propos de nous<\/h1>\n<p>Assis \u00e0 l'ext\u00e9rieur du Solferino, ils sirotent un gin tonic en contemplant la splendide piazza. Nous sommes fin septembre, l'automne a d\u00e9cid\u00e9 de jouer avec les feuillages, mais la temp\u00e9rature est encore douce, l'air chaud et la lumi\u00e8re du soleil encore agr\u00e9able sur la peau. <\/p>\n<p>S'il n'y avait pas les couleurs, on pourrait croire \u00e0 une blague de calendrier...<\/p><\/div>\n\t\t\t<\/div>\n\t\t\t<\/div>\n\t\t\t\t\n\t\t\t\t\n\t\t\t\t\n\t\t\t\t\n\t\t\t<\/div><div class=\"et_d4_element et_pb_row et_pb_row_2 et_pb_equal_columns  et_pb_css_mix_blend_mode et_block_row\">\n\t\t\t\t<div class=\"et_d4_element et_pb_column_4_4 et_pb_column et_pb_column_3  et_pb_css_mix_blend_mode et-last-child et_block_column\">\n\t\t\t\t\n\t\t\t\t\n\t\t\t\t\n\t\t\t\t\n\t\t\t\t<div class=\"et_pb_module et_d4_element et_pb_icon et_pb_icon_0\">\n\t\t\t\t<a href=\"#two\" ><span class=\"et_pb_icon_wrap \"><span class=\"et-pb-icon\">3<\/span><\/span><\/a>\n\t\t\t<\/div>\n\t\t\t<\/div>\n\t\t\t\t\n\t\t\t\t\n\t\t\t\t\n\t\t\t\t\n\t\t\t<\/div>\n\t\t\t\t\n\t\t\t\t\n\t\t\t<\/div><div id=\"two\" class=\"et_d4_element et_pb_section et_pb_section_1 et_pb_with_background  et_pb_css_mix_blend_mode et_section_regular et_block_section\" >\n\t\t\t\t\n\t\t\t\t\n\t\t\t\t\n\t\t\t\t\n\t\t\t\t\n\t\t\t\t\n\t\t\t\t<div class=\"et_d4_element et_pb_row et_pb_row_3 et_pb_equal_columns  et_pb_css_mix_blend_mode et_block_row\">\n\t\t\t\t<div class=\"et_d4_element et_pb_column_4_4 et_pb_column et_pb_column_4  et_pb_css_mix_blend_mode et-last-child et_block_column\">\n\t\t\t\t\n\t\t\t\t\n\t\t\t\t\n\t\t\t\t\n\t\t\t\t<div class=\"et_pb_module et_d4_element et_pb_icon et_pb_icon_1\">\n\t\t\t\t<a href=\"#one\" ><span class=\"et_pb_icon_wrap \"><span class=\"et-pb-icon\">2<\/span><\/span><\/a>\n\t\t\t<\/div>\n\t\t\t<\/div>\n\t\t\t\t\n\t\t\t\t\n\t\t\t\t\n\t\t\t\t\n\t\t\t<\/div><div class=\"et_d4_element et_pb_row et_pb_row_4 et_pb_equal_columns  et_pb_css_mix_blend_mode et_block_row\">\n\t\t\t\t<div class=\"et_d4_element et_pb_column_1_2 et_pb_column et_pb_column_5  et_pb_css_mix_blend_mode et_block_column\">\n\t\t\t\t\n\t\t\t\t\n\t\t\t\t\n\t\t\t\t\n\t\t\t\t<div class=\"et_pb_module et_d4_element et_pb_text et_pb_text_1  et_pb_text_align_left et_pb_bg_layout_light\">\n\t\t\t\t\n\t\t\t\t\n\t\t\t\t\n\t\t\t\t\n\t\t\t\t<div class=\"et_pb_text_inner\">LES JEUX OLYMPIQUES, LE MONFERRINO ET LE SOLFERINO<\/p>\n<p>Simone, le g\u00e9rant du restaurant depuis des ann\u00e9es, frissonne en se rem\u00e9morant l'ann\u00e9e qui a r\u00e9veill\u00e9 Turin, 2006. Ce fut une ann\u00e9e particuli\u00e8re pour lui, mais aussi pour Andrea, le propri\u00e9taire du restaurant, membre du groupe Ambrogini, qui le bombarde de questions sur cette p\u00e9riode.<\/div>\n\t\t\t<\/div>\n\t\t\t<\/div><div class=\"et_d4_element et_pb_column_1_2 et_pb_column et_pb_column_6  et_pb_css_mix_blend_mode et-last-child et_block_column et_pb_column_empty\">\n\t\t\t\t\n\t\t\t\t\n\t\t\t\t\n\t\t\t\t\n\t\t\t\t\n\t\t\t<\/div>\n\t\t\t\t\n\t\t\t\t\n\t\t\t\t\n\t\t\t\t\n\t\t\t<\/div><div class=\"et_d4_element et_pb_row et_pb_row_5 et_pb_equal_columns  et_pb_css_mix_blend_mode et_block_row\">\n\t\t\t\t<div class=\"et_d4_element et_pb_column_4_4 et_pb_column et_pb_column_7  et_pb_css_mix_blend_mode et-last-child et_block_column\">\n\t\t\t\t\n\t\t\t\t\n\t\t\t\t\n\t\t\t\t\n\t\t\t\t<div class=\"et_pb_module et_d4_element et_pb_icon et_pb_icon_2\">\n\t\t\t\t<a href=\"#three\" ><span class=\"et_pb_icon_wrap \"><span class=\"et-pb-icon\">3<\/span><\/span><\/a>\n\t\t\t<\/div>\n\t\t\t<\/div>\n\t\t\t\t\n\t\t\t\t\n\t\t\t\t\n\t\t\t\t\n\t\t\t<\/div>\n\t\t\t\t\n\t\t\t\t\n\t\t\t<\/div><div id=\"three\" class=\"et_d4_element et_pb_section et_pb_section_2 et_pb_with_background  et_pb_css_mix_blend_mode et_section_regular et_block_section\" >\n\t\t\t\t\n\t\t\t\t\n\t\t\t\t\n\t\t\t\t\n\t\t\t\t\n\t\t\t\t\n\t\t\t\t<div class=\"et_d4_element et_pb_row et_pb_row_6 et_pb_equal_columns  et_pb_css_mix_blend_mode et_block_row\">\n\t\t\t\t<div class=\"et_d4_element et_pb_column_4_4 et_pb_column et_pb_column_8  et_pb_css_mix_blend_mode et-last-child et_block_column\">\n\t\t\t\t\n\t\t\t\t\n\t\t\t\t\n\t\t\t\t\n\t\t\t\t<div class=\"et_pb_module et_d4_element et_pb_icon et_pb_icon_3\">\n\t\t\t\t<a href=\"#two\" ><span class=\"et_pb_icon_wrap \"><span class=\"et-pb-icon\">2<\/span><\/span><\/a>\n\t\t\t<\/div>\n\t\t\t<\/div>\n\t\t\t\t\n\t\t\t\t\n\t\t\t\t\n\t\t\t\t\n\t\t\t<\/div><div class=\"et_d4_element et_pb_row et_pb_row_7 et_pb_equal_columns  et_pb_css_mix_blend_mode et_block_row\">\n\t\t\t\t<div class=\"et_d4_element et_pb_column_1_2 et_pb_column et_pb_column_9  et_pb_css_mix_blend_mode et_block_column et_pb_column_empty\">\n\t\t\t\t\n\t\t\t\t\n\t\t\t\t\n\t\t\t\t\n\t\t\t\t\n\t\t\t<\/div><div class=\"et_d4_element et_pb_column_1_2 et_pb_column et_pb_column_10  et_pb_css_mix_blend_mode et-last-child et_block_column\">\n\t\t\t\t\n\t\t\t\t\n\t\t\t\t\n\t\t\t\t\n\t\t\t\t<div class=\"et_pb_module et_d4_element et_pb_text et_pb_text_2  et_pb_text_align_left et_pb_bg_layout_light\">\n\t\t\t\t\n\t\t\t\t\n\t\t\t\t\n\t\t\t\t\n\t\t\t\t<div class=\"et_pb_text_inner\">2006, ann\u00e9e des Jeux olympiques \u00e0 Turin, qui a transform\u00e9 la ville en une capitale sportive moderne et performante. Le m\u00e9tro, apr\u00e8s de nombreux retards, est enfin arriv\u00e9, des changements d'urbanisme ont \u00e9t\u00e9 d\u00e9cid\u00e9s qui allaient m\u00e9tamorphoser de nombreux quartiers, et l'atmosph\u00e8re est \u00e9lectrique comme jamais au pied des gratte-ciel. Peut-\u00eatre que depuis 1961, ann\u00e9e du centenaire de l'unification italienne, les Turinois n'ont pas vu leur discr\u00e9tion habituelle mise \u00e0 l'\u00e9preuve de la sorte !<\/div>\n\t\t\t<\/div>\n\t\t\t<\/div>\n\t\t\t\t\n\t\t\t\t\n\t\t\t\t\n\t\t\t\t\n\t\t\t<\/div><div class=\"et_d4_element et_pb_row et_pb_row_8 et_pb_equal_columns  et_pb_css_mix_blend_mode et_block_row\">\n\t\t\t\t<div class=\"et_d4_element et_pb_column_4_4 et_pb_column et_pb_column_11  et_pb_css_mix_blend_mode et-last-child et_block_column\">\n\t\t\t\t\n\t\t\t\t\n\t\t\t\t\n\t\t\t\t\n\t\t\t\t<div class=\"et_pb_module et_d4_element et_pb_icon et_pb_icon_4\">\n\t\t\t\t<a href=\"#four\" ><span class=\"et_pb_icon_wrap \"><span class=\"et-pb-icon\">3<\/span><\/span><\/a>\n\t\t\t<\/div>\n\t\t\t<\/div>\n\t\t\t\t\n\t\t\t\t\n\t\t\t\t\n\t\t\t\t\n\t\t\t<\/div>\n\t\t\t\t\n\t\t\t\t\n\t\t\t<\/div><div id=\"four\" class=\"et_d4_element et_pb_section et_pb_section_3 et_pb_with_background  et_pb_css_mix_blend_mode et_section_regular et_block_section\" >\n\t\t\t\t\n\t\t\t\t\n\t\t\t\t\n\t\t\t\t\n\t\t\t\t\n\t\t\t\t\n\t\t\t\t<div class=\"et_d4_element et_pb_row et_pb_row_9 et_pb_equal_columns  et_pb_css_mix_blend_mode et_block_row\">\n\t\t\t\t<div class=\"et_d4_element et_pb_column_4_4 et_pb_column et_pb_column_12  et_pb_css_mix_blend_mode et-last-child et_block_column\">\n\t\t\t\t\n\t\t\t\t\n\t\t\t\t\n\t\t\t\t\n\t\t\t\t<div class=\"et_pb_module et_d4_element et_pb_icon et_pb_icon_5\">\n\t\t\t\t<a href=\"#three\" ><span class=\"et_pb_icon_wrap \"><span class=\"et-pb-icon\">2<\/span><\/span><\/a>\n\t\t\t<\/div>\n\t\t\t<\/div>\n\t\t\t\t\n\t\t\t\t\n\t\t\t\t\n\t\t\t\t\n\t\t\t<\/div><div class=\"et_d4_element et_pb_row et_pb_row_10 et_pb_equal_columns  et_pb_css_mix_blend_mode et_block_row\">\n\t\t\t\t<div class=\"et_d4_element et_pb_column_1_2 et_pb_column et_pb_column_13  et_pb_css_mix_blend_mode et_block_column\">\n\t\t\t\t\n\t\t\t\t\n\t\t\t\t\n\t\t\t\t\n\t\t\t\t<div class=\"et_pb_module et_d4_element et_pb_text et_pb_text_3  et_pb_text_align_left et_pb_bg_layout_light\">\n\t\t\t\t\n\t\t\t\t\n\t\t\t\t\n\t\t\t\t\n\t\t\t\t<div class=\"et_pb_text_inner\"><p>Andrea : \u00ab Simone, tu te souviens quand ils ont install\u00e9 le \u00ab Gianduiotti \u00bb ici, sur la place ? \u00bb<\/p>\n<p>Simone : \u00ab Zut, j'avais oubli\u00e9 ! Comment s'appelaient ces pavillons ? Atrium ? Ils encombraient peut-\u00eatre un peu la place, mais ils n'\u00e9taient pas laids du tout\u2026 C'\u00e9tait une \u0153uvre de Giugiaro, n'est-ce pas ? \u00bb<\/p>\n<p><span><strong>Andrea :<\/strong> \"Oui, je pense, mais honn\u00eatement, je ne les aimais pas beaucoup. Lorsque je suis venu ici pour la premi\u00e8re fois pour discuter de l'achat du Solferino, ils \u00e9taient tout neufs...\"<\/span><\/p>\n<p>Simone : \u00ab Tu sais, je me souviens encore de la premi\u00e8re fois o\u00f9 tu m'as parl\u00e9 de Solferino ? Je ne travaillais pas pour toi depuis longtemps, \u00e0 peine plus d'un an. J'ai commenc\u00e9 \u00e0 Monferrino en mars 2006. Quelle ann\u00e9e \u00e9trange ! Je pensais aux Jeux olympiques depuis des mois, je voulais profiter de toutes les comp\u00e9titions, \u00eatre \u00e9veill\u00e9e 24 h\/24 et 7 j\/7, ne rien manquer\u2026 et au lieu de \u00e7a, le 1er mars, j'ai commenc\u00e9 \u00e0 Monferrino\u2026 \u00bb<\/p><\/div>\n\t\t\t<\/div>\n\t\t\t<\/div><div class=\"et_d4_element et_pb_column_1_2 et_pb_column et_pb_column_14  et_pb_css_mix_blend_mode et-last-child et_block_column et_pb_column_empty\">\n\t\t\t\t\n\t\t\t\t\n\t\t\t\t\n\t\t\t\t\n\t\t\t\t\n\t\t\t<\/div>\n\t\t\t\t\n\t\t\t\t\n\t\t\t\t\n\t\t\t\t\n\t\t\t<\/div><div class=\"et_d4_element et_pb_row et_pb_row_11 et_pb_equal_columns  et_pb_css_mix_blend_mode et_block_row\">\n\t\t\t\t<div class=\"et_d4_element et_pb_column_4_4 et_pb_column et_pb_column_15  et_pb_css_mix_blend_mode et-last-child et_block_column\">\n\t\t\t\t\n\t\t\t\t\n\t\t\t\t\n\t\t\t\t\n\t\t\t\t<div class=\"et_pb_module et_d4_element et_pb_icon et_pb_icon_6\">\n\t\t\t\t<a href=\"#five\" ><span class=\"et_pb_icon_wrap \"><span class=\"et-pb-icon\">3<\/span><\/span><\/a>\n\t\t\t<\/div>\n\t\t\t<\/div>\n\t\t\t\t\n\t\t\t\t\n\t\t\t\t\n\t\t\t\t\n\t\t\t<\/div>\n\t\t\t\t\n\t\t\t\t\n\t\t\t<\/div><div id=\"five\" class=\"et_d4_element et_pb_section et_pb_section_4 et_pb_with_background  et_pb_css_mix_blend_mode et_section_regular et_block_section\" >\n\t\t\t\t\n\t\t\t\t\n\t\t\t\t\n\t\t\t\t\n\t\t\t\t\n\t\t\t\t\n\t\t\t\t<div class=\"et_d4_element et_pb_row et_pb_row_12 et_pb_equal_columns  et_pb_css_mix_blend_mode et_block_row\">\n\t\t\t\t<div class=\"et_d4_element et_pb_column_4_4 et_pb_column et_pb_column_16  et_pb_css_mix_blend_mode et-last-child et_block_column\">\n\t\t\t\t\n\t\t\t\t\n\t\t\t\t\n\t\t\t\t\n\t\t\t\t<div class=\"et_pb_module et_d4_element et_pb_icon et_pb_icon_7\">\n\t\t\t\t<a href=\"#four\" ><span class=\"et_pb_icon_wrap \"><span class=\"et-pb-icon\">2<\/span><\/span><\/a>\n\t\t\t<\/div>\n\t\t\t<\/div>\n\t\t\t\t\n\t\t\t\t\n\t\t\t\t\n\t\t\t\t\n\t\t\t<\/div><div class=\"et_d4_element et_pb_row et_pb_row_13 et_pb_equal_columns  et_pb_css_mix_blend_mode et_block_row\">\n\t\t\t\t<div class=\"et_d4_element et_pb_column_1_2 et_pb_column et_pb_column_17  et_pb_css_mix_blend_mode et_block_column et_pb_column_empty\">\n\t\t\t\t\n\t\t\t\t\n\t\t\t\t\n\t\t\t\t\n\t\t\t\t\n\t\t\t<\/div><div class=\"et_d4_element et_pb_column_1_2 et_pb_column et_pb_column_18  et_pb_css_mix_blend_mode et-last-child et_block_column\">\n\t\t\t\t\n\t\t\t\t\n\t\t\t\t\n\t\t\t\t\n\t\t\t\t<div class=\"et_pb_module et_d4_element et_pb_text et_pb_text_4  et_pb_text_align_left et_pb_bg_layout_light\">\n\t\t\t\t\n\t\t\t\t\n\t\t\t\t\n\t\t\t\t\n\t\t\t\t<div class=\"et_pb_text_inner\"><p>Andrea : \u00ab Le Monferrino \u00e9tait d\u00e9j\u00e0 un joyau, avec son hall central\u2026 Je me souviens, lorsque j\u2019ai d\u00e9couvert la salle \u00e0 San Mauro, je me suis dit : \u201cJe ne veux pas d\u2019espace ext\u00e9rieur ici, je veux une grande salle lumineuse !\u201d \u00bb Les clients ont tout de suite ador\u00e9, mais la mise en place n\u2019a pas \u00e9t\u00e9 si simple\u2026<\/p>\n<p>Simone : \u00ab Dis-moi ! Je me souviens, tu sais, en septembre, six mois apr\u00e8s mon embauche, comme ta voix tremblait quand tu m'as dit que tu ne pouvais plus me garder, que je devais chercher ailleurs\u2026 Ensuite, qui sait ce qui s'est pass\u00e9\u2026 Je me souviens que pendant ma pause, je suis all\u00e9e au vieux pont San Mauro. \u00bb <\/p><\/div>\n\t\t\t<\/div>\n\t\t\t<\/div>\n\t\t\t\t\n\t\t\t\t\n\t\t\t\t\n\t\t\t\t\n\t\t\t<\/div><div class=\"et_d4_element et_pb_row et_pb_row_14 et_pb_equal_columns  et_pb_css_mix_blend_mode et_block_row\">\n\t\t\t\t<div class=\"et_d4_element et_pb_column_4_4 et_pb_column et_pb_column_19  et_pb_css_mix_blend_mode et-last-child et_block_column\">\n\t\t\t\t\n\t\t\t\t\n\t\t\t\t\n\t\t\t\t\n\t\t\t\t<div class=\"et_pb_module et_d4_element et_pb_icon et_pb_icon_8\">\n\t\t\t\t<a href=\"#six\" ><span class=\"et_pb_icon_wrap \"><span class=\"et-pb-icon\">3<\/span><\/span><\/a>\n\t\t\t<\/div>\n\t\t\t<\/div>\n\t\t\t\t\n\t\t\t\t\n\t\t\t\t\n\t\t\t\t\n\t\t\t<\/div>\n\t\t\t\t\n\t\t\t\t\n\t\t\t<\/div><div id=\"six\" class=\"et_d4_element et_pb_section et_pb_section_5 et_pb_with_background  et_pb_css_mix_blend_mode et_section_regular et_block_section\" >\n\t\t\t\t\n\t\t\t\t\n\t\t\t\t\n\t\t\t\t\n\t\t\t\t\n\t\t\t\t\n\t\t\t\t<div class=\"et_d4_element et_pb_row et_pb_row_15 et_pb_equal_columns  et_pb_css_mix_blend_mode et_block_row\">\n\t\t\t\t<div class=\"et_d4_element et_pb_column_4_4 et_pb_column et_pb_column_20  et_pb_css_mix_blend_mode et-last-child et_block_column\">\n\t\t\t\t\n\t\t\t\t\n\t\t\t\t\n\t\t\t\t\n\t\t\t\t<div class=\"et_pb_module et_d4_element et_pb_icon et_pb_icon_9\">\n\t\t\t\t<a href=\"#five\" ><span class=\"et_pb_icon_wrap \"><span class=\"et-pb-icon\">2<\/span><\/span><\/a>\n\t\t\t<\/div>\n\t\t\t<\/div>\n\t\t\t\t\n\t\t\t\t\n\t\t\t\t\n\t\t\t\t\n\t\t\t<\/div><div class=\"et_d4_element et_pb_row et_pb_row_16 et_pb_equal_columns  et_pb_css_mix_blend_mode et_block_row\">\n\t\t\t\t<div class=\"et_d4_element et_pb_column_1_2 et_pb_column et_pb_column_21  et_pb_css_mix_blend_mode et_block_column\">\n\t\t\t\t\n\t\t\t\t\n\t\t\t\t\n\t\t\t\t\n\t\t\t\t<div class=\"et_pb_module et_d4_element et_pb_text et_pb_text_5  et_pb_text_align_left et_pb_bg_layout_light\">\n\t\t\t\t\n\t\t\t\t\n\t\t\t\t\n\t\t\t\t\n\t\t\t\t<div class=\"et_pb_text_inner\"><p>Une cigarette durait une minute, une heure, peut-\u00eatre un an. Je me disais, en regardant le Mole au loin, que le monde \u00e9tait injuste apr\u00e8s tout, que j'avais donn\u00e9 mon \u00e2me pendant ces mois. Que \u00e7a ne pouvait pas se terminer comme \u00e7a. Et puis... Puff, ce soir-l\u00e0 dans la salle, je ne sais pas, peut-\u00eatre que les clients m'avaient \u00e9cout\u00e9, peut-\u00eatre qu'ils avaient \u00e9t\u00e9 d'accord. Je me souviens en tout cas qu'\u00e0 partir de ce soir-l\u00e0, ce fut un succ\u00e8s, nous avons toujours fait salle comble. Marco, avec sa force tranquille, me rassurait chaque jour un peu plus. Et je lui faisais confiance : il avait \u00e9t\u00e9 le premier au Monferrino, vous l'aviez voulu d\u00e8s le premier jour. Et il m'a dit de rester calme, que nous allions gagner, que le Monferrino serait plein tous les soirs...\".       <\/p>\n<p><strong>Andrea<\/strong> [rire] : 'Eh bien, si Marco le dit, Ahahah ! En tout cas, tu me parles de ma voix tremblante, mais tu te souviens quand je t'ai dit que je voulais faire de toi le directeur du nouveau Solferino ? Ahahahah\"<\/p>\n<p><strong>Simone<\/strong>: \"Rire, rire. Je me suis d\u00e9gonfl\u00e9e. Bon sang de bonsoir ! Et je me souviens aussi quand vous m'avez dit l'ann\u00e9e suivante, en 2008 : \"Bienvenue dans la salle de contr\u00f4le\". C'\u00e9tait tellement incroyable. Et c'\u00e9tait il y a 10 ans... j'avais 20 ans\".  <\/p><\/div>\n\t\t\t<\/div>\n\t\t\t<\/div><div class=\"et_d4_element et_pb_column_1_2 et_pb_column et_pb_column_22  et_pb_css_mix_blend_mode et-last-child et_block_column et_pb_column_empty\">\n\t\t\t\t\n\t\t\t\t\n\t\t\t\t\n\t\t\t\t\n\t\t\t\t\n\t\t\t<\/div>\n\t\t\t\t\n\t\t\t\t\n\t\t\t\t\n\t\t\t\t\n\t\t\t<\/div><div class=\"et_d4_element et_pb_row et_pb_row_17 et_pb_equal_columns  et_pb_css_mix_blend_mode et_block_row\">\n\t\t\t\t<div class=\"et_d4_element et_pb_column_4_4 et_pb_column et_pb_column_23  et_pb_css_mix_blend_mode et-last-child et_block_column\">\n\t\t\t\t\n\t\t\t\t\n\t\t\t\t\n\t\t\t\t\n\t\t\t\t<div class=\"et_pb_module et_d4_element et_pb_icon et_pb_icon_10\">\n\t\t\t\t<a href=\"#seven\" ><span class=\"et_pb_icon_wrap \"><span class=\"et-pb-icon\">3<\/span><\/span><\/a>\n\t\t\t<\/div>\n\t\t\t<\/div>\n\t\t\t\t\n\t\t\t\t\n\t\t\t\t\n\t\t\t\t\n\t\t\t<\/div>\n\t\t\t\t\n\t\t\t\t\n\t\t\t<\/div><div id=\"seven\" class=\"et_d4_element et_pb_section et_pb_section_6 et_pb_with_background  et_pb_css_mix_blend_mode et_section_regular et_block_section\" >\n\t\t\t\t\n\t\t\t\t\n\t\t\t\t\n\t\t\t\t\n\t\t\t\t\n\t\t\t\t\n\t\t\t\t<div class=\"et_d4_element et_pb_row et_pb_row_18 et_pb_equal_columns  et_pb_css_mix_blend_mode et_block_row\">\n\t\t\t\t<div class=\"et_d4_element et_pb_column_4_4 et_pb_column et_pb_column_24  et_pb_css_mix_blend_mode et-last-child et_block_column\">\n\t\t\t\t\n\t\t\t\t\n\t\t\t\t\n\t\t\t\t\n\t\t\t\t<div class=\"et_pb_module et_d4_element et_pb_icon et_pb_icon_11\">\n\t\t\t\t<a href=\"#six\" ><span class=\"et_pb_icon_wrap \"><span class=\"et-pb-icon\">2<\/span><\/span><\/a>\n\t\t\t<\/div>\n\t\t\t<\/div>\n\t\t\t\t\n\t\t\t\t\n\t\t\t\t\n\t\t\t\t\n\t\t\t<\/div><div class=\"et_d4_element et_pb_row et_pb_row_19 et_pb_equal_columns  et_pb_css_mix_blend_mode et_block_row\">\n\t\t\t\t<div class=\"et_d4_element et_pb_column_1_2 et_pb_column et_pb_column_25  et_pb_css_mix_blend_mode et_block_column et_pb_column_empty\">\n\t\t\t\t\n\t\t\t\t\n\t\t\t\t\n\t\t\t\t\n\t\t\t\t\n\t\t\t<\/div><div class=\"et_d4_element et_pb_column_1_2 et_pb_column et_pb_column_26  et_pb_css_mix_blend_mode et-last-child et_block_column\">\n\t\t\t\t\n\t\t\t\t\n\t\t\t\t\n\t\t\t\t\n\t\t\t\t<div class=\"et_pb_module et_d4_element et_pb_text et_pb_text_6  et_pb_text_align_left et_pb_bg_layout_light\">\n\t\t\t\t\n\t\t\t\t\n\t\t\t\t\n\t\t\t\t\n\t\t\t\t<div class=\"et_pb_text_inner\"><p><strong>SUR LA PLACE SOLFERINO ENTRE LEHMAN BROTHERS et OSTENSION<\/strong><\/p>\n<p><strong>Andrea:<\/strong><span> <\/span>Eh bien, c'\u00e9tait aussi un d\u00e9fi. Et pas seulement de partager son temps entre Monferrino et Solferino\u2026 Solferino \u00e9tait un lieu historique. L'\u00e9lite turinoise \u2013 les personnalit\u00e9s les plus en vue de la ville \u2013 se retrouvait en centre-ville. Et nous devions discr\u00e8tement remplacer une direction en place depuis longtemps\u2026 <\/p>\n<p>Simone : \u00ab \u00c0 chaque fois qu'un office commen\u00e7ait, je regardais dans la salle et je me demandais : allons-nous r\u00e9ussir \u00e0 bien faire les choses aujourd'hui aussi ? Hahahaha. \u00bb<\/p>\n<p>Andrea : \u00ab Mais nous ne pouvons jamais nous reposer sur nos lauriers. \u00c0 peine avions-nous commenc\u00e9 \u00e0 nous lancer que la crise am\u00e9ricaine nous frappe de plein fouet. \u00bb<\/p>\n<p>Simone : \u00ab Arr\u00eatez de vous plaindre ! C'est vrai que les premiers mois, il y avait beaucoup d'appr\u00e9hension et la salle se vidait, mais en 2009, nous sommes revenus en force ! Et puis, il y a eu l'Exposition de 2010\u2026 \u00bb<\/p><\/div>\n\t\t\t<\/div>\n\t\t\t<\/div>\n\t\t\t\t\n\t\t\t\t\n\t\t\t\t\n\t\t\t\t\n\t\t\t<\/div><div class=\"et_d4_element et_pb_row et_pb_row_20 et_pb_equal_columns  et_pb_css_mix_blend_mode et_block_row\">\n\t\t\t\t<div class=\"et_d4_element et_pb_column_4_4 et_pb_column et_pb_column_27  et_pb_css_mix_blend_mode et-last-child et_block_column\">\n\t\t\t\t\n\t\t\t\t\n\t\t\t\t\n\t\t\t\t\n\t\t\t\t<div class=\"et_pb_module et_d4_element et_pb_icon et_pb_icon_12\">\n\t\t\t\t<a href=\"#eight\" ><span class=\"et_pb_icon_wrap \"><span class=\"et-pb-icon\">3<\/span><\/span><\/a>\n\t\t\t<\/div>\n\t\t\t<\/div>\n\t\t\t\t\n\t\t\t\t\n\t\t\t\t\n\t\t\t\t\n\t\t\t<\/div>\n\t\t\t\t\n\t\t\t\t\n\t\t\t<\/div><div id=\"eight\" class=\"et_d4_element et_pb_section et_pb_section_7 et_pb_with_background  et_pb_css_mix_blend_mode et_section_regular et_block_section\" >\n\t\t\t\t\n\t\t\t\t\n\t\t\t\t\n\t\t\t\t\n\t\t\t\t\n\t\t\t\t\n\t\t\t\t<div class=\"et_d4_element et_pb_row et_pb_row_21 et_pb_equal_columns  et_pb_css_mix_blend_mode et_block_row\">\n\t\t\t\t<div class=\"et_d4_element et_pb_column_4_4 et_pb_column et_pb_column_28  et_pb_css_mix_blend_mode et-last-child et_block_column\">\n\t\t\t\t\n\t\t\t\t\n\t\t\t\t\n\t\t\t\t\n\t\t\t\t<div class=\"et_pb_module et_d4_element et_pb_icon et_pb_icon_13\">\n\t\t\t\t<a href=\"#seven\" ><span class=\"et_pb_icon_wrap \"><span class=\"et-pb-icon\">2<\/span><\/span><\/a>\n\t\t\t<\/div>\n\t\t\t<\/div>\n\t\t\t\t\n\t\t\t\t\n\t\t\t\t\n\t\t\t\t\n\t\t\t<\/div><div class=\"et_d4_element et_pb_row et_pb_row_22 et_pb_equal_columns  et_pb_css_mix_blend_mode et_block_row\">\n\t\t\t\t<div class=\"et_d4_element et_pb_column_1_2 et_pb_column et_pb_column_29  et_pb_css_mix_blend_mode et_block_column\">\n\t\t\t\t\n\t\t\t\t\n\t\t\t\t\n\t\t\t\t\n\t\t\t\t<div class=\"et_pb_module et_d4_element et_pb_text et_pb_text_7  et_pb_text_align_left et_pb_bg_layout_light\">\n\t\t\t\t\n\t\t\t\t\n\t\t\t\t\n\t\t\t\t\n\t\t\t\t<div class=\"et_pb_text_inner\"><p><strong>Andrea :<\/strong> \"Mec, c'est \u00e0 ce moment-l\u00e0 que vous avez sorti de votre chapeau l'histoire des 7 sur 7. Je vous ai toujours aim\u00e9 apr\u00e8s tout (rire tonitruant)\".<\/p>\n<p><strong>Simone :<\/strong> \"J'y ai beaucoup r\u00e9fl\u00e9chi. Je trouvais que c'\u00e9tait du g\u00e2chis de ne pas garder le d\u00e9jeuner et le d\u00eener ouverts tous les jours, dans une atmosph\u00e8re aussi vivante, sur une si belle place. Mais j'avais peur que l'\u00e9quipage le prenne mal, que le sacrifice du dimanche soit consid\u00e9r\u00e9 comme un \"sacril\u00e8ge\". Vous vous souvenez ? Je vous avais dit que ce devait \u00eatre NOTRE Solf\u00e9rino. Un Solf\u00e9rino 7 jours sur 7 - 365 jours par an\".   <\/p>\n<p><strong>Andrea :<\/strong> \"La v\u00e9rit\u00e9 ? Votre id\u00e9e a jou\u00e9 un r\u00f4le important dans la d\u00e9cision d'acheter le Holly Tree... Je voulais pouvoir travailler sur une plate-forme de trois pi\u00e8ces et, honn\u00eatement, avec le Holly Tree, j'ai vu le cercle se refermer\".<\/p><\/div>\n\t\t\t<\/div>\n\t\t\t<\/div><div class=\"et_d4_element et_pb_column_1_2 et_pb_column et_pb_column_30  et_pb_css_mix_blend_mode et-last-child et_block_column et_pb_column_empty\">\n\t\t\t\t\n\t\t\t\t\n\t\t\t\t\n\t\t\t\t\n\t\t\t\t\n\t\t\t<\/div>\n\t\t\t\t\n\t\t\t\t\n\t\t\t\t\n\t\t\t\t\n\t\t\t<\/div><div class=\"et_d4_element et_pb_row et_pb_row_23 et_pb_equal_columns  et_pb_css_mix_blend_mode et_block_row\">\n\t\t\t\t<div class=\"et_d4_element et_pb_column_4_4 et_pb_column et_pb_column_31  et_pb_css_mix_blend_mode et-last-child et_block_column\">\n\t\t\t\t\n\t\t\t\t\n\t\t\t\t\n\t\t\t\t\n\t\t\t\t<div class=\"et_pb_module et_d4_element et_pb_icon et_pb_icon_14\">\n\t\t\t\t<a href=\"#nine\" ><span class=\"et_pb_icon_wrap \"><span class=\"et-pb-icon\">3<\/span><\/span><\/a>\n\t\t\t<\/div>\n\t\t\t<\/div>\n\t\t\t\t\n\t\t\t\t\n\t\t\t\t\n\t\t\t\t\n\t\t\t<\/div>\n\t\t\t\t\n\t\t\t\t\n\t\t\t<\/div><div id=\"nine\" class=\"et_d4_element et_pb_section et_pb_section_8 et_pb_with_background  et_pb_css_mix_blend_mode et_section_regular et_block_section\" >\n\t\t\t\t\n\t\t\t\t\n\t\t\t\t\n\t\t\t\t\n\t\t\t\t\n\t\t\t\t\n\t\t\t\t<div class=\"et_d4_element et_pb_row et_pb_row_24 et_pb_equal_columns  et_pb_css_mix_blend_mode et_block_row\">\n\t\t\t\t<div class=\"et_d4_element et_pb_column_4_4 et_pb_column et_pb_column_32  et_pb_css_mix_blend_mode et-last-child et_block_column\">\n\t\t\t\t\n\t\t\t\t\n\t\t\t\t\n\t\t\t\t\n\t\t\t\t<div class=\"et_pb_module et_d4_element et_pb_icon et_pb_icon_15\">\n\t\t\t\t<a href=\"#eight\" ><span class=\"et_pb_icon_wrap \"><span class=\"et-pb-icon\">2<\/span><\/span><\/a>\n\t\t\t<\/div>\n\t\t\t<\/div>\n\t\t\t\t\n\t\t\t\t\n\t\t\t\t\n\t\t\t\t\n\t\t\t<\/div><div class=\"et_d4_element et_pb_row et_pb_row_25 et_pb_equal_columns  et_pb_css_mix_blend_mode et_block_row\">\n\t\t\t\t<div class=\"et_d4_element et_pb_column_1_2 et_pb_column et_pb_column_33  et_pb_css_mix_blend_mode et_block_column et_pb_column_empty\">\n\t\t\t\t\n\t\t\t\t\n\t\t\t\t\n\t\t\t\t\n\t\t\t\t\n\t\t\t<\/div><div class=\"et_d4_element et_pb_column_1_2 et_pb_column et_pb_column_34  et_pb_css_mix_blend_mode et-last-child et_block_column\">\n\t\t\t\t\n\t\t\t\t\n\t\t\t\t\n\t\t\t\t\n\t\t\t\t<div class=\"et_pb_module et_d4_element et_pb_text et_pb_text_8  et_pb_text_align_left et_pb_bg_layout_light\">\n\t\t\t\t\n\t\t\t\t\n\t\t\t\t\n\t\t\t\t\n\t\t\t\t<div class=\"et_pb_text_inner\"><p><strong>RESTAURANTS DU CENTRE VILLE ET \"TRANSFORMATION ARGENTINE\" DE MONFERRINO<\/strong><\/p>\n<p><strong>Simone :<\/strong> \"Une belle op\u00e9ration en effet, m\u00eame si elle soul\u00e8ve la question de la n\u00e9cessit\u00e9 de faire revivre le Monferrino. Je me suis sentie mal \u00e0 l'aise de le voir maintenant avec peu de clients, presque tous projet\u00e9s \u00e0 la d\u00e9couverte des clubs du centre...\"<\/p>\n<p><strong>Andrea :<\/strong> \"Eh, vous savez, j'y pense encore aujourd'hui. J'ai re\u00e7u un coup de poing dans l'estomac lorsque j'ai appris que le 1er janvier 2013 serait le dernier jour de service au Monferrino. Bien s\u00fbr, j'aimais beaucoup l'id\u00e9e d'en faire un restaurant argentin typique, mais c'\u00e9tait vraiment difficile...<\/p>\n<p><strong>Simone :<\/strong> \"Volver nous a apport\u00e9 beaucoup de couleurs, de gaiet\u00e9 et, je dois le dire, la certitude que l'\u00e9quipe d'Andrea Ambrogini ne pouvait pas se contenter de vendre des Raviolini del plin et des Battute di carne cruda\".<\/p><\/div>\n\t\t\t<\/div>\n\t\t\t<\/div>\n\t\t\t\t\n\t\t\t\t\n\t\t\t\t\n\t\t\t\t\n\t\t\t<\/div><div class=\"et_d4_element et_pb_row et_pb_row_26 et_pb_equal_columns  et_pb_css_mix_blend_mode et_block_row\">\n\t\t\t\t<div class=\"et_d4_element et_pb_column_4_4 et_pb_column et_pb_column_35  et_pb_css_mix_blend_mode et-last-child et_block_column\">\n\t\t\t\t\n\t\t\t\t\n\t\t\t\t\n\t\t\t\t\n\t\t\t\t<div class=\"et_pb_module et_d4_element et_pb_icon et_pb_icon_16\">\n\t\t\t\t<a href=\"#ten\" ><span class=\"et_pb_icon_wrap \"><span class=\"et-pb-icon\">3<\/span><\/span><\/a>\n\t\t\t<\/div>\n\t\t\t<\/div>\n\t\t\t\t\n\t\t\t\t\n\t\t\t\t\n\t\t\t\t\n\t\t\t<\/div>\n\t\t\t\t\n\t\t\t\t\n\t\t\t<\/div><div id=\"ten\" class=\"et_d4_element et_pb_section et_pb_section_9 et_pb_with_background  et_pb_css_mix_blend_mode et_section_regular et_block_section\" >\n\t\t\t\t\n\t\t\t\t\n\t\t\t\t\n\t\t\t\t\n\t\t\t\t\n\t\t\t\t\n\t\t\t\t<div class=\"et_d4_element et_pb_row et_pb_row_27 et_pb_equal_columns  et_pb_css_mix_blend_mode et_block_row\">\n\t\t\t\t<div class=\"et_d4_element et_pb_column_4_4 et_pb_column et_pb_column_36  et_pb_css_mix_blend_mode et-last-child et_block_column\">\n\t\t\t\t\n\t\t\t\t\n\t\t\t\t\n\t\t\t\t\n\t\t\t\t<div class=\"et_pb_module et_d4_element et_pb_icon et_pb_icon_17\">\n\t\t\t\t<a href=\"#nine\" ><span class=\"et_pb_icon_wrap \"><span class=\"et-pb-icon\">2<\/span><\/span><\/a>\n\t\t\t<\/div>\n\t\t\t<\/div>\n\t\t\t\t\n\t\t\t\t\n\t\t\t\t\n\t\t\t\t\n\t\t\t<\/div><div class=\"et_d4_element et_pb_row et_pb_row_28 et_pb_equal_columns  et_pb_css_mix_blend_mode et_block_row\">\n\t\t\t\t<div class=\"et_d4_element et_pb_column_1_2 et_pb_column et_pb_column_37  et_pb_css_mix_blend_mode et_block_column\">\n\t\t\t\t\n\t\t\t\t\n\t\t\t\t\n\t\t\t\t\n\t\t\t\t<div class=\"et_pb_module et_d4_element et_pb_text et_pb_text_9  et_pb_text_align_left et_pb_bg_layout_light\">\n\t\t\t\t\n\t\t\t\t\n\t\t\t\t\n\t\t\t\t\n\t\t\t\t<div class=\"et_pb_text_inner\"><p><strong>Andrea :<\/strong> \"Vous avez raison, c'est toujours difficile \u00e0 expliquer, mais notre travail est une combinaison presque chimique. Si un client est heureux, ce n'est pas seulement \u00e0 cause de ce que vous lui pr\u00e9parez\".<\/p>\n<p>Andrea et Simone restent silencieuses pendant un moment, sirotent calmement la fin du cocktail et voient rapidement la lumi\u00e8re changer, les reflets devenir plus chauds, les ombres s'allonger.<\/p>\n<p><strong>Andrea :<\/strong> \"En repassant par l\u00e0, nous avons parcouru un long chemin, hein ? Et demain ?\"<\/p>\n<p><strong>Simone :<\/strong> \"Andr\u00e9, tu veux le mien ? Je ne sais pas !!!!\"<\/p>\n<p>(Ils rient tous les deux tr\u00e8s fort).<\/p><\/div>\n\t\t\t<\/div>\n\t\t\t<\/div><div class=\"et_d4_element et_pb_column_1_2 et_pb_column et_pb_column_38  et_pb_css_mix_blend_mode et-last-child et_block_column et_pb_column_empty\">\n\t\t\t\t\n\t\t\t\t\n\t\t\t\t\n\t\t\t\t\n\t\t\t\t\n\t\t\t<\/div>\n\t\t\t\t\n\t\t\t\t\n\t\t\t\t\n\t\t\t\t\n\t\t\t<\/div><div class=\"et_d4_element et_pb_row et_pb_row_29 et_pb_equal_columns  et_pb_css_mix_blend_mode et_block_row\">\n\t\t\t\t<div class=\"et_d4_element et_pb_column_4_4 et_pb_column et_pb_column_39  et_pb_css_mix_blend_mode et-last-child et_block_column\">\n\t\t\t\t\n\t\t\t\t\n\t\t\t\t\n\t\t\t\t\n\t\t\t\t<div class=\"et_pb_module et_d4_element et_pb_icon et_pb_icon_18\">\n\t\t\t\t<a href=\"#eleven\" ><span class=\"et_pb_icon_wrap \"><span class=\"et-pb-icon\">3<\/span><\/span><\/a>\n\t\t\t<\/div>\n\t\t\t<\/div>\n\t\t\t\t\n\t\t\t\t\n\t\t\t\t\n\t\t\t\t\n\t\t\t<\/div>\n\t\t\t\t\n\t\t\t\t\n\t\t\t<\/div><div id=\"eleven\" class=\"et_d4_element et_pb_section et_pb_section_10 et_pb_with_background  et_pb_css_mix_blend_mode et_section_regular et_block_section\" >\n\t\t\t\t\n\t\t\t\t\n\t\t\t\t\n\t\t\t\t\n\t\t\t\t\n\t\t\t\t\n\t\t\t\t<div class=\"et_d4_element et_pb_row et_pb_row_30 et_pb_equal_columns  et_pb_css_mix_blend_mode et_block_row\">\n\t\t\t\t<div class=\"et_d4_element et_pb_column_4_4 et_pb_column et_pb_column_40  et_pb_css_mix_blend_mode et-last-child et_block_column\">\n\t\t\t\t\n\t\t\t\t\n\t\t\t\t\n\t\t\t\t\n\t\t\t\t<div class=\"et_pb_module et_d4_element et_pb_icon et_pb_icon_19\">\n\t\t\t\t<a href=\"#ten\" ><span class=\"et_pb_icon_wrap \"><span class=\"et-pb-icon\">2<\/span><\/span><\/a>\n\t\t\t<\/div>\n\t\t\t<\/div>\n\t\t\t\t\n\t\t\t\t\n\t\t\t\t\n\t\t\t\t\n\t\t\t<\/div><div class=\"et_d4_element et_pb_row et_pb_row_31 et_pb_equal_columns  et_pb_css_mix_blend_mode et_block_row\">\n\t\t\t\t<div class=\"et_d4_element et_pb_column_1_2 et_pb_column et_pb_column_41  et_pb_css_mix_blend_mode et_block_column et_pb_column_empty\">\n\t\t\t\t\n\t\t\t\t\n\t\t\t\t\n\t\t\t\t\n\t\t\t\t\n\t\t\t<\/div><div class=\"et_d4_element et_pb_column_1_2 et_pb_column et_pb_column_42  et_pb_css_mix_blend_mode et-last-child et_block_column\">\n\t\t\t\t\n\t\t\t\t\n\t\t\t\t\n\t\t\t\t\n\t\t\t\t<div class=\"et_pb_module et_d4_element et_pb_text et_pb_text_10  et_pb_text_align_left et_pb_bg_layout_light\">\n\t\t\t\t\n\t\t\t\t\n\t\t\t\t\n\t\t\t\t\n\t\t\t\t<div class=\"et_pb_text_inner\"><p><strong>DEMAIN, AU D\u00c9PART DE LA PIAZZA SOLFERINO<\/strong><\/p>\n<p><strong>Simone :<\/strong> \"Pensez donc, apr\u00e8s avoir vendu Agrifoglio, mis Volver en g\u00e9rance, nous nous retrouvons ici \u00e0 Solferino, comme si nous \u00e9tions au d\u00e9but d'un nouveau cycle ! \u00c0 mon avis, c'est ce que nous sommes, le Groupe Ambrogini, notre empreinte. Vous ne trouvez pas ?\"<\/p>\n<p><strong>Andrea :<\/strong> \"Vous avez raison, mais chaque fois que vous repensez \u00e0 une d\u00e9cision importante, c'est comme si les pr\u00e9c\u00e9dentes avaient disparu depuis longtemps. Pensez \u00e0 ce Dehors, pensez \u00e0 la fa\u00e7on dont il a ouvert une vue sur la place, pensez \u00e0 la version v\u00e9randa, pensez aux limites d'aujourd'hui, pensez \u00e0 la fa\u00e7on dont nous pourrions le repenser demain. Je ne sais pas, vous avez peut-\u00eatre raison, quand on se retrouve dans un lieu en pensant \u00e0 dix ans d'entreprise, on se sent charg\u00e9 et on est \u00e0 la recherche de nouveaux d\u00e9fis...\"<\/p>\n<p><strong>Simone :<\/strong> \"De nouveaux d\u00e9fis ? Andrea... vous avez quelque chose \u00e0 me dire ?\"<\/p><\/div>\n\t\t\t<\/div>\n\t\t\t<\/div>\n\t\t\t\t\n\t\t\t\t\n\t\t\t\t\n\t\t\t\t\n\t\t\t<\/div><div class=\"et_d4_element et_pb_row et_pb_row_32 et_pb_equal_columns  et_pb_css_mix_blend_mode et_block_row\">\n\t\t\t\t<div class=\"et_d4_element et_pb_column_4_4 et_pb_column et_pb_column_43  et_pb_css_mix_blend_mode et-last-child et_block_column\">\n\t\t\t\t\n\t\t\t\t\n\t\t\t\t\n\t\t\t\t\n\t\t\t\t<div class=\"et_pb_module et_d4_element et_pb_icon et_pb_icon_20\">\n\t\t\t\t<a href=\"#one\" ><span class=\"et_pb_icon_wrap \"><span class=\"et-pb-icon\">6<\/span><\/span><\/a>\n\t\t\t<\/div>\n\t\t\t<\/div>\n\t\t\t\t\n\t\t\t\t\n\t\t\t\t\n\t\t\t\t\n\t\t\t<\/div>\n\t\t\t\t\n\t\t\t\t\n\t\t\t<\/div><div class=\"et_d4_element et_pb_section et_pb_section_11 et_animated  et_pb_css_mix_blend_mode et_section_regular et_block_section\" >\n\t\t\t\t\n\t\t\t\t\n\t\t\t\t\n\t\t\t\t\n\t\t\t\t\n\t\t\t\t\n\t\t\t\t<div class=\"et_d4_element et_pb_row et_pb_row_33 et_pb_row_fullwidth et_pb_gutters1  et_pb_css_mix_blend_mode et_block_row\">\n\t\t\t\t<div class=\"et_d4_element et_pb_column_4_4 et_pb_column et_pb_column_44  et_pb_css_mix_blend_mode et-last-child et_block_column\">\n\t\t\t\t\n\t\t\t\t\n\t\t\t\t\n\t\t\t\t\n\t\t\t\t<div class=\"et_pb_module et_d4_element et_pb_image et_pb_image_0\">\n\t\t\t\t\n\t\t\t\t\n\t\t\t\t\n\t\t\t\t\n\t\t\t\t<span class=\"et_pb_image_wrap \"><img loading=\"lazy\" decoding=\"async\" width=\"1920\" height=\"1211\" src=\"https:\/\/ristorantesolferino.com\/wp-content\/uploads\/Simo-Andrea.jpg\" alt=\"\" title=\"\" srcset=\"https:\/\/ristorantesolferino.com\/wp-content\/uploads\/Simo-Andrea.jpg 1920w, https:\/\/ristorantesolferino.com\/wp-content\/uploads\/Simo-Andrea-1280x807.jpg 1280w, https:\/\/ristorantesolferino.com\/wp-content\/uploads\/Simo-Andrea-980x618.jpg 980w, https:\/\/ristorantesolferino.com\/wp-content\/uploads\/Simo-Andrea-480x303.jpg 480w\" sizes=\"(min-width: 0px) and (max-width: 480px) 480px, (min-width: 481px) and (max-width: 980px) 980px, (min-width: 981px) and (max-width: 1280px) 1280px, (min-width: 1281px) 1920px, 100vw\" class=\"wp-image-180449\" \/><\/span>\n\t\t\t<\/div><div class=\"et_pb_module et_d4_element et_pb_text et_pb_text_11  et_pb_text_align_left et_pb_bg_layout_light\">\n\t\t\t\t\n\t\t\t\t\n\t\t\t\t\n\t\t\t\t\n\t\t\t\t<div class=\"et_pb_text_inner\"><h1>A propos de nous<\/h1>\n<p>Assis \u00e0 l'ext\u00e9rieur du Solferino, ils sirotent un gintonic en contemplant la splendide piazza. Nous sommes fin septembre, l'automne a d\u00e9cid\u00e9 de jouer avec les feuillages, mais la temp\u00e9rature est encore douce, l'air chaud et la lumi\u00e8re du soleil encore agr\u00e9able sur la peau. <\/p>\n<p>S'il n'y avait pas les couleurs, on pourrait croire \u00e0 une blague de calendrier...<\/p><\/div>\n\t\t\t<\/div>\n\t\t\t<\/div>\n\t\t\t\t\n\t\t\t\t\n\t\t\t\t\n\t\t\t\t\n\t\t\t<\/div>\n\t\t\t\t\n\t\t\t\t\n\t\t\t<\/div><div class=\"et_d4_element et_pb_section et_pb_section_12 et_animated  et_pb_css_mix_blend_mode et_section_regular et_block_section\" >\n\t\t\t\t\n\t\t\t\t\n\t\t\t\t\n\t\t\t\t\n\t\t\t\t\n\t\t\t\t\n\t\t\t\t<div class=\"et_d4_element et_pb_row et_pb_row_34 et_pb_row_fullwidth et_pb_gutters1  et_pb_css_mix_blend_mode et_block_row\">\n\t\t\t\t<div class=\"et_d4_element et_pb_column_4_4 et_pb_column et_pb_column_45  et_pb_css_mix_blend_mode et-last-child et_block_column\">\n\t\t\t\t\n\t\t\t\t\n\t\t\t\t\n\t\t\t\t\n\t\t\t\t<div class=\"et_pb_module et_d4_element et_pb_image et_pb_image_1\">\n\t\t\t\t\n\t\t\t\t\n\t\t\t\t\n\t\t\t\t\n\t\t\t\t<span class=\"et_pb_image_wrap \"><img loading=\"lazy\" decoding=\"async\" width=\"1200\" height=\"790\" src=\"https:\/\/ristorantesolferino.com\/wp-content\/uploads\/Solff.jpg\" alt=\"\" title=\"\" srcset=\"https:\/\/ristorantesolferino.com\/wp-content\/uploads\/Solff.jpg 1200w, https:\/\/ristorantesolferino.com\/wp-content\/uploads\/Solff-980x645.jpg 980w, https:\/\/ristorantesolferino.com\/wp-content\/uploads\/Solff-480x316.jpg 480w\" sizes=\"(min-width: 0px) and (max-width: 480px) 480px, (min-width: 481px) and (max-width: 980px) 980px, (min-width: 981px) 1200px, 100vw\" class=\"wp-image-180439\" \/><\/span>\n\t\t\t<\/div><div class=\"et_pb_module et_d4_element et_pb_text et_pb_text_12  et_pb_text_align_left et_pb_bg_layout_light\">\n\t\t\t\t\n\t\t\t\t\n\t\t\t\t\n\t\t\t\t\n\t\t\t\t<div class=\"et_pb_text_inner\"><p>LES JEUX OLYMPIQUES, LE MONFERRINO ET LE SOLFERINO<\/p>\n<p>&nbsp;<\/p>\n<p>Simone, g\u00e9rant du restaurant depuis des ann\u00e9es, ressent un frisson en se souvenant de l'ann\u00e9e qui a r\u00e9veill\u00e9 Turin, 2006.  <span>Ce fut une ann\u00e9e particuli\u00e8re pour lui, mais aussi pour Andrea, la propri\u00e9taire du groupe Ambrogini, qui le taquine en lui posant des questions sur cette p\u00e9riode.<\/span><\/p><\/div>\n\t\t\t<\/div>\n\t\t\t<\/div>\n\t\t\t\t\n\t\t\t\t\n\t\t\t\t\n\t\t\t\t\n\t\t\t<\/div>\n\t\t\t\t\n\t\t\t\t\n\t\t\t<\/div><div class=\"et_d4_element et_pb_section et_pb_section_13 et_animated  et_pb_css_mix_blend_mode et_section_regular et_block_section\" >\n\t\t\t\t\n\t\t\t\t\n\t\t\t\t\n\t\t\t\t\n\t\t\t\t\n\t\t\t\t\n\t\t\t\t<div class=\"et_d4_element et_pb_row et_pb_row_35 et_pb_row_fullwidth et_pb_gutters1  et_pb_css_mix_blend_mode et_block_row\">\n\t\t\t\t<div class=\"et_d4_element et_pb_column_4_4 et_pb_column et_pb_column_46  et_pb_css_mix_blend_mode et-last-child et_block_column\">\n\t\t\t\t\n\t\t\t\t\n\t\t\t\t\n\t\t\t\t\n\t\t\t\t<div class=\"et_pb_module et_d4_element et_pb_image et_pb_image_2\">\n\t\t\t\t\n\t\t\t\t\n\t\t\t\t\n\t\t\t\t\n\t\t\t\t<span class=\"et_pb_image_wrap \"><img loading=\"lazy\" decoding=\"async\" width=\"1800\" height=\"1139\" src=\"https:\/\/ristorantesolferino.com\/wp-content\/uploads\/Olimpiadi-Torino-2006-1.jpg\" alt=\"\" title=\"\" srcset=\"https:\/\/ristorantesolferino.com\/wp-content\/uploads\/Olimpiadi-Torino-2006-1.jpg 1800w, https:\/\/ristorantesolferino.com\/wp-content\/uploads\/Olimpiadi-Torino-2006-1-1280x810.jpg 1280w, https:\/\/ristorantesolferino.com\/wp-content\/uploads\/Olimpiadi-Torino-2006-1-980x620.jpg 980w, https:\/\/ristorantesolferino.com\/wp-content\/uploads\/Olimpiadi-Torino-2006-1-480x304.jpg 480w\" sizes=\"(min-width: 0px) and (max-width: 480px) 480px, (min-width: 481px) and (max-width: 980px) 980px, (min-width: 981px) and (max-width: 1280px) 1280px, (min-width: 1281px) 1800px, 100vw\" class=\"wp-image-180440\" \/><\/span>\n\t\t\t<\/div><div class=\"et_pb_module et_d4_element et_pb_text et_pb_text_13  et_pb_text_align_left et_pb_bg_layout_light\">\n\t\t\t\t\n\t\t\t\t\n\t\t\t\t\n\t\t\t\t\n\t\t\t\t<div class=\"et_pb_text_inner\"><p>2006, l'ann\u00e9e o\u00f9 les Jeux olympiques se sont d\u00e9roul\u00e9s \u00e0 Turin, transformant la ville en une petite capitale du sport moderne et efficace.<br \/>  Le m\u00e9tro est arriv\u00e9 apr\u00e8s de nombreux retards, des changements urbanistiques ont \u00e9t\u00e9 d\u00e9cid\u00e9s qui vont modifier de nombreux quartiers de la ville, l'ambiance est toujours aussi \u00e9lectrique sous la taupe.<br \/>  C'est peut-\u00eatre depuis 1961, ann\u00e9e du centenaire de l'unification de l'Italie, que les Turinois n'ont pas vu leur litote savoyarde mise \u00e0 l'\u00e9preuve !<\/p><\/div>\n\t\t\t<\/div>\n\t\t\t<\/div>\n\t\t\t\t\n\t\t\t\t\n\t\t\t\t\n\t\t\t\t\n\t\t\t<\/div>\n\t\t\t\t\n\t\t\t\t\n\t\t\t<\/div><div class=\"et_d4_element et_pb_section et_pb_section_14 et_animated  et_pb_css_mix_blend_mode et_section_regular et_block_section\" >\n\t\t\t\t\n\t\t\t\t\n\t\t\t\t\n\t\t\t\t\n\t\t\t\t\n\t\t\t\t\n\t\t\t\t<div class=\"et_d4_element et_pb_row et_pb_row_36 et_pb_row_fullwidth et_pb_gutters1  et_pb_css_mix_blend_mode et_block_row\">\n\t\t\t\t<div class=\"et_d4_element et_pb_column_4_4 et_pb_column et_pb_column_47  et_pb_css_mix_blend_mode et-last-child et_block_column\">\n\t\t\t\t\n\t\t\t\t\n\t\t\t\t\n\t\t\t\t\n\t\t\t\t<div class=\"et_pb_module et_d4_element et_pb_image et_pb_image_3\">\n\t\t\t\t\n\t\t\t\t\n\t\t\t\t\n\t\t\t\t\n\t\t\t\t<span class=\"et_pb_image_wrap \"><img loading=\"lazy\" decoding=\"async\" width=\"850\" height=\"1280\" src=\"https:\/\/ristorantesolferino.com\/wp-content\/uploads\/Andrea-web-1.jpg\" alt=\"\" title=\"\" srcset=\"https:\/\/ristorantesolferino.com\/wp-content\/uploads\/Andrea-web-1.jpg 850w, https:\/\/ristorantesolferino.com\/wp-content\/uploads\/Andrea-web-1-480x723.jpg 480w\" sizes=\"(min-width: 0px) and (max-width: 480px) 480px, (min-width: 481px) 850px, 100vw\" class=\"wp-image-180441\" \/><\/span>\n\t\t\t<\/div><div class=\"et_pb_module et_d4_element et_pb_text et_pb_text_14  et_pb_text_align_left et_pb_bg_layout_light\">\n\t\t\t\t\n\t\t\t\t\n\t\t\t\t\n\t\t\t\t\n\t\t\t\t<div class=\"et_pb_text_inner\"><p><strong>Andrea :<\/strong> \"Simone, tu te souviens quand ils ont mis 'Gianduiotti' sur la place ?\"<\/p>\n<p><strong>Simone :<\/strong> \"Je ne m'en souviens plus ! Comment s'appelaient ces pavillons ? Atrium ? Ils \u00e9touffaient peut-\u00eatre un peu la place, mais ils n'\u00e9taient pas mal... Ils \u00e9taient de Giugiaro, n'est-ce pas ?<\/p>\n<p><span><strong>Andrea :<\/strong> \"Oui, je pense, mais honn\u00eatement, je ne les aimais pas beaucoup. Lorsque je suis venu ici pour la premi\u00e8re fois pour discuter de l'achat du Solferino, ils \u00e9taient tout neufs...\"<\/span><\/p>\n<p><strong>Simone :<\/strong> \"Vous savez, je me souviens encore de la premi\u00e8re fois que vous m'avez parl\u00e9 de Solf\u00e9rino. Je n'ai pas travaill\u00e9 longtemps pour vous, un peu plus d'un an. J'ai commenc\u00e9 au Monferrino en mars 2006. Quelle ann\u00e9e \u00e9trange ! Je pensais aux Jeux olympiques depuis des mois, je voulais profiter de toutes les comp\u00e9titions, rester \u00e9veill\u00e9e 24 heures sur 24, ne rien manquer... et au lieu de cela, le 1er mars, j'ai commenc\u00e9 \u00e0 travailler au Monferrino...\".<\/p><\/div>\n\t\t\t<\/div>\n\t\t\t<\/div>\n\t\t\t\t\n\t\t\t\t\n\t\t\t\t\n\t\t\t\t\n\t\t\t<\/div>\n\t\t\t\t\n\t\t\t\t\n\t\t\t<\/div><div class=\"et_d4_element et_pb_section et_pb_section_15 et_animated  et_pb_css_mix_blend_mode et_section_regular et_block_section\" >\n\t\t\t\t\n\t\t\t\t\n\t\t\t\t\n\t\t\t\t\n\t\t\t\t\n\t\t\t\t\n\t\t\t\t<div class=\"et_d4_element et_pb_row et_pb_row_37 et_pb_row_fullwidth et_pb_gutters1  et_pb_css_mix_blend_mode et_block_row\">\n\t\t\t\t<div class=\"et_d4_element et_pb_column_4_4 et_pb_column et_pb_column_48  et_pb_css_mix_blend_mode et-last-child et_block_column\">\n\t\t\t\t\n\t\t\t\t\n\t\t\t\t\n\t\t\t\t\n\t\t\t\t<div class=\"et_pb_module et_d4_element et_pb_image et_pb_image_4\">\n\t\t\t\t\n\t\t\t\t\n\t\t\t\t\n\t\t\t\t\n\t\t\t\t<span class=\"et_pb_image_wrap \"><img loading=\"lazy\" decoding=\"async\" width=\"850\" height=\"1280\" src=\"https:\/\/ristorantesolferino.com\/wp-content\/uploads\/Simone-web.jpg\" alt=\"\" title=\"\" srcset=\"https:\/\/ristorantesolferino.com\/wp-content\/uploads\/Simone-web.jpg 850w, https:\/\/ristorantesolferino.com\/wp-content\/uploads\/Simone-web-480x723.jpg 480w\" sizes=\"(min-width: 0px) and (max-width: 480px) 480px, (min-width: 481px) 850px, 100vw\" class=\"wp-image-180442\" \/><\/span>\n\t\t\t<\/div><div class=\"et_pb_module et_d4_element et_pb_text et_pb_text_15  et_pb_text_align_left et_pb_bg_layout_light\">\n\t\t\t\t\n\t\t\t\t\n\t\t\t\t\n\t\t\t\t\n\t\t\t\t<div class=\"et_pb_text_inner\"><p>Andrea : \u00ab Le Monferrino \u00e9tait d\u00e9j\u00e0 un joyau, avec son hall central\u2026 Je me souviens, lorsque j\u2019ai d\u00e9couvert la salle \u00e0 San Mauro, je me suis dit : \u201cJe ne veux pas d\u2019espace ext\u00e9rieur ici, je veux une grande salle lumineuse !\u201d \u00bb Les clients ont tout de suite ador\u00e9, mais la mise en place n\u2019a pas \u00e9t\u00e9 si simple\u2026<\/p>\n<p> <span><br \/> <strong>Simone :<\/strong><\/span> \"Racontez-moi ! Je me souviens, vous savez, en septembre, six mois apr\u00e8s votre embauche, de votre voix tremblante quand vous m'avez dit que vous ne pouviez plus me garder, que je devais regarder autour de moi... Ensuite, qui sait ce qui s'est pass\u00e9... Je me souviens que, pendant la pause, j'\u00e9tais all\u00e9e au vieux pont de San Mauro. <\/p><\/div>\n\t\t\t<\/div>\n\t\t\t<\/div>\n\t\t\t\t\n\t\t\t\t\n\t\t\t\t\n\t\t\t\t\n\t\t\t<\/div>\n\t\t\t\t\n\t\t\t\t\n\t\t\t<\/div><div class=\"et_d4_element et_pb_section et_pb_section_16 et_animated  et_pb_css_mix_blend_mode et_section_regular et_block_section\" >\n\t\t\t\t\n\t\t\t\t\n\t\t\t\t\n\t\t\t\t\n\t\t\t\t\n\t\t\t\t\n\t\t\t\t<div class=\"et_d4_element et_pb_row et_pb_row_38 et_pb_row_fullwidth et_pb_gutters1  et_pb_css_mix_blend_mode et_block_row\">\n\t\t\t\t<div class=\"et_d4_element et_pb_column_4_4 et_pb_column et_pb_column_49  et_pb_css_mix_blend_mode et-last-child et_block_column\">\n\t\t\t\t\n\t\t\t\t\n\t\t\t\t\n\t\t\t\t\n\t\t\t\t<div class=\"et_pb_module et_d4_element et_pb_image et_pb_image_5\">\n\t\t\t\t\n\t\t\t\t\n\t\t\t\t\n\t\t\t\t\n\t\t\t\t<span class=\"et_pb_image_wrap \"><img loading=\"lazy\" decoding=\"async\" width=\"1920\" height=\"1282\" src=\"https:\/\/ristorantesolferino.com\/wp-content\/uploads\/Mole-Antonelliana.jpg\" alt=\"\" title=\"\" srcset=\"https:\/\/ristorantesolferino.com\/wp-content\/uploads\/Mole-Antonelliana.jpg 1920w, https:\/\/ristorantesolferino.com\/wp-content\/uploads\/Mole-Antonelliana-1280x855.jpg 1280w, https:\/\/ristorantesolferino.com\/wp-content\/uploads\/Mole-Antonelliana-980x654.jpg 980w, https:\/\/ristorantesolferino.com\/wp-content\/uploads\/Mole-Antonelliana-480x321.jpg 480w\" sizes=\"(min-width: 0px) and (max-width: 480px) 480px, (min-width: 481px) and (max-width: 980px) 980px, (min-width: 981px) and (max-width: 1280px) 1280px, (min-width: 1281px) 1920px, 100vw\" class=\"wp-image-180443\" \/><\/span>\n\t\t\t<\/div><div class=\"et_pb_module et_d4_element et_pb_text et_pb_text_16  et_pb_text_align_left et_pb_bg_layout_light\">\n\t\t\t\t\n\t\t\t\t\n\t\t\t\t\n\t\t\t\t\n\t\t\t\t<div class=\"et_pb_text_inner\"><p>Une cigarette durait une minute, une heure, peut-\u00eatre un an. Je me disais, en regardant le Mole au loin, que le monde \u00e9tait injuste apr\u00e8s tout, que j'avais donn\u00e9 mon \u00e2me pendant ces mois. Que \u00e7a ne pouvait pas se terminer comme \u00e7a. Et puis... Puff, ce soir-l\u00e0 dans la salle, je ne sais pas, peut-\u00eatre que les clients m'avaient \u00e9cout\u00e9, peut-\u00eatre qu'ils avaient \u00e9t\u00e9 d'accord. Je me souviens en tout cas qu'\u00e0 partir de ce soir-l\u00e0, ce fut un succ\u00e8s, nous avons toujours fait salle comble. Marco, avec sa force tranquille, me rassurait chaque jour un peu plus. Et je lui faisais confiance : il avait \u00e9t\u00e9 le premier au Monferrino, vous l'aviez voulu d\u00e8s le premier jour. Et il m'a dit de rester calme, que nous allions gagner, que le Monferrino serait plein tous les soirs...\".       <\/p>\n<p><strong>Andrea<\/strong> [rire] : 'Eh bien, si Marco le dit, Ahahah ! En tout cas, tu me parles de ma voix tremblante, mais tu te souviens quand je t'ai dit que je voulais faire de toi le directeur du nouveau Solferino ? Ahahahah\"<\/p>\n<p><strong>Simone<\/strong>: \"Rire, rire. Je me suis d\u00e9gonfl\u00e9e. Bon sang de bonsoir ! Et je me souviens aussi quand vous m'avez dit l'ann\u00e9e suivante, en 2008 : \"Bienvenue dans la salle de contr\u00f4le\". C'\u00e9tait tellement incroyable. Et c'\u00e9tait il y a 10 ans... j'avais 20 ans\".  <\/p><\/div>\n\t\t\t<\/div>\n\t\t\t<\/div>\n\t\t\t\t\n\t\t\t\t\n\t\t\t\t\n\t\t\t\t\n\t\t\t<\/div>\n\t\t\t\t\n\t\t\t\t\n\t\t\t<\/div><div class=\"et_d4_element et_pb_section et_pb_section_17 et_animated  et_pb_css_mix_blend_mode et_section_regular et_block_section\" >\n\t\t\t\t\n\t\t\t\t\n\t\t\t\t\n\t\t\t\t\n\t\t\t\t\n\t\t\t\t\n\t\t\t\t<div class=\"et_d4_element et_pb_row et_pb_row_39 et_pb_row_fullwidth et_pb_gutters1  et_pb_css_mix_blend_mode et_block_row\">\n\t\t\t\t<div class=\"et_d4_element et_pb_column_4_4 et_pb_column et_pb_column_50  et_pb_css_mix_blend_mode et-last-child et_block_column\">\n\t\t\t\t\n\t\t\t\t\n\t\t\t\t\n\t\t\t\t\n\t\t\t\t<div class=\"et_pb_module et_d4_element et_pb_image et_pb_image_6\">\n\t\t\t\t\n\t\t\t\t\n\t\t\t\t\n\t\t\t\t\n\t\t\t\t<span class=\"et_pb_image_wrap \"><img loading=\"lazy\" decoding=\"async\" width=\"1920\" height=\"651\" src=\"https:\/\/ristorantesolferino.com\/wp-content\/uploads\/sindone-torino.jpg\" alt=\"\" title=\"\" srcset=\"https:\/\/ristorantesolferino.com\/wp-content\/uploads\/sindone-torino.jpg 1920w, https:\/\/ristorantesolferino.com\/wp-content\/uploads\/sindone-torino-1280x434.jpg 1280w, https:\/\/ristorantesolferino.com\/wp-content\/uploads\/sindone-torino-980x332.jpg 980w, https:\/\/ristorantesolferino.com\/wp-content\/uploads\/sindone-torino-480x163.jpg 480w\" sizes=\"(min-width: 0px) and (max-width: 480px) 480px, (min-width: 481px) and (max-width: 980px) 980px, (min-width: 981px) and (max-width: 1280px) 1280px, (min-width: 1281px) 1920px, 100vw\" class=\"wp-image-180444\" \/><\/span>\n\t\t\t<\/div><div class=\"et_pb_module et_d4_element et_pb_text et_pb_text_17  et_pb_text_align_left et_pb_bg_layout_light\">\n\t\t\t\t\n\t\t\t\t\n\t\t\t\t\n\t\t\t\t\n\t\t\t\t<div class=\"et_pb_text_inner\"><p><strong>SUR LA PLACE SOLFERINO ENTRE LEHMAN BROTHERS et OSTENSION<\/strong><\/p>\n<p><strong>Andrea :<\/strong> \"C'\u00e9tait aussi un d\u00e9fi. Et pas seulement pour diviser le Monferrino et le Solferino... Le Solferino \u00e9tait un club historique. Le Solferino \u00e9tait un club historique. Au centre, le \"Torino bene\" s'y rendait, les personnes les plus en vue de la ville. Et nous, sur la pointe des pieds, nous devions remplacer une gestion historique...\". <\/p>\n<p><strong>Simone :<\/strong> \"Chaque fois qu'un service commen\u00e7ait, je regardais dans la salle et je me disais : allons-nous encore bien faire aujourd'hui ? Ahahahah\".<\/p>\n<p><strong>Andrea :<\/strong> \"Mais nous ne nous reposons jamais sur nos lauriers, juste au moment o\u00f9 nous passions \u00e0 la vitesse sup\u00e9rieure, la crise am\u00e9ricaine nous tombe dessus\".<\/p>\n<p><strong>Simone :<\/strong> \"Ne vous plaignez pas, allez ! Les premiers mois, c'est vrai, on avait peur \u00e0 1000 et la salle se vidait, mais en 2009 on est revenu en force ! Et puis aussi l'Ostension 2010...<\/p><\/div>\n\t\t\t<\/div>\n\t\t\t<\/div>\n\t\t\t\t\n\t\t\t\t\n\t\t\t\t\n\t\t\t\t\n\t\t\t<\/div>\n\t\t\t\t\n\t\t\t\t\n\t\t\t<\/div><div class=\"et_d4_element et_pb_section et_pb_section_18 et_animated  et_pb_css_mix_blend_mode et_section_regular et_block_section\" >\n\t\t\t\t\n\t\t\t\t\n\t\t\t\t\n\t\t\t\t\n\t\t\t\t\n\t\t\t\t\n\t\t\t\t<div class=\"et_d4_element et_pb_row et_pb_row_40 et_pb_row_fullwidth et_pb_gutters1  et_pb_css_mix_blend_mode et_block_row\">\n\t\t\t\t<div class=\"et_d4_element et_pb_column_4_4 et_pb_column et_pb_column_51  et_pb_css_mix_blend_mode et-last-child et_block_column\">\n\t\t\t\t\n\t\t\t\t\n\t\t\t\t\n\t\t\t\t\n\t\t\t\t<div class=\"et_pb_module et_d4_element et_pb_image et_pb_image_7\">\n\t\t\t\t\n\t\t\t\t\n\t\t\t\t\n\t\t\t\t\n\t\t\t\t<span class=\"et_pb_image_wrap \"><img loading=\"lazy\" decoding=\"async\" width=\"1920\" height=\"1420\" src=\"https:\/\/ristorantesolferino.com\/wp-content\/uploads\/salaweb.jpg\" alt=\"\" title=\"\" srcset=\"https:\/\/ristorantesolferino.com\/wp-content\/uploads\/salaweb.jpg 1920w, https:\/\/ristorantesolferino.com\/wp-content\/uploads\/salaweb-1280x947.jpg 1280w, https:\/\/ristorantesolferino.com\/wp-content\/uploads\/salaweb-980x725.jpg 980w, https:\/\/ristorantesolferino.com\/wp-content\/uploads\/salaweb-480x355.jpg 480w\" sizes=\"(min-width: 0px) and (max-width: 480px) 480px, (min-width: 481px) and (max-width: 980px) 980px, (min-width: 981px) and (max-width: 1280px) 1280px, (min-width: 1281px) 1920px, 100vw\" class=\"wp-image-180445\" \/><\/span>\n\t\t\t<\/div><div class=\"et_pb_module et_d4_element et_pb_text et_pb_text_18  et_pb_text_align_left et_pb_bg_layout_light\">\n\t\t\t\t\n\t\t\t\t\n\t\t\t\t\n\t\t\t\t\n\t\t\t\t<div class=\"et_pb_text_inner\"><p><strong>Andrea :<\/strong> \"Mec, c'est \u00e0 ce moment-l\u00e0 que vous avez sorti de votre chapeau l'histoire des 7 sur 7. Je vous ai toujours aim\u00e9 apr\u00e8s tout (rire tonitruant)\".<\/p>\n<p><strong>Simone :<\/strong> \"J'y ai beaucoup r\u00e9fl\u00e9chi. Je trouvais que c'\u00e9tait du g\u00e2chis de ne pas garder le d\u00e9jeuner et le d\u00eener ouverts tous les jours dans une atmosph\u00e8re aussi vivante, sur une si belle place. Mais j'avais peur que l'\u00e9quipage le prenne mal, que le sacrifice du dimanche soit consid\u00e9r\u00e9 comme \"sacril\u00e8ge\". Vous vous souvenez ? Je vous avais dit que ce devait \u00eatre NOTRE Solf\u00e9rino. Un Solf\u00e9rino 7 jours sur 7 - 365 jours par an\".   <\/p>\n<p><strong>Andrea :<\/strong> \"La v\u00e9rit\u00e9 ? Votre id\u00e9e a jou\u00e9 un r\u00f4le important dans la d\u00e9cision d'acheter le Holly Tree... Je voulais pouvoir travailler sur une plate-forme de trois pi\u00e8ces et, honn\u00eatement, avec le Holly Tree, j'ai vu le cercle se refermer\".<\/p><\/div>\n\t\t\t<\/div>\n\t\t\t<\/div>\n\t\t\t\t\n\t\t\t\t\n\t\t\t\t\n\t\t\t\t\n\t\t\t<\/div>\n\t\t\t\t\n\t\t\t\t\n\t\t\t<\/div><div class=\"et_d4_element et_pb_section et_pb_section_19 et_animated  et_pb_css_mix_blend_mode et_section_regular et_block_section\" >\n\t\t\t\t\n\t\t\t\t\n\t\t\t\t\n\t\t\t\t\n\t\t\t\t\n\t\t\t\t\n\t\t\t\t<div class=\"et_d4_element et_pb_row et_pb_row_41 et_pb_row_fullwidth et_pb_gutters1  et_pb_css_mix_blend_mode et_block_row\">\n\t\t\t\t<div class=\"et_d4_element et_pb_column_4_4 et_pb_column et_pb_column_52  et_pb_css_mix_blend_mode et-last-child et_block_column\">\n\t\t\t\t\n\t\t\t\t\n\t\t\t\t\n\t\t\t\t\n\t\t\t\t<div class=\"et_pb_module et_d4_element et_pb_image et_pb_image_8\">\n\t\t\t\t\n\t\t\t\t\n\t\t\t\t\n\t\t\t\t\n\t\t\t\t<span class=\"et_pb_image_wrap \"><img loading=\"lazy\" decoding=\"async\" width=\"1920\" height=\"1106\" src=\"https:\/\/ristorantesolferino.com\/wp-content\/uploads\/volver-sanmauro.jpg\" alt=\"\" title=\"\" srcset=\"https:\/\/ristorantesolferino.com\/wp-content\/uploads\/volver-sanmauro.jpg 1920w, https:\/\/ristorantesolferino.com\/wp-content\/uploads\/volver-sanmauro-1280x737.jpg 1280w, https:\/\/ristorantesolferino.com\/wp-content\/uploads\/volver-sanmauro-980x565.jpg 980w, https:\/\/ristorantesolferino.com\/wp-content\/uploads\/volver-sanmauro-480x277.jpg 480w\" sizes=\"(min-width: 0px) and (max-width: 480px) 480px, (min-width: 481px) and (max-width: 980px) 980px, (min-width: 981px) and (max-width: 1280px) 1280px, (min-width: 1281px) 1920px, 100vw\" class=\"wp-image-180446\" \/><\/span>\n\t\t\t<\/div><div class=\"et_pb_module et_d4_element et_pb_text et_pb_text_19  et_pb_text_align_left et_pb_bg_layout_light\">\n\t\t\t\t\n\t\t\t\t\n\t\t\t\t\n\t\t\t\t\n\t\t\t\t<div class=\"et_pb_text_inner\"><p><strong>RESTAURANTS DU CENTRE VILLE ET \"TRANSFORMATION ARGENTINE\" DE MONFERRINO<\/strong><\/p>\n<p><strong>Simone :<\/strong> \"Une belle op\u00e9ration en effet, m\u00eame si elle soul\u00e8ve la question de la n\u00e9cessit\u00e9 de faire revivre le Monferrino. Je me suis sentie mal \u00e0 l'aise de le voir maintenant avec peu de clients, presque tous projet\u00e9s \u00e0 la d\u00e9couverte des clubs du centre...\"<\/p>\n<p><strong>Andrea :<\/strong> \"Eh, vous savez, j'y pense encore aujourd'hui. J'ai re\u00e7u un coup de poing dans l'estomac lorsque j'ai appris que le 1er janvier 2013 serait le dernier jour de service au Monferrino. Bien s\u00fbr, j'aimais beaucoup l'id\u00e9e d'en faire un restaurant argentin typique, mais c'\u00e9tait vraiment difficile...<\/p>\n<p><strong>Simone :<\/strong> \"Volver nous a apport\u00e9 beaucoup de couleurs, de gaiet\u00e9 et, je dois le dire, la certitude que l'\u00e9quipe d'Andrea Ambrogini ne pouvait pas se contenter de vendre des Raviolini del plin et des Battute di carne cruda\".<\/p><\/div>\n\t\t\t<\/div>\n\t\t\t<\/div>\n\t\t\t\t\n\t\t\t\t\n\t\t\t\t\n\t\t\t\t\n\t\t\t<\/div>\n\t\t\t\t\n\t\t\t\t\n\t\t\t<\/div><div class=\"et_d4_element et_pb_section et_pb_section_20 et_animated  et_pb_css_mix_blend_mode et_section_regular et_block_section\" >\n\t\t\t\t\n\t\t\t\t\n\t\t\t\t\n\t\t\t\t\n\t\t\t\t\n\t\t\t\t\n\t\t\t\t<div class=\"et_d4_element et_pb_row et_pb_row_42 et_pb_row_fullwidth et_pb_gutters1  et_pb_css_mix_blend_mode et_block_row\">\n\t\t\t\t<div class=\"et_d4_element et_pb_column_4_4 et_pb_column et_pb_column_53  et_pb_css_mix_blend_mode et-last-child et_block_column\">\n\t\t\t\t\n\t\t\t\t\n\t\t\t\t\n\t\t\t\t\n\t\t\t\t<div class=\"et_pb_module et_d4_element et_pb_image et_pb_image_9\">\n\t\t\t\t\n\t\t\t\t\n\t\t\t\t\n\t\t\t\t\n\t\t\t\t<span class=\"et_pb_image_wrap \"><img loading=\"lazy\" decoding=\"async\" width=\"1920\" height=\"1197\" src=\"https:\/\/ristorantesolferino.com\/wp-content\/uploads\/ESTERNI_RistoranteSolferino-1.jpg\" alt=\"\" title=\"\" srcset=\"https:\/\/ristorantesolferino.com\/wp-content\/uploads\/ESTERNI_RistoranteSolferino-1.jpg 1920w, https:\/\/ristorantesolferino.com\/wp-content\/uploads\/ESTERNI_RistoranteSolferino-1-1280x798.jpg 1280w, https:\/\/ristorantesolferino.com\/wp-content\/uploads\/ESTERNI_RistoranteSolferino-1-980x611.jpg 980w, https:\/\/ristorantesolferino.com\/wp-content\/uploads\/ESTERNI_RistoranteSolferino-1-480x299.jpg 480w\" sizes=\"(min-width: 0px) and (max-width: 480px) 480px, (min-width: 481px) and (max-width: 980px) 980px, (min-width: 981px) and (max-width: 1280px) 1280px, (min-width: 1281px) 1920px, 100vw\" class=\"wp-image-180447\" \/><\/span>\n\t\t\t<\/div><div class=\"et_pb_module et_d4_element et_pb_text et_pb_text_20  et_pb_text_align_left et_pb_bg_layout_light\">\n\t\t\t\t\n\t\t\t\t\n\t\t\t\t\n\t\t\t\t\n\t\t\t\t<div class=\"et_pb_text_inner\"><p><strong>Andrea :<\/strong> \"Vous avez raison, c'est toujours difficile \u00e0 expliquer, mais notre travail est une combinaison presque chimique. Si un client est heureux, ce n'est pas seulement \u00e0 cause de ce que vous lui pr\u00e9parez\".<\/p>\n<p>Andrea et Simone restent silencieuses pendant un moment, sirotent calmement la fin du cocktail et voient rapidement la lumi\u00e8re changer, les reflets devenir plus chauds, les ombres s'allonger.<\/p>\n<p><strong>Andrea :<\/strong> \"En repassant par l\u00e0, nous avons parcouru un long chemin, hein ? Et demain ?\"<\/p>\n<p><strong>Simone :<\/strong> \"Andr\u00e9, tu veux le mien ? Je ne sais pas !!!!\"<\/p>\n<p>(Ils rient tous les deux tr\u00e8s fort).<\/p><\/div>\n\t\t\t<\/div>\n\t\t\t<\/div>\n\t\t\t\t\n\t\t\t\t\n\t\t\t\t\n\t\t\t\t\n\t\t\t<\/div>\n\t\t\t\t\n\t\t\t\t\n\t\t\t<\/div><div class=\"et_d4_element et_pb_section et_pb_section_21 et_animated  et_pb_css_mix_blend_mode et_section_regular et_block_section\" >\n\t\t\t\t\n\t\t\t\t\n\t\t\t\t\n\t\t\t\t\n\t\t\t\t\n\t\t\t\t\n\t\t\t\t<div class=\"et_d4_element et_pb_row et_pb_row_43 et_pb_row_fullwidth et_pb_gutters1  et_pb_css_mix_blend_mode et_block_row\">\n\t\t\t\t<div class=\"et_d4_element et_pb_column_4_4 et_pb_column et_pb_column_54  et_pb_css_mix_blend_mode et-last-child et_block_column\">\n\t\t\t\t\n\t\t\t\t\n\t\t\t\t\n\t\t\t\t\n\t\t\t\t<div class=\"et_pb_module et_d4_element et_pb_image et_pb_image_10\">\n\t\t\t\t\n\t\t\t\t\n\t\t\t\t\n\t\t\t\t\n\t\t\t\t<span class=\"et_pb_image_wrap \"><img loading=\"lazy\" decoding=\"async\" width=\"1920\" height=\"1281\" src=\"https:\/\/ristorantesolferino.com\/wp-content\/uploads\/Solferino0046-1.jpg\" alt=\"\" title=\"\" srcset=\"https:\/\/ristorantesolferino.com\/wp-content\/uploads\/Solferino0046-1.jpg 1920w, https:\/\/ristorantesolferino.com\/wp-content\/uploads\/Solferino0046-1-1280x854.jpg 1280w, https:\/\/ristorantesolferino.com\/wp-content\/uploads\/Solferino0046-1-980x654.jpg 980w, https:\/\/ristorantesolferino.com\/wp-content\/uploads\/Solferino0046-1-480x320.jpg 480w\" sizes=\"(min-width: 0px) and (max-width: 480px) 480px, (min-width: 481px) and (max-width: 980px) 980px, (min-width: 981px) and (max-width: 1280px) 1280px, (min-width: 1281px) 1920px, 100vw\" class=\"wp-image-180450\" \/><\/span>\n\t\t\t<\/div><div class=\"et_pb_module et_d4_element et_pb_text et_pb_text_21  et_pb_text_align_left et_pb_bg_layout_light\">\n\t\t\t\t\n\t\t\t\t\n\t\t\t\t\n\t\t\t\t\n\t\t\t\t<div class=\"et_pb_text_inner\"><p><strong>DEMAIN, AU D\u00c9PART DE LA PIAZZA SOLFERINO<\/strong><\/p>\n<p><strong>Simone :<\/strong> \"Pensez donc, apr\u00e8s avoir vendu Agrifoglio, mis Volver en g\u00e9rance, nous nous retrouvons ici \u00e0 Solferino, comme si nous \u00e9tions au d\u00e9but d'un nouveau cycle ! \u00c0 mon avis, c'est ce que nous sommes, le Groupe Ambrogini, notre empreinte. Vous ne trouvez pas ?\"<\/p>\n<p><strong>Andrea :<\/strong> \"Vous avez raison, mais chaque fois que vous repensez \u00e0 une d\u00e9cision importante, c'est comme si les pr\u00e9c\u00e9dentes avaient disparu depuis longtemps. Pensez \u00e0 ce Dehors, pensez \u00e0 la fa\u00e7on dont il a ouvert une vue sur la place, pensez \u00e0 la version v\u00e9randa, pensez aux limites d'aujourd'hui, pensez \u00e0 la fa\u00e7on dont nous pourrions le repenser demain. Je ne sais pas, vous avez peut-\u00eatre raison, quand on se retrouve dans un lieu en pensant \u00e0 dix ans d'entreprise, on se sent charg\u00e9 et on est \u00e0 la recherche de nouveaux d\u00e9fis...\"<\/p>\n<p><strong>Simone :<\/strong> \"De nouveaux d\u00e9fis ? Andrea... vous avez quelque chose \u00e0 me dire ?\"<\/p><\/div>\n\t\t\t<\/div>\n\t\t\t<\/div>\n\t\t\t\t\n\t\t\t\t\n\t\t\t\t\n\t\t\t\t\n\t\t\t<\/div>\n\t\t\t\t\n\t\t\t\t\n\t\t\t<\/div><\/p>\n","protected":false},"excerpt":{"rendered":"","protected":false},"author":93,"featured_media":183983,"parent":0,"menu_order":0,"comment_status":"closed","ping_status":"closed","template":"","meta":{"_acf_changed":false,"ngg_post_thumbnail":0,"_et_pb_use_builder":"on","_et_pb_old_content":"","_et_gb_content_width":"","footnotes":""},"class_list":["post-192937","page","type-page","status-publish","has-post-thumbnail","hentry"],"acf":[],"dsm_author":{"name":"Enzo Baril\u00e0","avatar_url":"https:\/\/secure.gravatar.com\/avatar\/24e7e4394a9684676233ee87f0fb25d41736e8b94811bbbb8f4ac7ae7f51c445?s=96&d=mm&r=g","archive_link":"https:\/\/ristorantesolferino.com\/fr\/author\/enzowg\/","biodata":""},"dsm_categories":[],"dsm_attachment_categories":[],"dsm_featured_image":{"thumbnail":"https:\/\/ristorantesolferino.com\/wp-content\/uploads\/Foto-Gruppo-Solferino-1280-150x150.jpeg","medium":"https:\/\/ristorantesolferino.com\/wp-content\/uploads\/Foto-Gruppo-Solferino-1280-300x199.jpeg","medium_large":"https:\/\/ristorantesolferino.com\/wp-content\/uploads\/Foto-Gruppo-Solferino-1280-768x510.jpeg","large":"https:\/\/ristorantesolferino.com\/wp-content\/uploads\/Foto-Gruppo-Solferino-1280-1024x680.jpeg","1536x1536":"https:\/\/ristorantesolferino.com\/wp-content\/uploads\/Foto-Gruppo-Solferino-1280.jpeg","2048x2048":"https:\/\/ristorantesolferino.com\/wp-content\/uploads\/Foto-Gruppo-Solferino-1280.jpeg","et-pb-post-main-image":"https:\/\/ristorantesolferino.com\/wp-content\/uploads\/Foto-Gruppo-Solferino-1280-400x250.jpeg","et-pb-post-main-image-fullwidth":"https:\/\/ristorantesolferino.com\/wp-content\/uploads\/Foto-Gruppo-Solferino-1280-1080x675.jpeg","et-pb-portfolio-image":"https:\/\/ristorantesolferino.com\/wp-content\/uploads\/Foto-Gruppo-Solferino-1280-400x284.jpeg","et-pb-portfolio-module-image":"https:\/\/ristorantesolferino.com\/wp-content\/uploads\/Foto-Gruppo-Solferino-1280-510x382.jpeg","et-pb-portfolio-image-single":"https:\/\/ristorantesolferino.com\/wp-content\/uploads\/Foto-Gruppo-Solferino-1280-1080x717.jpeg","et-pb-gallery-module-image-portrait":"https:\/\/ristorantesolferino.com\/wp-content\/uploads\/Foto-Gruppo-Solferino-1280-400x516.jpeg","et-pb-post-main-image-fullwidth-large":"https:\/\/ristorantesolferino.com\/wp-content\/uploads\/Foto-Gruppo-Solferino-1280.jpeg","et-pb-image--responsive--desktop":"https:\/\/ristorantesolferino.com\/wp-content\/uploads\/Foto-Gruppo-Solferino-1280.jpeg","et-pb-image--responsive--tablet":"https:\/\/ristorantesolferino.com\/wp-content\/uploads\/Foto-Gruppo-Solferino-1280-980x651.jpeg","et-pb-image--responsive--phone":"https:\/\/ristorantesolferino.com\/wp-content\/uploads\/Foto-Gruppo-Solferino-1280-480x319.jpeg","woocommerce_thumbnail":"https:\/\/ristorantesolferino.com\/wp-content\/uploads\/Foto-Gruppo-Solferino-1280-400x400.jpeg","woocommerce_single":"https:\/\/ristorantesolferino.com\/wp-content\/uploads\/Foto-Gruppo-Solferino-1280-510x339.jpeg","woocommerce_gallery_thumbnail":"https:\/\/ristorantesolferino.com\/wp-content\/uploads\/Foto-Gruppo-Solferino-1280-100x100.jpeg","full":"https:\/\/ristorantesolferino.com\/wp-content\/uploads\/Foto-Gruppo-Solferino-1280.jpeg"},"dsm_comment_count":0,"yoast_head":"<!-- This site is optimized with the Yoast SEO plugin v28.3 - https:\/\/yoast.com\/product\/yoast-seo-wordpress\/ -->\n<title>A propos de nous - Ristorante Solferino - Cucina Piemontese Torino<\/title>\n<meta name=\"robots\" content=\"index, follow, max-snippet:-1, max-image-preview:large, max-video-preview:-1\" \/>\n<link rel=\"canonical\" href=\"https:\/\/ristorantesolferino.com\/fr\/a-propos-de-nous\/\" \/>\n<meta property=\"og:locale\" content=\"fr_FR\" \/>\n<meta property=\"og:type\" content=\"article\" \/>\n<meta property=\"og:title\" content=\"A propos de nous - Ristorante Solferino - Cucina Piemontese Torino\" \/>\n<meta property=\"og:url\" content=\"https:\/\/ristorantesolferino.com\/fr\/a-propos-de-nous\/\" \/>\n<meta property=\"og:site_name\" content=\"Ristorante Solferino - Cucina Piemontese Torino\" \/>\n<meta property=\"article:publisher\" content=\"https:\/\/www.facebook.com\/@ristorantesolferino\" \/>\n<meta property=\"article:modified_time\" content=\"2026-04-16T23:11:41+00:00\" \/>\n<meta property=\"og:image\" content=\"https:\/\/ristorantesolferino.com\/wp-content\/uploads\/Foto-Gruppo-Solferino-1280.jpeg\" \/>\n\t<meta property=\"og:image:width\" content=\"1280\" \/>\n\t<meta property=\"og:image:height\" content=\"850\" \/>\n\t<meta property=\"og:image:type\" content=\"image\/jpeg\" \/>\n<meta name=\"twitter:card\" content=\"summary_large_image\" \/>\n<meta name=\"twitter:label1\" content=\"Dur\u00e9e de lecture estim\u00e9e\" \/>\n\t<meta name=\"twitter:data1\" content=\"40 minutes\" \/>\n<script type=\"application\/ld+json\" class=\"yoast-schema-graph\">{\"@context\":\"https:\\\/\\\/schema.org\",\"@graph\":[{\"@type\":\"WebPage\",\"@id\":\"https:\\\/\\\/ristorantesolferino.com\\\/fr\\\/a-propos-de-nous\\\/\",\"url\":\"https:\\\/\\\/ristorantesolferino.com\\\/fr\\\/a-propos-de-nous\\\/\",\"name\":\"A propos de nous - Ristorante Solferino - Cucina Piemontese Torino\",\"isPartOf\":{\"@id\":\"https:\\\/\\\/ristorantesolferino.com\\\/fr\\\/#website\"},\"primaryImageOfPage\":{\"@id\":\"https:\\\/\\\/ristorantesolferino.com\\\/fr\\\/a-propos-de-nous\\\/#primaryimage\"},\"image\":{\"@id\":\"https:\\\/\\\/ristorantesolferino.com\\\/fr\\\/a-propos-de-nous\\\/#primaryimage\"},\"thumbnailUrl\":\"https:\\\/\\\/ristorantesolferino.com\\\/wp-content\\\/uploads\\\/Foto-Gruppo-Solferino-1280.jpeg\",\"datePublished\":\"2022-10-02T01:29:22+00:00\",\"dateModified\":\"2026-04-16T23:11:41+00:00\",\"breadcrumb\":{\"@id\":\"https:\\\/\\\/ristorantesolferino.com\\\/fr\\\/a-propos-de-nous\\\/#breadcrumb\"},\"inLanguage\":\"fr-FR\",\"potentialAction\":[{\"@type\":\"ReadAction\",\"target\":[\"https:\\\/\\\/ristorantesolferino.com\\\/fr\\\/a-propos-de-nous\\\/\"]}]},{\"@type\":\"ImageObject\",\"inLanguage\":\"fr-FR\",\"@id\":\"https:\\\/\\\/ristorantesolferino.com\\\/fr\\\/a-propos-de-nous\\\/#primaryimage\",\"url\":\"https:\\\/\\\/ristorantesolferino.com\\\/wp-content\\\/uploads\\\/Foto-Gruppo-Solferino-1280.jpeg\",\"contentUrl\":\"https:\\\/\\\/ristorantesolferino.com\\\/wp-content\\\/uploads\\\/Foto-Gruppo-Solferino-1280.jpeg\",\"width\":1280,\"height\":850},{\"@type\":\"BreadcrumbList\",\"@id\":\"https:\\\/\\\/ristorantesolferino.com\\\/fr\\\/a-propos-de-nous\\\/#breadcrumb\",\"itemListElement\":[{\"@type\":\"ListItem\",\"position\":1,\"name\":\"Home\",\"item\":\"https:\\\/\\\/ristorantesolferino.com\\\/fr\\\/restaurant-turin\\\/\"},{\"@type\":\"ListItem\",\"position\":2,\"name\":\"A propos de nous\"}]},{\"@type\":\"WebSite\",\"@id\":\"https:\\\/\\\/ristorantesolferino.com\\\/fr\\\/#website\",\"url\":\"https:\\\/\\\/ristorantesolferino.com\\\/fr\\\/\",\"name\":\"Ristorante Solferino - Cucina Piemontese Torino\",\"description\":\"Il Tuo Ristorante nel Centro di Torino - Cucina Tipica Piemontese\",\"publisher\":{\"@id\":\"https:\\\/\\\/ristorantesolferino.com\\\/fr\\\/#organization\"},\"potentialAction\":[{\"@type\":\"SearchAction\",\"target\":{\"@type\":\"EntryPoint\",\"urlTemplate\":\"https:\\\/\\\/ristorantesolferino.com\\\/fr\\\/?s={search_term_string}\"},\"query-input\":{\"@type\":\"PropertyValueSpecification\",\"valueRequired\":true,\"valueName\":\"search_term_string\"}}],\"inLanguage\":\"fr-FR\"},{\"@type\":\"Organization\",\"@id\":\"https:\\\/\\\/ristorantesolferino.com\\\/fr\\\/#organization\",\"name\":\"Ristorante Solferino - Cucina Piemontese Torino\",\"url\":\"https:\\\/\\\/ristorantesolferino.com\\\/fr\\\/\",\"logo\":{\"@type\":\"ImageObject\",\"inLanguage\":\"fr-FR\",\"@id\":\"https:\\\/\\\/ristorantesolferino.com\\\/fr\\\/#\\\/schema\\\/logo\\\/image\\\/\",\"url\":\"https:\\\/\\\/ristorantesolferino.com\\\/wp-content\\\/uploads\\\/2017\\\/11\\\/logo-contatti.png\",\"contentUrl\":\"https:\\\/\\\/ristorantesolferino.com\\\/wp-content\\\/uploads\\\/2017\\\/11\\\/logo-contatti.png\",\"width\":262,\"height\":143,\"caption\":\"Ristorante Solferino - Cucina Piemontese Torino\"},\"image\":{\"@id\":\"https:\\\/\\\/ristorantesolferino.com\\\/fr\\\/#\\\/schema\\\/logo\\\/image\\\/\"},\"sameAs\":[\"https:\\\/\\\/www.facebook.com\\\/@ristorantesolferino\"]}]}<\/script>\n<!-- \/ Yoast SEO plugin. -->","yoast_head_json":{"title":"A propos de nous - Ristorante Solferino - Cucina Piemontese Torino","robots":{"index":"index","follow":"follow","max-snippet":"max-snippet:-1","max-image-preview":"max-image-preview:large","max-video-preview":"max-video-preview:-1"},"canonical":"https:\/\/ristorantesolferino.com\/fr\/a-propos-de-nous\/","og_locale":"fr_FR","og_type":"article","og_title":"A propos de nous - Ristorante Solferino - Cucina Piemontese Torino","og_url":"https:\/\/ristorantesolferino.com\/fr\/a-propos-de-nous\/","og_site_name":"Ristorante Solferino - Cucina Piemontese Torino","article_publisher":"https:\/\/www.facebook.com\/@ristorantesolferino","article_modified_time":"2026-04-16T23:11:41+00:00","og_image":[{"width":1280,"height":850,"url":"https:\/\/ristorantesolferino.com\/wp-content\/uploads\/Foto-Gruppo-Solferino-1280.jpeg","type":"image\/jpeg"}],"twitter_card":"summary_large_image","twitter_misc":{"Dur\u00e9e de lecture estim\u00e9e":"40 minutes"},"schema":{"@context":"https:\/\/schema.org","@graph":[{"@type":"WebPage","@id":"https:\/\/ristorantesolferino.com\/fr\/a-propos-de-nous\/","url":"https:\/\/ristorantesolferino.com\/fr\/a-propos-de-nous\/","name":"A propos de nous - Ristorante Solferino - Cucina Piemontese Torino","isPartOf":{"@id":"https:\/\/ristorantesolferino.com\/fr\/#website"},"primaryImageOfPage":{"@id":"https:\/\/ristorantesolferino.com\/fr\/a-propos-de-nous\/#primaryimage"},"image":{"@id":"https:\/\/ristorantesolferino.com\/fr\/a-propos-de-nous\/#primaryimage"},"thumbnailUrl":"https:\/\/ristorantesolferino.com\/wp-content\/uploads\/Foto-Gruppo-Solferino-1280.jpeg","datePublished":"2022-10-02T01:29:22+00:00","dateModified":"2026-04-16T23:11:41+00:00","breadcrumb":{"@id":"https:\/\/ristorantesolferino.com\/fr\/a-propos-de-nous\/#breadcrumb"},"inLanguage":"fr-FR","potentialAction":[{"@type":"ReadAction","target":["https:\/\/ristorantesolferino.com\/fr\/a-propos-de-nous\/"]}]},{"@type":"ImageObject","inLanguage":"fr-FR","@id":"https:\/\/ristorantesolferino.com\/fr\/a-propos-de-nous\/#primaryimage","url":"https:\/\/ristorantesolferino.com\/wp-content\/uploads\/Foto-Gruppo-Solferino-1280.jpeg","contentUrl":"https:\/\/ristorantesolferino.com\/wp-content\/uploads\/Foto-Gruppo-Solferino-1280.jpeg","width":1280,"height":850},{"@type":"BreadcrumbList","@id":"https:\/\/ristorantesolferino.com\/fr\/a-propos-de-nous\/#breadcrumb","itemListElement":[{"@type":"ListItem","position":1,"name":"Home","item":"https:\/\/ristorantesolferino.com\/fr\/restaurant-turin\/"},{"@type":"ListItem","position":2,"name":"A propos de nous"}]},{"@type":"WebSite","@id":"https:\/\/ristorantesolferino.com\/fr\/#website","url":"https:\/\/ristorantesolferino.com\/fr\/","name":"Ristorante Solferino - Cucina Piemontese Torino","description":"Il Tuo Ristorante nel Centro di Torino - Cucina Tipica Piemontese","publisher":{"@id":"https:\/\/ristorantesolferino.com\/fr\/#organization"},"potentialAction":[{"@type":"SearchAction","target":{"@type":"EntryPoint","urlTemplate":"https:\/\/ristorantesolferino.com\/fr\/?s={search_term_string}"},"query-input":{"@type":"PropertyValueSpecification","valueRequired":true,"valueName":"search_term_string"}}],"inLanguage":"fr-FR"},{"@type":"Organization","@id":"https:\/\/ristorantesolferino.com\/fr\/#organization","name":"Ristorante Solferino - Cucina Piemontese Torino","url":"https:\/\/ristorantesolferino.com\/fr\/","logo":{"@type":"ImageObject","inLanguage":"fr-FR","@id":"https:\/\/ristorantesolferino.com\/fr\/#\/schema\/logo\/image\/","url":"https:\/\/ristorantesolferino.com\/wp-content\/uploads\/2017\/11\/logo-contatti.png","contentUrl":"https:\/\/ristorantesolferino.com\/wp-content\/uploads\/2017\/11\/logo-contatti.png","width":262,"height":143,"caption":"Ristorante Solferino - Cucina Piemontese Torino"},"image":{"@id":"https:\/\/ristorantesolferino.com\/fr\/#\/schema\/logo\/image\/"},"sameAs":["https:\/\/www.facebook.com\/@ristorantesolferino"]}]}},"_links":{"self":[{"href":"https:\/\/ristorantesolferino.com\/fr\/wp-json\/wp\/v2\/pages\/192937","targetHints":{"allow":["GET"]}}],"collection":[{"href":"https:\/\/ristorantesolferino.com\/fr\/wp-json\/wp\/v2\/pages"}],"about":[{"href":"https:\/\/ristorantesolferino.com\/fr\/wp-json\/wp\/v2\/types\/page"}],"author":[{"embeddable":true,"href":"https:\/\/ristorantesolferino.com\/fr\/wp-json\/wp\/v2\/users\/93"}],"replies":[{"embeddable":true,"href":"https:\/\/ristorantesolferino.com\/fr\/wp-json\/wp\/v2\/comments?post=192937"}],"version-history":[{"count":2,"href":"https:\/\/ristorantesolferino.com\/fr\/wp-json\/wp\/v2\/pages\/192937\/revisions"}],"predecessor-version":[{"id":192939,"href":"https:\/\/ristorantesolferino.com\/fr\/wp-json\/wp\/v2\/pages\/192937\/revisions\/192939"}],"wp:featuredmedia":[{"embeddable":true,"href":"https:\/\/ristorantesolferino.com\/fr\/wp-json\/wp\/v2\/media\/183983"}],"wp:attachment":[{"href":"https:\/\/ristorantesolferino.com\/fr\/wp-json\/wp\/v2\/media?parent=192937"}],"curies":[{"name":"wp","href":"https:\/\/api.w.org\/{rel}","templated":true}]}}