{"id":192954,"date":"2022-10-02T03:29:22","date_gmt":"2022-10-02T01:29:22","guid":{"rendered":"https:\/\/ristorantesolferino.com\/quienes-somos\/"},"modified":"2026-04-17T01:19:03","modified_gmt":"2026-04-16T23:19:03","slug":"quienes-somos","status":"publish","type":"page","link":"https:\/\/ristorantesolferino.com\/es\/quienes-somos\/","title":{"rendered":"Qui\u00e9nes somos"},"content":{"rendered":"<p><div id=\"one\" class=\"et_d4_element et_pb_section et_pb_section_0 et_pb_with_background  et_pb_css_mix_blend_mode et_section_regular et_block_section\" >\n\t\t\t\t\n\t\t\t\t\n\t\t\t\t\n\t\t\t\t\n\t\t\t\t\n\t\t\t\t\n\t\t\t\t<div class=\"et_d4_element et_pb_row et_pb_row_0 et_pb_equal_columns  et_pb_css_mix_blend_mode et_block_row\">\n\t\t\t\t<div class=\"et_d4_element et_pb_column_4_4 et_pb_column et_pb_column_0  et_pb_css_mix_blend_mode et-last-child et_block_column et_pb_column_empty\">\n\t\t\t\t\n\t\t\t\t\n\t\t\t\t\n\t\t\t\t\n\t\t\t\t\n\t\t\t<\/div>\n\t\t\t\t\n\t\t\t\t\n\t\t\t\t\n\t\t\t\t\n\t\t\t<\/div><div class=\"et_d4_element et_pb_row et_pb_row_1 et_pb_equal_columns  et_pb_css_mix_blend_mode et_block_row\">\n\t\t\t\t<div class=\"et_d4_element et_pb_column_1_2 et_pb_column et_pb_column_1  et_pb_css_mix_blend_mode et_block_column et_pb_column_empty\">\n\t\t\t\t\n\t\t\t\t\n\t\t\t\t\n\t\t\t\t\n\t\t\t\t\n\t\t\t<\/div><div class=\"et_d4_element et_pb_column_1_2 et_pb_column et_pb_column_2  et_pb_css_mix_blend_mode et-last-child et_block_column\">\n\t\t\t\t\n\t\t\t\t\n\t\t\t\t\n\t\t\t\t\n\t\t\t\t<div class=\"et_pb_module et_d4_element et_pb_text et_pb_text_0  et_pb_text_align_left et_pb_bg_layout_light\">\n\t\t\t\t\n\t\t\t\t\n\t\t\t\t\n\t\t\t\t\n\t\t\t\t<div class=\"et_pb_text_inner\"><h1>Sobre nosotros<\/h1>\n<p>Sentados en el dehors del Solferino, sorben un gin-tonic mientras contemplan la espl\u00e9ndida plaza. Estamos a finales de septiembre, el oto\u00f1o ha decidido jugar con el follaje, pero la temperatura sigue siendo suave, el aire c\u00e1lido y la luz del sol a\u00fan agradable sobre la piel. <\/p>\n<p>Si no fuera por los colores, podr\u00eda parecer una broma de calendario...<\/p><\/div>\n\t\t\t<\/div>\n\t\t\t<\/div>\n\t\t\t\t\n\t\t\t\t\n\t\t\t\t\n\t\t\t\t\n\t\t\t<\/div><div class=\"et_d4_element et_pb_row et_pb_row_2 et_pb_equal_columns  et_pb_css_mix_blend_mode et_block_row\">\n\t\t\t\t<div class=\"et_d4_element et_pb_column_4_4 et_pb_column et_pb_column_3  et_pb_css_mix_blend_mode et-last-child et_block_column\">\n\t\t\t\t\n\t\t\t\t\n\t\t\t\t\n\t\t\t\t\n\t\t\t\t<div class=\"et_pb_module et_d4_element et_pb_icon et_pb_icon_0\">\n\t\t\t\t<a href=\"#two\" ><span class=\"et_pb_icon_wrap \"><span class=\"et-pb-icon\">3<\/span><\/span><\/a>\n\t\t\t<\/div>\n\t\t\t<\/div>\n\t\t\t\t\n\t\t\t\t\n\t\t\t\t\n\t\t\t\t\n\t\t\t<\/div>\n\t\t\t\t\n\t\t\t\t\n\t\t\t<\/div><div id=\"two\" class=\"et_d4_element et_pb_section et_pb_section_1 et_pb_with_background  et_pb_css_mix_blend_mode et_section_regular et_block_section\" >\n\t\t\t\t\n\t\t\t\t\n\t\t\t\t\n\t\t\t\t\n\t\t\t\t\n\t\t\t\t\n\t\t\t\t<div class=\"et_d4_element et_pb_row et_pb_row_3 et_pb_equal_columns  et_pb_css_mix_blend_mode et_block_row\">\n\t\t\t\t<div class=\"et_d4_element et_pb_column_4_4 et_pb_column et_pb_column_4  et_pb_css_mix_blend_mode et-last-child et_block_column\">\n\t\t\t\t\n\t\t\t\t\n\t\t\t\t\n\t\t\t\t\n\t\t\t\t<div class=\"et_pb_module et_d4_element et_pb_icon et_pb_icon_1\">\n\t\t\t\t<a href=\"#one\" ><span class=\"et_pb_icon_wrap \"><span class=\"et-pb-icon\">2<\/span><\/span><\/a>\n\t\t\t<\/div>\n\t\t\t<\/div>\n\t\t\t\t\n\t\t\t\t\n\t\t\t\t\n\t\t\t\t\n\t\t\t<\/div><div class=\"et_d4_element et_pb_row et_pb_row_4 et_pb_equal_columns  et_pb_css_mix_blend_mode et_block_row\">\n\t\t\t\t<div class=\"et_d4_element et_pb_column_1_2 et_pb_column et_pb_column_5  et_pb_css_mix_blend_mode et_block_column\">\n\t\t\t\t\n\t\t\t\t\n\t\t\t\t\n\t\t\t\t\n\t\t\t\t<div class=\"et_pb_module et_d4_element et_pb_text et_pb_text_1  et_pb_text_align_left et_pb_bg_layout_light\">\n\t\t\t\t\n\t\t\t\t\n\t\t\t\t\n\t\t\t\t\n\t\t\t\t<div class=\"et_pb_text_inner\">LAS OLIMPIADAS, EL MONFERRINO Y EL SOLFERINO<\/p>\n<p>Simone, gerente del restaurante durante a\u00f1os, siente una emoci\u00f3n al recordar el a\u00f1o que despert\u00f3 a Tur\u00edn, 2006. Fue un a\u00f1o especial para \u00e9l, pero tambi\u00e9n lo fue para Andrea, el propietario del grupo Ambrogini, que le toma el pelo con preguntas sobre aquella \u00e9poca.<\/div>\n\t\t\t<\/div>\n\t\t\t<\/div><div class=\"et_d4_element et_pb_column_1_2 et_pb_column et_pb_column_6  et_pb_css_mix_blend_mode et-last-child et_block_column et_pb_column_empty\">\n\t\t\t\t\n\t\t\t\t\n\t\t\t\t\n\t\t\t\t\n\t\t\t\t\n\t\t\t<\/div>\n\t\t\t\t\n\t\t\t\t\n\t\t\t\t\n\t\t\t\t\n\t\t\t<\/div><div class=\"et_d4_element et_pb_row et_pb_row_5 et_pb_equal_columns  et_pb_css_mix_blend_mode et_block_row\">\n\t\t\t\t<div class=\"et_d4_element et_pb_column_4_4 et_pb_column et_pb_column_7  et_pb_css_mix_blend_mode et-last-child et_block_column\">\n\t\t\t\t\n\t\t\t\t\n\t\t\t\t\n\t\t\t\t\n\t\t\t\t<div class=\"et_pb_module et_d4_element et_pb_icon et_pb_icon_2\">\n\t\t\t\t<a href=\"#three\" ><span class=\"et_pb_icon_wrap \"><span class=\"et-pb-icon\">3<\/span><\/span><\/a>\n\t\t\t<\/div>\n\t\t\t<\/div>\n\t\t\t\t\n\t\t\t\t\n\t\t\t\t\n\t\t\t\t\n\t\t\t<\/div>\n\t\t\t\t\n\t\t\t\t\n\t\t\t<\/div><div id=\"three\" class=\"et_d4_element et_pb_section et_pb_section_2 et_pb_with_background  et_pb_css_mix_blend_mode et_section_regular et_block_section\" >\n\t\t\t\t\n\t\t\t\t\n\t\t\t\t\n\t\t\t\t\n\t\t\t\t\n\t\t\t\t\n\t\t\t\t<div class=\"et_d4_element et_pb_row et_pb_row_6 et_pb_equal_columns  et_pb_css_mix_blend_mode et_block_row\">\n\t\t\t\t<div class=\"et_d4_element et_pb_column_4_4 et_pb_column et_pb_column_8  et_pb_css_mix_blend_mode et-last-child et_block_column\">\n\t\t\t\t\n\t\t\t\t\n\t\t\t\t\n\t\t\t\t\n\t\t\t\t<div class=\"et_pb_module et_d4_element et_pb_icon et_pb_icon_3\">\n\t\t\t\t<a href=\"#two\" ><span class=\"et_pb_icon_wrap \"><span class=\"et-pb-icon\">2<\/span><\/span><\/a>\n\t\t\t<\/div>\n\t\t\t<\/div>\n\t\t\t\t\n\t\t\t\t\n\t\t\t\t\n\t\t\t\t\n\t\t\t<\/div><div class=\"et_d4_element et_pb_row et_pb_row_7 et_pb_equal_columns  et_pb_css_mix_blend_mode et_block_row\">\n\t\t\t\t<div class=\"et_d4_element et_pb_column_1_2 et_pb_column et_pb_column_9  et_pb_css_mix_blend_mode et_block_column et_pb_column_empty\">\n\t\t\t\t\n\t\t\t\t\n\t\t\t\t\n\t\t\t\t\n\t\t\t\t\n\t\t\t<\/div><div class=\"et_d4_element et_pb_column_1_2 et_pb_column et_pb_column_10  et_pb_css_mix_blend_mode et-last-child et_block_column\">\n\t\t\t\t\n\t\t\t\t\n\t\t\t\t\n\t\t\t\t\n\t\t\t\t<div class=\"et_pb_module et_d4_element et_pb_text et_pb_text_2  et_pb_text_align_left et_pb_bg_layout_light\">\n\t\t\t\t\n\t\t\t\t\n\t\t\t\t\n\t\t\t\t\n\t\t\t\t<div class=\"et_pb_text_inner\">2006, el a\u00f1o que trajo los Juegos Ol\u00edmpicos a Tur\u00edn, transformando la ciudad en una peque\u00f1a capital del deporte moderna y eficaz.<br \/>\nDespu\u00e9s de tantos retrasos, ha llegado el metro, se han decidido cambios urban\u00edsticos que cambiar\u00e1n muchas partes de la ciudad, el ambiente es tan el\u00e9ctrico como siempre bajo el topo.<br \/>\n\u00a1Quiz\u00e1 desde 1961, desde la exposici\u00f3n del centenario de la Unificaci\u00f3n de Italia, los turineses no hab\u00edan visto su eufemismo saboyano puesto a prueba de tal manera!<\/div>\n\t\t\t<\/div>\n\t\t\t<\/div>\n\t\t\t\t\n\t\t\t\t\n\t\t\t\t\n\t\t\t\t\n\t\t\t<\/div><div class=\"et_d4_element et_pb_row et_pb_row_8 et_pb_equal_columns  et_pb_css_mix_blend_mode et_block_row\">\n\t\t\t\t<div class=\"et_d4_element et_pb_column_4_4 et_pb_column et_pb_column_11  et_pb_css_mix_blend_mode et-last-child et_block_column\">\n\t\t\t\t\n\t\t\t\t\n\t\t\t\t\n\t\t\t\t\n\t\t\t\t<div class=\"et_pb_module et_d4_element et_pb_icon et_pb_icon_4\">\n\t\t\t\t<a href=\"#four\" ><span class=\"et_pb_icon_wrap \"><span class=\"et-pb-icon\">3<\/span><\/span><\/a>\n\t\t\t<\/div>\n\t\t\t<\/div>\n\t\t\t\t\n\t\t\t\t\n\t\t\t\t\n\t\t\t\t\n\t\t\t<\/div>\n\t\t\t\t\n\t\t\t\t\n\t\t\t<\/div><div id=\"four\" class=\"et_d4_element et_pb_section et_pb_section_3 et_pb_with_background  et_pb_css_mix_blend_mode et_section_regular et_block_section\" >\n\t\t\t\t\n\t\t\t\t\n\t\t\t\t\n\t\t\t\t\n\t\t\t\t\n\t\t\t\t\n\t\t\t\t<div class=\"et_d4_element et_pb_row et_pb_row_9 et_pb_equal_columns  et_pb_css_mix_blend_mode et_block_row\">\n\t\t\t\t<div class=\"et_d4_element et_pb_column_4_4 et_pb_column et_pb_column_12  et_pb_css_mix_blend_mode et-last-child et_block_column\">\n\t\t\t\t\n\t\t\t\t\n\t\t\t\t\n\t\t\t\t\n\t\t\t\t<div class=\"et_pb_module et_d4_element et_pb_icon et_pb_icon_5\">\n\t\t\t\t<a href=\"#three\" ><span class=\"et_pb_icon_wrap \"><span class=\"et-pb-icon\">2<\/span><\/span><\/a>\n\t\t\t<\/div>\n\t\t\t<\/div>\n\t\t\t\t\n\t\t\t\t\n\t\t\t\t\n\t\t\t\t\n\t\t\t<\/div><div class=\"et_d4_element et_pb_row et_pb_row_10 et_pb_equal_columns  et_pb_css_mix_blend_mode et_block_row\">\n\t\t\t\t<div class=\"et_d4_element et_pb_column_1_2 et_pb_column et_pb_column_13  et_pb_css_mix_blend_mode et_block_column\">\n\t\t\t\t\n\t\t\t\t\n\t\t\t\t\n\t\t\t\t\n\t\t\t\t<div class=\"et_pb_module et_d4_element et_pb_text et_pb_text_3  et_pb_text_align_left et_pb_bg_layout_light\">\n\t\t\t\t\n\t\t\t\t\n\t\t\t\t\n\t\t\t\t\n\t\t\t\t<div class=\"et_pb_text_inner\"><p><strong>Andrea:<\/strong><span> <\/span>\"Simone, \u00bfte acuerdas de cuando aqu\u00ed pon\u00edan 'Gianduiotti' en la plaza?\"<\/p>\n<p><strong>Simone:<\/strong><span> <\/span>'\u00a1T\u00edo, no me acordaba de eso! \u00bfC\u00f3mo se llamaban esos pabellones? \u00bfAtrio? Quiz\u00e1 sofocaban un poco la plaza, pero no estaban mal... Eran de Giugiaro, \u00bfno?'.<\/p>\n<p><span><strong>Andrea:<\/strong> \"S\u00ed, creo que s\u00ed, pero sinceramente no me gustaban mucho. Cuando vine aqu\u00ed por primera vez para hablar de la compra del Solferino eran totalmente nuevos...\"<\/span><\/p>\n<p><strong>Simone:<\/strong><span> <\/span>\"\u00bfSabes que a\u00fan recuerdo cuando me hablaste por primera vez de Solferino? No hac\u00eda mucho que trabajaba para ti, poco m\u00e1s de un a\u00f1o. Hab\u00eda empezado en el Monferrino, en marzo de 2006. \u00a1Qu\u00e9 a\u00f1o tan extra\u00f1o! Llevaba meses pensando en las Olimpiadas, quer\u00eda disfrutar de todas las competiciones, estar despierta las 24 horas del d\u00eda, no perderme nada... y en cambio, el 1 de marzo empec\u00e9 en el Monferrino...\".<\/p><\/div>\n\t\t\t<\/div>\n\t\t\t<\/div><div class=\"et_d4_element et_pb_column_1_2 et_pb_column et_pb_column_14  et_pb_css_mix_blend_mode et-last-child et_block_column et_pb_column_empty\">\n\t\t\t\t\n\t\t\t\t\n\t\t\t\t\n\t\t\t\t\n\t\t\t\t\n\t\t\t<\/div>\n\t\t\t\t\n\t\t\t\t\n\t\t\t\t\n\t\t\t\t\n\t\t\t<\/div><div class=\"et_d4_element et_pb_row et_pb_row_11 et_pb_equal_columns  et_pb_css_mix_blend_mode et_block_row\">\n\t\t\t\t<div class=\"et_d4_element et_pb_column_4_4 et_pb_column et_pb_column_15  et_pb_css_mix_blend_mode et-last-child et_block_column\">\n\t\t\t\t\n\t\t\t\t\n\t\t\t\t\n\t\t\t\t\n\t\t\t\t<div class=\"et_pb_module et_d4_element et_pb_icon et_pb_icon_6\">\n\t\t\t\t<a href=\"#five\" ><span class=\"et_pb_icon_wrap \"><span class=\"et-pb-icon\">3<\/span><\/span><\/a>\n\t\t\t<\/div>\n\t\t\t<\/div>\n\t\t\t\t\n\t\t\t\t\n\t\t\t\t\n\t\t\t\t\n\t\t\t<\/div>\n\t\t\t\t\n\t\t\t\t\n\t\t\t<\/div><div id=\"five\" class=\"et_d4_element et_pb_section et_pb_section_4 et_pb_with_background  et_pb_css_mix_blend_mode et_section_regular et_block_section\" >\n\t\t\t\t\n\t\t\t\t\n\t\t\t\t\n\t\t\t\t\n\t\t\t\t\n\t\t\t\t\n\t\t\t\t<div class=\"et_d4_element et_pb_row et_pb_row_12 et_pb_equal_columns  et_pb_css_mix_blend_mode et_block_row\">\n\t\t\t\t<div class=\"et_d4_element et_pb_column_4_4 et_pb_column et_pb_column_16  et_pb_css_mix_blend_mode et-last-child et_block_column\">\n\t\t\t\t\n\t\t\t\t\n\t\t\t\t\n\t\t\t\t\n\t\t\t\t<div class=\"et_pb_module et_d4_element et_pb_icon et_pb_icon_7\">\n\t\t\t\t<a href=\"#four\" ><span class=\"et_pb_icon_wrap \"><span class=\"et-pb-icon\">2<\/span><\/span><\/a>\n\t\t\t<\/div>\n\t\t\t<\/div>\n\t\t\t\t\n\t\t\t\t\n\t\t\t\t\n\t\t\t\t\n\t\t\t<\/div><div class=\"et_d4_element et_pb_row et_pb_row_13 et_pb_equal_columns  et_pb_css_mix_blend_mode et_block_row\">\n\t\t\t\t<div class=\"et_d4_element et_pb_column_1_2 et_pb_column et_pb_column_17  et_pb_css_mix_blend_mode et_block_column et_pb_column_empty\">\n\t\t\t\t\n\t\t\t\t\n\t\t\t\t\n\t\t\t\t\n\t\t\t\t\n\t\t\t<\/div><div class=\"et_d4_element et_pb_column_1_2 et_pb_column et_pb_column_18  et_pb_css_mix_blend_mode et-last-child et_block_column\">\n\t\t\t\t\n\t\t\t\t\n\t\t\t\t\n\t\t\t\t\n\t\t\t\t<div class=\"et_pb_module et_d4_element et_pb_text et_pb_text_4  et_pb_text_align_left et_pb_bg_layout_light\">\n\t\t\t\t\n\t\t\t\t\n\t\t\t\t\n\t\t\t\t\n\t\t\t\t<div class=\"et_pb_text_inner\"><p><strong>Andrea:<\/strong> 'El Monferrino ya era una joya, con esa sala central... Recuerdo que cuando lo vi por primera vez en San Mauro pens\u00e9, \u00a1aqu\u00ed no quiero un dehors, aqu\u00ed quiero una gran sala luminosa! A los clientes les gust\u00f3 enseguida, pero ponerlo en marcha no fue tan f\u00e1cil...\".<\/p>\n<p><strong>Simone:<\/strong> \"\u00a1D\u00edmelo a m\u00ed! Recuerdo, ya sabes, en septiembre, seis meses despu\u00e9s de que te contrataran, c\u00f3mo te temblaba la voz cuando me dijiste que no pod\u00edas retenerme m\u00e1s, que ten\u00eda que mirar a mi alrededor... Luego, qui\u00e9n sabe qu\u00e9 pas\u00f3... Recuerdo que durante el descanso hab\u00eda ido al viejo puente de San Mauro. <\/p><\/div>\n\t\t\t<\/div>\n\t\t\t<\/div>\n\t\t\t\t\n\t\t\t\t\n\t\t\t\t\n\t\t\t\t\n\t\t\t<\/div><div class=\"et_d4_element et_pb_row et_pb_row_14 et_pb_equal_columns  et_pb_css_mix_blend_mode et_block_row\">\n\t\t\t\t<div class=\"et_d4_element et_pb_column_4_4 et_pb_column et_pb_column_19  et_pb_css_mix_blend_mode et-last-child et_block_column\">\n\t\t\t\t\n\t\t\t\t\n\t\t\t\t\n\t\t\t\t\n\t\t\t\t<div class=\"et_pb_module et_d4_element et_pb_icon et_pb_icon_8\">\n\t\t\t\t<a href=\"#six\" ><span class=\"et_pb_icon_wrap \"><span class=\"et-pb-icon\">3<\/span><\/span><\/a>\n\t\t\t<\/div>\n\t\t\t<\/div>\n\t\t\t\t\n\t\t\t\t\n\t\t\t\t\n\t\t\t\t\n\t\t\t<\/div>\n\t\t\t\t\n\t\t\t\t\n\t\t\t<\/div><div id=\"six\" class=\"et_d4_element et_pb_section et_pb_section_5 et_pb_with_background  et_pb_css_mix_blend_mode et_section_regular et_block_section\" >\n\t\t\t\t\n\t\t\t\t\n\t\t\t\t\n\t\t\t\t\n\t\t\t\t\n\t\t\t\t\n\t\t\t\t<div class=\"et_d4_element et_pb_row et_pb_row_15 et_pb_equal_columns  et_pb_css_mix_blend_mode et_block_row\">\n\t\t\t\t<div class=\"et_d4_element et_pb_column_4_4 et_pb_column et_pb_column_20  et_pb_css_mix_blend_mode et-last-child et_block_column\">\n\t\t\t\t\n\t\t\t\t\n\t\t\t\t\n\t\t\t\t\n\t\t\t\t<div class=\"et_pb_module et_d4_element et_pb_icon et_pb_icon_9\">\n\t\t\t\t<a href=\"#five\" ><span class=\"et_pb_icon_wrap \"><span class=\"et-pb-icon\">2<\/span><\/span><\/a>\n\t\t\t<\/div>\n\t\t\t<\/div>\n\t\t\t\t\n\t\t\t\t\n\t\t\t\t\n\t\t\t\t\n\t\t\t<\/div><div class=\"et_d4_element et_pb_row et_pb_row_16 et_pb_equal_columns  et_pb_css_mix_blend_mode et_block_row\">\n\t\t\t\t<div class=\"et_d4_element et_pb_column_1_2 et_pb_column et_pb_column_21  et_pb_css_mix_blend_mode et_block_column\">\n\t\t\t\t\n\t\t\t\t\n\t\t\t\t\n\t\t\t\t\n\t\t\t\t<div class=\"et_pb_module et_d4_element et_pb_text et_pb_text_5  et_pb_text_align_left et_pb_bg_layout_light\">\n\t\t\t\t\n\t\t\t\t\n\t\t\t\t\n\t\t\t\t\n\t\t\t\t<div class=\"et_pb_text_inner\"><p>Un cigarrillo duraba un minuto, una hora, tal vez un a\u00f1o. Pens\u00e9, mirando a la Mole en la distancia, que el mundo era injusto despu\u00e9s de todo, que hab\u00eda entregado mi alma durante aquellos meses. Que no pod\u00eda acabar as\u00ed. Entonces... Puff, aquella noche en la sala, no s\u00e9, tal vez los clientes me hab\u00edan escuchado, tal vez hab\u00edan estado de acuerdo. Desde luego, recuerdo que a partir de aquella noche fue un \u00e9xito, siempre ten\u00edamos la sala llena. Marco, con su fuerza tranquila, me tranquilizaba cada d\u00eda m\u00e1s. Y yo confiaba en \u00e9l: hab\u00eda sido el primero all\u00ed en el Monferrino, lo hab\u00edas querido desde el primer d\u00eda. Y me dijo que mantuviera la calma, que ganar\u00edamos, que el Monferrino se llenar\u00eda todas las noches...\".       <\/p>\n<p><strong>Andrea<\/strong> [riendo]: 'Bueno, si lo dice Marco, \u00a1Ahahah! En fin, ya me dir\u00e1s, lo de mi voz temblorosa, \u00bfpero te acuerdas cuando te dije que quer\u00eda hacerte Director del nuevo Solferino? Ahahahah\"<\/p>\n<p><strong>Simone<\/strong>: 'R\u00edete, r\u00edete. Me estaba acobardando. \u00a1Joder! Y tambi\u00e9n recuerdo cuando me dijiste al a\u00f1o siguiente, en 2008: '\u00a1Bienvenida a la sala de control! Fue todo tan incre\u00edble. Y eso fue hace 10 a\u00f1os... yo ten\u00eda 20\".  <\/p><\/div>\n\t\t\t<\/div>\n\t\t\t<\/div><div class=\"et_d4_element et_pb_column_1_2 et_pb_column et_pb_column_22  et_pb_css_mix_blend_mode et-last-child et_block_column et_pb_column_empty\">\n\t\t\t\t\n\t\t\t\t\n\t\t\t\t\n\t\t\t\t\n\t\t\t\t\n\t\t\t<\/div>\n\t\t\t\t\n\t\t\t\t\n\t\t\t\t\n\t\t\t\t\n\t\t\t<\/div><div class=\"et_d4_element et_pb_row et_pb_row_17 et_pb_equal_columns  et_pb_css_mix_blend_mode et_block_row\">\n\t\t\t\t<div class=\"et_d4_element et_pb_column_4_4 et_pb_column et_pb_column_23  et_pb_css_mix_blend_mode et-last-child et_block_column\">\n\t\t\t\t\n\t\t\t\t\n\t\t\t\t\n\t\t\t\t\n\t\t\t\t<div class=\"et_pb_module et_d4_element et_pb_icon et_pb_icon_10\">\n\t\t\t\t<a href=\"#seven\" ><span class=\"et_pb_icon_wrap \"><span class=\"et-pb-icon\">3<\/span><\/span><\/a>\n\t\t\t<\/div>\n\t\t\t<\/div>\n\t\t\t\t\n\t\t\t\t\n\t\t\t\t\n\t\t\t\t\n\t\t\t<\/div>\n\t\t\t\t\n\t\t\t\t\n\t\t\t<\/div><div id=\"seven\" class=\"et_d4_element et_pb_section et_pb_section_6 et_pb_with_background  et_pb_css_mix_blend_mode et_section_regular et_block_section\" >\n\t\t\t\t\n\t\t\t\t\n\t\t\t\t\n\t\t\t\t\n\t\t\t\t\n\t\t\t\t\n\t\t\t\t<div class=\"et_d4_element et_pb_row et_pb_row_18 et_pb_equal_columns  et_pb_css_mix_blend_mode et_block_row\">\n\t\t\t\t<div class=\"et_d4_element et_pb_column_4_4 et_pb_column et_pb_column_24  et_pb_css_mix_blend_mode et-last-child et_block_column\">\n\t\t\t\t\n\t\t\t\t\n\t\t\t\t\n\t\t\t\t\n\t\t\t\t<div class=\"et_pb_module et_d4_element et_pb_icon et_pb_icon_11\">\n\t\t\t\t<a href=\"#six\" ><span class=\"et_pb_icon_wrap \"><span class=\"et-pb-icon\">2<\/span><\/span><\/a>\n\t\t\t<\/div>\n\t\t\t<\/div>\n\t\t\t\t\n\t\t\t\t\n\t\t\t\t\n\t\t\t\t\n\t\t\t<\/div><div class=\"et_d4_element et_pb_row et_pb_row_19 et_pb_equal_columns  et_pb_css_mix_blend_mode et_block_row\">\n\t\t\t\t<div class=\"et_d4_element et_pb_column_1_2 et_pb_column et_pb_column_25  et_pb_css_mix_blend_mode et_block_column et_pb_column_empty\">\n\t\t\t\t\n\t\t\t\t\n\t\t\t\t\n\t\t\t\t\n\t\t\t\t\n\t\t\t<\/div><div class=\"et_d4_element et_pb_column_1_2 et_pb_column et_pb_column_26  et_pb_css_mix_blend_mode et-last-child et_block_column\">\n\t\t\t\t\n\t\t\t\t\n\t\t\t\t\n\t\t\t\t\n\t\t\t\t<div class=\"et_pb_module et_d4_element et_pb_text et_pb_text_6  et_pb_text_align_left et_pb_bg_layout_light\">\n\t\t\t\t\n\t\t\t\t\n\t\t\t\t\n\t\t\t\t\n\t\t\t\t<div class=\"et_pb_text_inner\"><p><strong>EN LA PLAZA SOLFERINO ENTRE LOS HERMANOS LEHMAN y OSTENSION<\/strong><\/p>\n<p><strong>Andrea:<\/strong><span> <\/span>\"Bueno, eso tambi\u00e9n fue un reto. Y no s\u00f3lo dividir el Monferrino y el Solferino... El Solferino era un lugar hist\u00f3rico. All\u00ed iban los 'Torino bene', las personas m\u00e1s destacadas de la ciudad. Y nosotros, de puntillas, tuvimos que sustituir una gesti\u00f3n hist\u00f3rica...'. <\/p>\n<p><strong>Simone:<\/strong><span> <\/span>'Cada vez que empezaba un servicio, miraba al vest\u00edbulo y pensaba: \u00bflo volveremos a hacer bien hoy? Ahahahah'.<\/p>\n<p><strong>Andrea:<\/strong><span> <\/span>\"Pero nunca nos lo tomamos con calma, justo cuando nos est\u00e1bamos poniendo en marcha, la crisis americana se nos echa encima\".<\/p>\n<p><strong>Simone:<\/strong><span> <\/span>'\u00a1No te quejes, vamos! Los primeros meses es verdad, miedo a las 1000 y la sala se vaciaba, \u00a1pero luego en 2009 volvimos con fuerza! Y luego tambi\u00e9n la Ostensi\u00f3n de 2010...\".<\/p><\/div>\n\t\t\t<\/div>\n\t\t\t<\/div>\n\t\t\t\t\n\t\t\t\t\n\t\t\t\t\n\t\t\t\t\n\t\t\t<\/div><div class=\"et_d4_element et_pb_row et_pb_row_20 et_pb_equal_columns  et_pb_css_mix_blend_mode et_block_row\">\n\t\t\t\t<div class=\"et_d4_element et_pb_column_4_4 et_pb_column et_pb_column_27  et_pb_css_mix_blend_mode et-last-child et_block_column\">\n\t\t\t\t\n\t\t\t\t\n\t\t\t\t\n\t\t\t\t\n\t\t\t\t<div class=\"et_pb_module et_d4_element et_pb_icon et_pb_icon_12\">\n\t\t\t\t<a href=\"#eight\" ><span class=\"et_pb_icon_wrap \"><span class=\"et-pb-icon\">3<\/span><\/span><\/a>\n\t\t\t<\/div>\n\t\t\t<\/div>\n\t\t\t\t\n\t\t\t\t\n\t\t\t\t\n\t\t\t\t\n\t\t\t<\/div>\n\t\t\t\t\n\t\t\t\t\n\t\t\t<\/div><div id=\"eight\" class=\"et_d4_element et_pb_section et_pb_section_7 et_pb_with_background  et_pb_css_mix_blend_mode et_section_regular et_block_section\" >\n\t\t\t\t\n\t\t\t\t\n\t\t\t\t\n\t\t\t\t\n\t\t\t\t\n\t\t\t\t\n\t\t\t\t<div class=\"et_d4_element et_pb_row et_pb_row_21 et_pb_equal_columns  et_pb_css_mix_blend_mode et_block_row\">\n\t\t\t\t<div class=\"et_d4_element et_pb_column_4_4 et_pb_column et_pb_column_28  et_pb_css_mix_blend_mode et-last-child et_block_column\">\n\t\t\t\t\n\t\t\t\t\n\t\t\t\t\n\t\t\t\t\n\t\t\t\t<div class=\"et_pb_module et_d4_element et_pb_icon et_pb_icon_13\">\n\t\t\t\t<a href=\"#seven\" ><span class=\"et_pb_icon_wrap \"><span class=\"et-pb-icon\">2<\/span><\/span><\/a>\n\t\t\t<\/div>\n\t\t\t<\/div>\n\t\t\t\t\n\t\t\t\t\n\t\t\t\t\n\t\t\t\t\n\t\t\t<\/div><div class=\"et_d4_element et_pb_row et_pb_row_22 et_pb_equal_columns  et_pb_css_mix_blend_mode et_block_row\">\n\t\t\t\t<div class=\"et_d4_element et_pb_column_1_2 et_pb_column et_pb_column_29  et_pb_css_mix_blend_mode et_block_column\">\n\t\t\t\t\n\t\t\t\t\n\t\t\t\t\n\t\t\t\t\n\t\t\t\t<div class=\"et_pb_module et_d4_element et_pb_text et_pb_text_7  et_pb_text_align_left et_pb_bg_layout_light\">\n\t\t\t\t\n\t\t\t\t\n\t\t\t\t\n\t\t\t\t\n\t\t\t\t<div class=\"et_pb_text_inner\"><p><strong>Andrea:<\/strong> \"T\u00edo, eso fue cuando te sacaste de la chistera la historia del 7 de 7. Despu\u00e9s de todo, siempre te quise (r\u00ede a carcajadas)\".<\/p>\n<p><strong>Simone:<\/strong> 'Hab\u00eda pensado mucho en ello. Me parec\u00eda un desperdicio no mantener la comida y la cena abiertas todos los d\u00edas en un ambiente tan animado, en una plaza tan bonita. Pero tem\u00eda que la tripulaci\u00f3n se lo tomara a mal, que el sacrificio dominical se considerara un 'sacrilegio'. \u00bfTe acuerdas? Te dije que \u00e9se ten\u00eda que ser NUESTRO Solferino. Un Solferino 7 de 7 - 365 d\u00edas al a\u00f1o\".   <\/p>\n<p><strong>Andrea:<\/strong> '\u00bfLa verdad? Esa idea tuya fue importante para decidirme a comprar el Acebo... Yo quer\u00eda poder trabajar en una plataforma de tres habitaciones y, sinceramente, con el Acebo vi que se cerraba el c\u00edrculo'.<\/p><\/div>\n\t\t\t<\/div>\n\t\t\t<\/div><div class=\"et_d4_element et_pb_column_1_2 et_pb_column et_pb_column_30  et_pb_css_mix_blend_mode et-last-child et_block_column et_pb_column_empty\">\n\t\t\t\t\n\t\t\t\t\n\t\t\t\t\n\t\t\t\t\n\t\t\t\t\n\t\t\t<\/div>\n\t\t\t\t\n\t\t\t\t\n\t\t\t\t\n\t\t\t\t\n\t\t\t<\/div><div class=\"et_d4_element et_pb_row et_pb_row_23 et_pb_equal_columns  et_pb_css_mix_blend_mode et_block_row\">\n\t\t\t\t<div class=\"et_d4_element et_pb_column_4_4 et_pb_column et_pb_column_31  et_pb_css_mix_blend_mode et-last-child et_block_column\">\n\t\t\t\t\n\t\t\t\t\n\t\t\t\t\n\t\t\t\t\n\t\t\t\t<div class=\"et_pb_module et_d4_element et_pb_icon et_pb_icon_14\">\n\t\t\t\t<a href=\"#nine\" ><span class=\"et_pb_icon_wrap \"><span class=\"et-pb-icon\">3<\/span><\/span><\/a>\n\t\t\t<\/div>\n\t\t\t<\/div>\n\t\t\t\t\n\t\t\t\t\n\t\t\t\t\n\t\t\t\t\n\t\t\t<\/div>\n\t\t\t\t\n\t\t\t\t\n\t\t\t<\/div><div id=\"nine\" class=\"et_d4_element et_pb_section et_pb_section_8 et_pb_with_background  et_pb_css_mix_blend_mode et_section_regular et_block_section\" >\n\t\t\t\t\n\t\t\t\t\n\t\t\t\t\n\t\t\t\t\n\t\t\t\t\n\t\t\t\t\n\t\t\t\t<div class=\"et_d4_element et_pb_row et_pb_row_24 et_pb_equal_columns  et_pb_css_mix_blend_mode et_block_row\">\n\t\t\t\t<div class=\"et_d4_element et_pb_column_4_4 et_pb_column et_pb_column_32  et_pb_css_mix_blend_mode et-last-child et_block_column\">\n\t\t\t\t\n\t\t\t\t\n\t\t\t\t\n\t\t\t\t\n\t\t\t\t<div class=\"et_pb_module et_d4_element et_pb_icon et_pb_icon_15\">\n\t\t\t\t<a href=\"#eight\" ><span class=\"et_pb_icon_wrap \"><span class=\"et-pb-icon\">2<\/span><\/span><\/a>\n\t\t\t<\/div>\n\t\t\t<\/div>\n\t\t\t\t\n\t\t\t\t\n\t\t\t\t\n\t\t\t\t\n\t\t\t<\/div><div class=\"et_d4_element et_pb_row et_pb_row_25 et_pb_equal_columns  et_pb_css_mix_blend_mode et_block_row\">\n\t\t\t\t<div class=\"et_d4_element et_pb_column_1_2 et_pb_column et_pb_column_33  et_pb_css_mix_blend_mode et_block_column et_pb_column_empty\">\n\t\t\t\t\n\t\t\t\t\n\t\t\t\t\n\t\t\t\t\n\t\t\t\t\n\t\t\t<\/div><div class=\"et_d4_element et_pb_column_1_2 et_pb_column et_pb_column_34  et_pb_css_mix_blend_mode et-last-child et_block_column\">\n\t\t\t\t\n\t\t\t\t\n\t\t\t\t\n\t\t\t\t\n\t\t\t\t<div class=\"et_pb_module et_d4_element et_pb_text et_pb_text_8  et_pb_text_align_left et_pb_bg_layout_light\">\n\t\t\t\t\n\t\t\t\t\n\t\t\t\t\n\t\t\t\t\n\t\t\t\t<div class=\"et_pb_text_inner\"><p><strong>RESTAURANTES EN EL CENTRO DE LA CIUDAD Y LA \"TRANSFORMACI\u00d3N ARGENTINA\" DE MONFERRINO<\/strong><\/p>\n<p><strong>Simone:<\/strong> \"Una operaci\u00f3n muy bonita, aunque haya sacado a relucir toda la necesidad de reactivar el Monferrino. Me sent\u00ed mal al verlo ahora con pocos clientes, casi todos proyectados para descubrir los clubes del centro...\"<\/p>\n<p><strong>Andrea:<\/strong> 'eh, sabes, todav\u00eda pienso en ello ahora. Fue un pu\u00f1etazo en el est\u00f3mago ver que el 1 de enero de 2013 serv\u00eda el \u00faltimo servicio en el Monferrino. Por supuesto, me gustaba mucho la idea de convertirlo en un restaurante t\u00edpico argentino, pero fue muy duro...'<\/p>\n<p><strong>Simone:<\/strong> 'Bueno, Volver nos aport\u00f3 mucho color, alegr\u00eda y, debo decir, tambi\u00e9n el conocimiento de que el equipo de Andrea Ambrogini no s\u00f3lo pod\u00eda vender Raviolini del plin y Battute di carne cruda'.<\/p><\/div>\n\t\t\t<\/div>\n\t\t\t<\/div>\n\t\t\t\t\n\t\t\t\t\n\t\t\t\t\n\t\t\t\t\n\t\t\t<\/div><div class=\"et_d4_element et_pb_row et_pb_row_26 et_pb_equal_columns  et_pb_css_mix_blend_mode et_block_row\">\n\t\t\t\t<div class=\"et_d4_element et_pb_column_4_4 et_pb_column et_pb_column_35  et_pb_css_mix_blend_mode et-last-child et_block_column\">\n\t\t\t\t\n\t\t\t\t\n\t\t\t\t\n\t\t\t\t\n\t\t\t\t<div class=\"et_pb_module et_d4_element et_pb_icon et_pb_icon_16\">\n\t\t\t\t<a href=\"#ten\" ><span class=\"et_pb_icon_wrap \"><span class=\"et-pb-icon\">3<\/span><\/span><\/a>\n\t\t\t<\/div>\n\t\t\t<\/div>\n\t\t\t\t\n\t\t\t\t\n\t\t\t\t\n\t\t\t\t\n\t\t\t<\/div>\n\t\t\t\t\n\t\t\t\t\n\t\t\t<\/div><div id=\"ten\" class=\"et_d4_element et_pb_section et_pb_section_9 et_pb_with_background  et_pb_css_mix_blend_mode et_section_regular et_block_section\" >\n\t\t\t\t\n\t\t\t\t\n\t\t\t\t\n\t\t\t\t\n\t\t\t\t\n\t\t\t\t\n\t\t\t\t<div class=\"et_d4_element et_pb_row et_pb_row_27 et_pb_equal_columns  et_pb_css_mix_blend_mode et_block_row\">\n\t\t\t\t<div class=\"et_d4_element et_pb_column_4_4 et_pb_column et_pb_column_36  et_pb_css_mix_blend_mode et-last-child et_block_column\">\n\t\t\t\t\n\t\t\t\t\n\t\t\t\t\n\t\t\t\t\n\t\t\t\t<div class=\"et_pb_module et_d4_element et_pb_icon et_pb_icon_17\">\n\t\t\t\t<a href=\"#nine\" ><span class=\"et_pb_icon_wrap \"><span class=\"et-pb-icon\">2<\/span><\/span><\/a>\n\t\t\t<\/div>\n\t\t\t<\/div>\n\t\t\t\t\n\t\t\t\t\n\t\t\t\t\n\t\t\t\t\n\t\t\t<\/div><div class=\"et_d4_element et_pb_row et_pb_row_28 et_pb_equal_columns  et_pb_css_mix_blend_mode et_block_row\">\n\t\t\t\t<div class=\"et_d4_element et_pb_column_1_2 et_pb_column et_pb_column_37  et_pb_css_mix_blend_mode et_block_column\">\n\t\t\t\t\n\t\t\t\t\n\t\t\t\t\n\t\t\t\t\n\t\t\t\t<div class=\"et_pb_module et_d4_element et_pb_text et_pb_text_9  et_pb_text_align_left et_pb_bg_layout_light\">\n\t\t\t\t\n\t\t\t\t\n\t\t\t\t\n\t\t\t\t\n\t\t\t\t<div class=\"et_pb_text_inner\"><p><strong>Andrea:<\/strong> \"Tienes raz\u00f3n, siempre es dif\u00edcil de explicar, pero nuestro trabajo es una combinaci\u00f3n casi qu\u00edmica. Que si un cliente est\u00e1 contento, no es s\u00f3lo por lo que le preparas\".<\/p>\n<p>Andrea y Simone permanecen un rato en silencio, sorben tranquilamente el final del c\u00f3ctel y r\u00e1pidamente ven c\u00f3mo cambia la luz, los reflejos adquieren un color m\u00e1s c\u00e1lido, las sombras se alargan.<\/p>\n<p><strong>Andrea:<\/strong> \"Repasando todo de nuevo, hemos recorrido un largo camino, \u00bfeh? \u00bfY ma\u00f1ana?\"<\/p>\n<p><strong>Simone:<\/strong> \"Andr\u00e9, \u00bfquieres el m\u00edo? No s\u00e9!!!!\"<\/p>\n<p>[Los dos se r\u00eden a carcajadas].<\/p><\/div>\n\t\t\t<\/div>\n\t\t\t<\/div><div class=\"et_d4_element et_pb_column_1_2 et_pb_column et_pb_column_38  et_pb_css_mix_blend_mode et-last-child et_block_column et_pb_column_empty\">\n\t\t\t\t\n\t\t\t\t\n\t\t\t\t\n\t\t\t\t\n\t\t\t\t\n\t\t\t<\/div>\n\t\t\t\t\n\t\t\t\t\n\t\t\t\t\n\t\t\t\t\n\t\t\t<\/div><div class=\"et_d4_element et_pb_row et_pb_row_29 et_pb_equal_columns  et_pb_css_mix_blend_mode et_block_row\">\n\t\t\t\t<div class=\"et_d4_element et_pb_column_4_4 et_pb_column et_pb_column_39  et_pb_css_mix_blend_mode et-last-child et_block_column\">\n\t\t\t\t\n\t\t\t\t\n\t\t\t\t\n\t\t\t\t\n\t\t\t\t<div class=\"et_pb_module et_d4_element et_pb_icon et_pb_icon_18\">\n\t\t\t\t<a href=\"#eleven\" ><span class=\"et_pb_icon_wrap \"><span class=\"et-pb-icon\">3<\/span><\/span><\/a>\n\t\t\t<\/div>\n\t\t\t<\/div>\n\t\t\t\t\n\t\t\t\t\n\t\t\t\t\n\t\t\t\t\n\t\t\t<\/div>\n\t\t\t\t\n\t\t\t\t\n\t\t\t<\/div><div id=\"eleven\" class=\"et_d4_element et_pb_section et_pb_section_10 et_pb_with_background  et_pb_css_mix_blend_mode et_section_regular et_block_section\" >\n\t\t\t\t\n\t\t\t\t\n\t\t\t\t\n\t\t\t\t\n\t\t\t\t\n\t\t\t\t\n\t\t\t\t<div class=\"et_d4_element et_pb_row et_pb_row_30 et_pb_equal_columns  et_pb_css_mix_blend_mode et_block_row\">\n\t\t\t\t<div class=\"et_d4_element et_pb_column_4_4 et_pb_column et_pb_column_40  et_pb_css_mix_blend_mode et-last-child et_block_column\">\n\t\t\t\t\n\t\t\t\t\n\t\t\t\t\n\t\t\t\t\n\t\t\t\t<div class=\"et_pb_module et_d4_element et_pb_icon et_pb_icon_19\">\n\t\t\t\t<a href=\"#ten\" ><span class=\"et_pb_icon_wrap \"><span class=\"et-pb-icon\">2<\/span><\/span><\/a>\n\t\t\t<\/div>\n\t\t\t<\/div>\n\t\t\t\t\n\t\t\t\t\n\t\t\t\t\n\t\t\t\t\n\t\t\t<\/div><div class=\"et_d4_element et_pb_row et_pb_row_31 et_pb_equal_columns  et_pb_css_mix_blend_mode et_block_row\">\n\t\t\t\t<div class=\"et_d4_element et_pb_column_1_2 et_pb_column et_pb_column_41  et_pb_css_mix_blend_mode et_block_column et_pb_column_empty\">\n\t\t\t\t\n\t\t\t\t\n\t\t\t\t\n\t\t\t\t\n\t\t\t\t\n\t\t\t<\/div><div class=\"et_d4_element et_pb_column_1_2 et_pb_column et_pb_column_42  et_pb_css_mix_blend_mode et-last-child et_block_column\">\n\t\t\t\t\n\t\t\t\t\n\t\t\t\t\n\t\t\t\t\n\t\t\t\t<div class=\"et_pb_module et_d4_element et_pb_text et_pb_text_10  et_pb_text_align_left et_pb_bg_layout_light\">\n\t\t\t\t\n\t\t\t\t\n\t\t\t\t\n\t\t\t\t\n\t\t\t\t<div class=\"et_pb_text_inner\"><p><strong>MA\u00d1ANA, A PARTIR DE LA PLAZA SOLFERINO<\/strong><\/p>\n<p><strong>Simone:<\/strong> \"\u00a1Piensa, sin embargo, que despu\u00e9s de vender Agrifoglio, de poner Volver bajo gesti\u00f3n, nos encontramos aqu\u00ed, en Solferino, como si estuvi\u00e9ramos al principio de un nuevo ciclo! En mi opini\u00f3n, esto es lo que somos Grupo Ambrogini, nuestra impronta. \u00bfNo te parece?\"<\/p>\n<p><strong>Andrea:<\/strong> \"Tienes raz\u00f3n, pero cada vez que te replanteas una decisi\u00f3n importante, es como si las anteriores hubieran desaparecido hace tiempo. Piensa en este Dehors, piensa en c\u00f3mo abr\u00eda una vista de la plaza, piensa en la versi\u00f3n veranda, piensa en las limitaciones de hoy, piensa en c\u00f3mo podr\u00edamos replantearlo ma\u00f1ana. No s\u00e9, quiz\u00e1 tengas raz\u00f3n, cuando te encuentras en un lugar pensando en diez a\u00f1os de empresa, te sientes cargado y a la caza de nuevos retos...\".<\/p>\n<p><strong>Simone:<\/strong> \"\u00bfNuevos retos? Andrea... \u00bftienes algo que decirme?\".<\/p><\/div>\n\t\t\t<\/div>\n\t\t\t<\/div>\n\t\t\t\t\n\t\t\t\t\n\t\t\t\t\n\t\t\t\t\n\t\t\t<\/div><div class=\"et_d4_element et_pb_row et_pb_row_32 et_pb_equal_columns  et_pb_css_mix_blend_mode et_block_row\">\n\t\t\t\t<div class=\"et_d4_element et_pb_column_4_4 et_pb_column et_pb_column_43  et_pb_css_mix_blend_mode et-last-child et_block_column\">\n\t\t\t\t\n\t\t\t\t\n\t\t\t\t\n\t\t\t\t\n\t\t\t\t<div class=\"et_pb_module et_d4_element et_pb_icon et_pb_icon_20\">\n\t\t\t\t<a href=\"#one\" ><span class=\"et_pb_icon_wrap \"><span class=\"et-pb-icon\">6<\/span><\/span><\/a>\n\t\t\t<\/div>\n\t\t\t<\/div>\n\t\t\t\t\n\t\t\t\t\n\t\t\t\t\n\t\t\t\t\n\t\t\t<\/div>\n\t\t\t\t\n\t\t\t\t\n\t\t\t<\/div><div class=\"et_d4_element et_pb_section et_pb_section_11 et_animated  et_pb_css_mix_blend_mode et_section_regular et_block_section\" >\n\t\t\t\t\n\t\t\t\t\n\t\t\t\t\n\t\t\t\t\n\t\t\t\t\n\t\t\t\t\n\t\t\t\t<div class=\"et_d4_element et_pb_row et_pb_row_33 et_pb_row_fullwidth et_pb_gutters1  et_pb_css_mix_blend_mode et_block_row\">\n\t\t\t\t<div class=\"et_d4_element et_pb_column_4_4 et_pb_column et_pb_column_44  et_pb_css_mix_blend_mode et-last-child et_block_column\">\n\t\t\t\t\n\t\t\t\t\n\t\t\t\t\n\t\t\t\t\n\t\t\t\t<div class=\"et_pb_module et_d4_element et_pb_image et_pb_image_0\">\n\t\t\t\t\n\t\t\t\t\n\t\t\t\t\n\t\t\t\t\n\t\t\t\t<span class=\"et_pb_image_wrap \"><img loading=\"lazy\" decoding=\"async\" width=\"1920\" height=\"1211\" src=\"https:\/\/ristorantesolferino.com\/wp-content\/uploads\/Simo-Andrea.jpg\" alt=\"\" title=\"\" srcset=\"https:\/\/ristorantesolferino.com\/wp-content\/uploads\/Simo-Andrea.jpg 1920w, https:\/\/ristorantesolferino.com\/wp-content\/uploads\/Simo-Andrea-1280x807.jpg 1280w, https:\/\/ristorantesolferino.com\/wp-content\/uploads\/Simo-Andrea-980x618.jpg 980w, https:\/\/ristorantesolferino.com\/wp-content\/uploads\/Simo-Andrea-480x303.jpg 480w\" sizes=\"(min-width: 0px) and (max-width: 480px) 480px, (min-width: 481px) and (max-width: 980px) 980px, (min-width: 981px) and (max-width: 1280px) 1280px, (min-width: 1281px) 1920px, 100vw\" class=\"wp-image-180449\" \/><\/span>\n\t\t\t<\/div><div class=\"et_pb_module et_d4_element et_pb_text et_pb_text_11  et_pb_text_align_left et_pb_bg_layout_light\">\n\t\t\t\t\n\t\t\t\t\n\t\t\t\t\n\t\t\t\t\n\t\t\t\t<div class=\"et_pb_text_inner\"><h1>Sobre nosotros<\/h1>\n<p>Sentados en el dehors del Solferino, sorben un gintonic mientras contemplan la espl\u00e9ndida plaza. Estamos a finales de septiembre, el oto\u00f1o ha decidido jugar con el follaje, pero la temperatura sigue siendo suave, el aire c\u00e1lido y la luz del sol a\u00fan agradable sobre la piel. <\/p>\n<p>Si no fuera por los colores, podr\u00eda parecer una broma de calendario...<\/p><\/div>\n\t\t\t<\/div>\n\t\t\t<\/div>\n\t\t\t\t\n\t\t\t\t\n\t\t\t\t\n\t\t\t\t\n\t\t\t<\/div>\n\t\t\t\t\n\t\t\t\t\n\t\t\t<\/div><div class=\"et_d4_element et_pb_section et_pb_section_12 et_animated  et_pb_css_mix_blend_mode et_section_regular et_block_section\" >\n\t\t\t\t\n\t\t\t\t\n\t\t\t\t\n\t\t\t\t\n\t\t\t\t\n\t\t\t\t\n\t\t\t\t<div class=\"et_d4_element et_pb_row et_pb_row_34 et_pb_row_fullwidth et_pb_gutters1  et_pb_css_mix_blend_mode et_block_row\">\n\t\t\t\t<div class=\"et_d4_element et_pb_column_4_4 et_pb_column et_pb_column_45  et_pb_css_mix_blend_mode et-last-child et_block_column\">\n\t\t\t\t\n\t\t\t\t\n\t\t\t\t\n\t\t\t\t\n\t\t\t\t<div class=\"et_pb_module et_d4_element et_pb_image et_pb_image_1\">\n\t\t\t\t\n\t\t\t\t\n\t\t\t\t\n\t\t\t\t\n\t\t\t\t<span class=\"et_pb_image_wrap \"><img loading=\"lazy\" decoding=\"async\" width=\"1200\" height=\"790\" src=\"https:\/\/ristorantesolferino.com\/wp-content\/uploads\/Solff.jpg\" alt=\"\" title=\"\" srcset=\"https:\/\/ristorantesolferino.com\/wp-content\/uploads\/Solff.jpg 1200w, https:\/\/ristorantesolferino.com\/wp-content\/uploads\/Solff-980x645.jpg 980w, https:\/\/ristorantesolferino.com\/wp-content\/uploads\/Solff-480x316.jpg 480w\" sizes=\"(min-width: 0px) and (max-width: 480px) 480px, (min-width: 481px) and (max-width: 980px) 980px, (min-width: 981px) 1200px, 100vw\" class=\"wp-image-180439\" \/><\/span>\n\t\t\t<\/div><div class=\"et_pb_module et_d4_element et_pb_text et_pb_text_12  et_pb_text_align_left et_pb_bg_layout_light\">\n\t\t\t\t\n\t\t\t\t\n\t\t\t\t\n\t\t\t\t\n\t\t\t\t<div class=\"et_pb_text_inner\"><p>LAS OLIMPIADAS, EL MONFERRINO Y EL SOLFERINO<\/p>\n<p>&nbsp;<\/p>\n<p>Simone, gerente del restaurante durante a\u00f1os, siente un escalofr\u00edo al recordar el a\u00f1o que despert\u00f3 a Tur\u00edn, 2006.  <span>Fue un a\u00f1o especial para \u00e9l, pero tambi\u00e9n lo fue para Andrea, la propietaria del grupo Ambrogini, que le toma el pelo con preguntas sobre aquella \u00e9poca.<\/span><\/p><\/div>\n\t\t\t<\/div>\n\t\t\t<\/div>\n\t\t\t\t\n\t\t\t\t\n\t\t\t\t\n\t\t\t\t\n\t\t\t<\/div>\n\t\t\t\t\n\t\t\t\t\n\t\t\t<\/div><div class=\"et_d4_element et_pb_section et_pb_section_13 et_animated  et_pb_css_mix_blend_mode et_section_regular et_block_section\" >\n\t\t\t\t\n\t\t\t\t\n\t\t\t\t\n\t\t\t\t\n\t\t\t\t\n\t\t\t\t\n\t\t\t\t<div class=\"et_d4_element et_pb_row et_pb_row_35 et_pb_row_fullwidth et_pb_gutters1  et_pb_css_mix_blend_mode et_block_row\">\n\t\t\t\t<div class=\"et_d4_element et_pb_column_4_4 et_pb_column et_pb_column_46  et_pb_css_mix_blend_mode et-last-child et_block_column\">\n\t\t\t\t\n\t\t\t\t\n\t\t\t\t\n\t\t\t\t\n\t\t\t\t<div class=\"et_pb_module et_d4_element et_pb_image et_pb_image_2\">\n\t\t\t\t\n\t\t\t\t\n\t\t\t\t\n\t\t\t\t\n\t\t\t\t<span class=\"et_pb_image_wrap \"><img loading=\"lazy\" decoding=\"async\" width=\"1800\" height=\"1139\" src=\"https:\/\/ristorantesolferino.com\/wp-content\/uploads\/Olimpiadi-Torino-2006-1.jpg\" alt=\"\" title=\"\" srcset=\"https:\/\/ristorantesolferino.com\/wp-content\/uploads\/Olimpiadi-Torino-2006-1.jpg 1800w, https:\/\/ristorantesolferino.com\/wp-content\/uploads\/Olimpiadi-Torino-2006-1-1280x810.jpg 1280w, https:\/\/ristorantesolferino.com\/wp-content\/uploads\/Olimpiadi-Torino-2006-1-980x620.jpg 980w, https:\/\/ristorantesolferino.com\/wp-content\/uploads\/Olimpiadi-Torino-2006-1-480x304.jpg 480w\" sizes=\"(min-width: 0px) and (max-width: 480px) 480px, (min-width: 481px) and (max-width: 980px) 980px, (min-width: 981px) and (max-width: 1280px) 1280px, (min-width: 1281px) 1800px, 100vw\" class=\"wp-image-180440\" \/><\/span>\n\t\t\t<\/div><div class=\"et_pb_module et_d4_element et_pb_text et_pb_text_13  et_pb_text_align_left et_pb_bg_layout_light\">\n\t\t\t\t\n\t\t\t\t\n\t\t\t\t\n\t\t\t\t\n\t\t\t\t<div class=\"et_pb_text_inner\"><p>2006, el a\u00f1o que trajo los Juegos Ol\u00edmpicos a Tur\u00edn, convirtiendo la ciudad en una peque\u00f1a capital del deporte moderna y eficaz.<br \/>  El metro ha llegado tras muchos retrasos, se han decidido cambios urban\u00edsticos que cambiar\u00e1n muchas partes de la ciudad, el ambiente es tan el\u00e9ctrico como siempre bajo el topo.<br \/>  Quiz\u00e1 desde 1961, a\u00f1o de la exposici\u00f3n del centenario de la Unificaci\u00f3n de Italia, los turineses no hab\u00edan visto puesta a prueba su modestia saboyana.<\/p><\/div>\n\t\t\t<\/div>\n\t\t\t<\/div>\n\t\t\t\t\n\t\t\t\t\n\t\t\t\t\n\t\t\t\t\n\t\t\t<\/div>\n\t\t\t\t\n\t\t\t\t\n\t\t\t<\/div><div class=\"et_d4_element et_pb_section et_pb_section_14 et_animated  et_pb_css_mix_blend_mode et_section_regular et_block_section\" >\n\t\t\t\t\n\t\t\t\t\n\t\t\t\t\n\t\t\t\t\n\t\t\t\t\n\t\t\t\t\n\t\t\t\t<div class=\"et_d4_element et_pb_row et_pb_row_36 et_pb_row_fullwidth et_pb_gutters1  et_pb_css_mix_blend_mode et_block_row\">\n\t\t\t\t<div class=\"et_d4_element et_pb_column_4_4 et_pb_column et_pb_column_47  et_pb_css_mix_blend_mode et-last-child et_block_column\">\n\t\t\t\t\n\t\t\t\t\n\t\t\t\t\n\t\t\t\t\n\t\t\t\t<div class=\"et_pb_module et_d4_element et_pb_image et_pb_image_3\">\n\t\t\t\t\n\t\t\t\t\n\t\t\t\t\n\t\t\t\t\n\t\t\t\t<span class=\"et_pb_image_wrap \"><img loading=\"lazy\" decoding=\"async\" width=\"850\" height=\"1280\" src=\"https:\/\/ristorantesolferino.com\/wp-content\/uploads\/Andrea-web-1.jpg\" alt=\"\" title=\"\" srcset=\"https:\/\/ristorantesolferino.com\/wp-content\/uploads\/Andrea-web-1.jpg 850w, https:\/\/ristorantesolferino.com\/wp-content\/uploads\/Andrea-web-1-480x723.jpg 480w\" sizes=\"(min-width: 0px) and (max-width: 480px) 480px, (min-width: 481px) 850px, 100vw\" class=\"wp-image-180441\" \/><\/span>\n\t\t\t<\/div><div class=\"et_pb_module et_d4_element et_pb_text et_pb_text_14  et_pb_text_align_left et_pb_bg_layout_light\">\n\t\t\t\t\n\t\t\t\t\n\t\t\t\t\n\t\t\t\t\n\t\t\t\t<div class=\"et_pb_text_inner\"><p><strong>Andrea:<\/strong> \"Simone, \u00bfpero te acuerdas de cuando pusieron 'Gianduiotti' aqu\u00ed en la plaza?\".<\/p>\n<p><strong>Simone:<\/strong> \"\u00a1T\u00edo, no me acordaba! \u00bfC\u00f3mo se llamaban esos pabellones? \u00bfAtrio? Quiz\u00e1 sofocaban un poco la plaza, pero no estaban mal... Eran de Giugiaro, \u00bfno?'.<\/p>\n<p><span><strong>Andrea:<\/strong> \"S\u00ed, creo que s\u00ed, pero sinceramente no me gustaban mucho. Cuando vine aqu\u00ed por primera vez para hablar de la compra del Solferino eran totalmente nuevos...\"<\/span><\/p>\n<p><strong>Simone:<\/strong> \"\u00bfSabes que a\u00fan recuerdo cuando me hablaste por primera vez de Solferino? No hac\u00eda mucho que trabajaba para ti, poco m\u00e1s de un a\u00f1o. Hab\u00eda empezado en el Monferrino, en marzo de 2006. \u00a1Qu\u00e9 a\u00f1o tan extra\u00f1o! Llevaba meses pensando en las Olimpiadas, quer\u00eda disfrutar de todas las competiciones, estar despierta las 24 horas del d\u00eda, no perderme nada... y en cambio, el 1 de marzo empec\u00e9 en el Monferrino...\".<\/p><\/div>\n\t\t\t<\/div>\n\t\t\t<\/div>\n\t\t\t\t\n\t\t\t\t\n\t\t\t\t\n\t\t\t\t\n\t\t\t<\/div>\n\t\t\t\t\n\t\t\t\t\n\t\t\t<\/div><div class=\"et_d4_element et_pb_section et_pb_section_15 et_animated  et_pb_css_mix_blend_mode et_section_regular et_block_section\" >\n\t\t\t\t\n\t\t\t\t\n\t\t\t\t\n\t\t\t\t\n\t\t\t\t\n\t\t\t\t\n\t\t\t\t<div class=\"et_d4_element et_pb_row et_pb_row_37 et_pb_row_fullwidth et_pb_gutters1  et_pb_css_mix_blend_mode et_block_row\">\n\t\t\t\t<div class=\"et_d4_element et_pb_column_4_4 et_pb_column et_pb_column_48  et_pb_css_mix_blend_mode et-last-child et_block_column\">\n\t\t\t\t\n\t\t\t\t\n\t\t\t\t\n\t\t\t\t\n\t\t\t\t<div class=\"et_pb_module et_d4_element et_pb_image et_pb_image_4\">\n\t\t\t\t\n\t\t\t\t\n\t\t\t\t\n\t\t\t\t\n\t\t\t\t<span class=\"et_pb_image_wrap \"><img loading=\"lazy\" decoding=\"async\" width=\"850\" height=\"1280\" src=\"https:\/\/ristorantesolferino.com\/wp-content\/uploads\/Simone-web.jpg\" alt=\"\" title=\"\" srcset=\"https:\/\/ristorantesolferino.com\/wp-content\/uploads\/Simone-web.jpg 850w, https:\/\/ristorantesolferino.com\/wp-content\/uploads\/Simone-web-480x723.jpg 480w\" sizes=\"(min-width: 0px) and (max-width: 480px) 480px, (min-width: 481px) 850px, 100vw\" class=\"wp-image-180442\" \/><\/span>\n\t\t\t<\/div><div class=\"et_pb_module et_d4_element et_pb_text et_pb_text_15  et_pb_text_align_left et_pb_bg_layout_light\">\n\t\t\t\t\n\t\t\t\t\n\t\t\t\t\n\t\t\t\t\n\t\t\t\t<div class=\"et_pb_text_inner\"><p><strong>Andrea:<\/strong> 'El Monferrino ya era una joya, con esa sala central... Recuerdo que cuando lo vi por primera vez en San Mauro pens\u00e9, \u00a1aqu\u00ed no quiero un dehors, aqu\u00ed quiero una gran sala luminosa! A los clientes les gust\u00f3 enseguida, pero ponerlo en marcha no fue tan f\u00e1cil...\".<\/p>\n<p> <span><br \/> <strong>Simone:<\/strong><\/span> \"\u00a1D\u00edmelo a m\u00ed! Recuerdo, ya sabes, en septiembre, seis meses despu\u00e9s de que te contrataran, c\u00f3mo te temblaba la voz cuando me dijiste que no pod\u00edas retenerme m\u00e1s, que ten\u00eda que mirar a mi alrededor... Luego, qui\u00e9n sabe qu\u00e9 pas\u00f3... Recuerdo que durante el descanso hab\u00eda ido al viejo puente de San Mauro. <\/p><\/div>\n\t\t\t<\/div>\n\t\t\t<\/div>\n\t\t\t\t\n\t\t\t\t\n\t\t\t\t\n\t\t\t\t\n\t\t\t<\/div>\n\t\t\t\t\n\t\t\t\t\n\t\t\t<\/div><div class=\"et_d4_element et_pb_section et_pb_section_16 et_animated  et_pb_css_mix_blend_mode et_section_regular et_block_section\" >\n\t\t\t\t\n\t\t\t\t\n\t\t\t\t\n\t\t\t\t\n\t\t\t\t\n\t\t\t\t\n\t\t\t\t<div class=\"et_d4_element et_pb_row et_pb_row_38 et_pb_row_fullwidth et_pb_gutters1  et_pb_css_mix_blend_mode et_block_row\">\n\t\t\t\t<div class=\"et_d4_element et_pb_column_4_4 et_pb_column et_pb_column_49  et_pb_css_mix_blend_mode et-last-child et_block_column\">\n\t\t\t\t\n\t\t\t\t\n\t\t\t\t\n\t\t\t\t\n\t\t\t\t<div class=\"et_pb_module et_d4_element et_pb_image et_pb_image_5\">\n\t\t\t\t\n\t\t\t\t\n\t\t\t\t\n\t\t\t\t\n\t\t\t\t<span class=\"et_pb_image_wrap \"><img loading=\"lazy\" decoding=\"async\" width=\"1920\" height=\"1282\" src=\"https:\/\/ristorantesolferino.com\/wp-content\/uploads\/Mole-Antonelliana.jpg\" alt=\"\" title=\"\" srcset=\"https:\/\/ristorantesolferino.com\/wp-content\/uploads\/Mole-Antonelliana.jpg 1920w, https:\/\/ristorantesolferino.com\/wp-content\/uploads\/Mole-Antonelliana-1280x855.jpg 1280w, https:\/\/ristorantesolferino.com\/wp-content\/uploads\/Mole-Antonelliana-980x654.jpg 980w, https:\/\/ristorantesolferino.com\/wp-content\/uploads\/Mole-Antonelliana-480x321.jpg 480w\" sizes=\"(min-width: 0px) and (max-width: 480px) 480px, (min-width: 481px) and (max-width: 980px) 980px, (min-width: 981px) and (max-width: 1280px) 1280px, (min-width: 1281px) 1920px, 100vw\" class=\"wp-image-180443\" \/><\/span>\n\t\t\t<\/div><div class=\"et_pb_module et_d4_element et_pb_text et_pb_text_16  et_pb_text_align_left et_pb_bg_layout_light\">\n\t\t\t\t\n\t\t\t\t\n\t\t\t\t\n\t\t\t\t\n\t\t\t\t<div class=\"et_pb_text_inner\"><p>Un cigarrillo duraba un minuto, una hora, tal vez un a\u00f1o. Pens\u00e9, mirando a la Mole en la distancia, que el mundo era injusto despu\u00e9s de todo, que hab\u00eda entregado mi alma durante aquellos meses. Que no pod\u00eda acabar as\u00ed. Entonces... Puff, aquella noche en la sala, no s\u00e9, tal vez los clientes me hab\u00edan escuchado, tal vez hab\u00edan estado de acuerdo. Desde luego, recuerdo que a partir de aquella noche fue un \u00e9xito, siempre ten\u00edamos la sala llena. Marco, con su fuerza tranquila, me tranquilizaba cada d\u00eda m\u00e1s. Y yo confiaba en \u00e9l: hab\u00eda sido el primero all\u00ed en el Monferrino, lo hab\u00edas querido desde el primer d\u00eda. Y me dijo que mantuviera la calma, que ganar\u00edamos, que el Monferrino se llenar\u00eda todas las noches...\".       <\/p>\n<p><strong>Andrea<\/strong> [riendo]: 'Bueno, si lo dice Marco, \u00a1Ahahah! En fin, ya me dir\u00e1s, lo de mi voz temblorosa, \u00bfpero te acuerdas cuando te dije que quer\u00eda hacerte Director del nuevo Solferino? Ahahahah\"<\/p>\n<p><strong>Simone<\/strong>: 'R\u00edete, r\u00edete. Me estaba acobardando. \u00a1Joder! Y tambi\u00e9n recuerdo cuando me dijiste al a\u00f1o siguiente, en 2008: '\u00a1Bienvenida a la sala de control! Fue todo tan incre\u00edble. Y eso fue hace 10 a\u00f1os... yo ten\u00eda 20\".  <\/p><\/div>\n\t\t\t<\/div>\n\t\t\t<\/div>\n\t\t\t\t\n\t\t\t\t\n\t\t\t\t\n\t\t\t\t\n\t\t\t<\/div>\n\t\t\t\t\n\t\t\t\t\n\t\t\t<\/div><div class=\"et_d4_element et_pb_section et_pb_section_17 et_animated  et_pb_css_mix_blend_mode et_section_regular et_block_section\" >\n\t\t\t\t\n\t\t\t\t\n\t\t\t\t\n\t\t\t\t\n\t\t\t\t\n\t\t\t\t\n\t\t\t\t<div class=\"et_d4_element et_pb_row et_pb_row_39 et_pb_row_fullwidth et_pb_gutters1  et_pb_css_mix_blend_mode et_block_row\">\n\t\t\t\t<div class=\"et_d4_element et_pb_column_4_4 et_pb_column et_pb_column_50  et_pb_css_mix_blend_mode et-last-child et_block_column\">\n\t\t\t\t\n\t\t\t\t\n\t\t\t\t\n\t\t\t\t\n\t\t\t\t<div class=\"et_pb_module et_d4_element et_pb_image et_pb_image_6\">\n\t\t\t\t\n\t\t\t\t\n\t\t\t\t\n\t\t\t\t\n\t\t\t\t<span class=\"et_pb_image_wrap \"><img loading=\"lazy\" decoding=\"async\" width=\"1920\" height=\"651\" src=\"https:\/\/ristorantesolferino.com\/wp-content\/uploads\/sindone-torino.jpg\" alt=\"\" title=\"\" srcset=\"https:\/\/ristorantesolferino.com\/wp-content\/uploads\/sindone-torino.jpg 1920w, https:\/\/ristorantesolferino.com\/wp-content\/uploads\/sindone-torino-1280x434.jpg 1280w, https:\/\/ristorantesolferino.com\/wp-content\/uploads\/sindone-torino-980x332.jpg 980w, https:\/\/ristorantesolferino.com\/wp-content\/uploads\/sindone-torino-480x163.jpg 480w\" sizes=\"(min-width: 0px) and (max-width: 480px) 480px, (min-width: 481px) and (max-width: 980px) 980px, (min-width: 981px) and (max-width: 1280px) 1280px, (min-width: 1281px) 1920px, 100vw\" class=\"wp-image-180444\" \/><\/span>\n\t\t\t<\/div><div class=\"et_pb_module et_d4_element et_pb_text et_pb_text_17  et_pb_text_align_left et_pb_bg_layout_light\">\n\t\t\t\t\n\t\t\t\t\n\t\t\t\t\n\t\t\t\t\n\t\t\t\t<div class=\"et_pb_text_inner\"><p><strong>EN LA PLAZA SOLFERINO ENTRE LOS HERMANOS LEHMAN y OSTENSION<\/strong><\/p>\n<p><strong>Andrea:<\/strong> \"Bueno, eso tambi\u00e9n fue un reto. Y no s\u00f3lo dividir el Monferrino y el Solferino... El Solferino era un club hist\u00f3rico. All\u00ed iban los 'Torino bene', las personas m\u00e1s destacadas de la ciudad. Y nosotros, de puntillas, tuvimos que sustituir a una direcci\u00f3n hist\u00f3rica...'. <\/p>\n<p><strong>Simone:<\/strong> \"Cada vez que empezaba un servicio, miraba a la sala y pensaba: \u00bfvolveremos a hacerlo bien hoy? Ahahahah'.<\/p>\n<p><strong>Andrea:<\/strong> \"Pero nunca nos lo tomamos con calma, justo cuando nos est\u00e1bamos poniendo en marcha, la crisis americana se nos echa encima\".<\/p>\n<p><strong>Simone:<\/strong> '\u00a1No te quejes, vamos! Los primeros meses, es cierto, ten\u00edamos miedo a los 1000 y la sala se vaciaba, \u00a1pero luego en 2009 volvimos con fuerza! Y luego tambi\u00e9n la Ostensi\u00f3n de 2010...'<\/p><\/div>\n\t\t\t<\/div>\n\t\t\t<\/div>\n\t\t\t\t\n\t\t\t\t\n\t\t\t\t\n\t\t\t\t\n\t\t\t<\/div>\n\t\t\t\t\n\t\t\t\t\n\t\t\t<\/div><div class=\"et_d4_element et_pb_section et_pb_section_18 et_animated  et_pb_css_mix_blend_mode et_section_regular et_block_section\" >\n\t\t\t\t\n\t\t\t\t\n\t\t\t\t\n\t\t\t\t\n\t\t\t\t\n\t\t\t\t\n\t\t\t\t<div class=\"et_d4_element et_pb_row et_pb_row_40 et_pb_row_fullwidth et_pb_gutters1  et_pb_css_mix_blend_mode et_block_row\">\n\t\t\t\t<div class=\"et_d4_element et_pb_column_4_4 et_pb_column et_pb_column_51  et_pb_css_mix_blend_mode et-last-child et_block_column\">\n\t\t\t\t\n\t\t\t\t\n\t\t\t\t\n\t\t\t\t\n\t\t\t\t<div class=\"et_pb_module et_d4_element et_pb_image et_pb_image_7\">\n\t\t\t\t\n\t\t\t\t\n\t\t\t\t\n\t\t\t\t\n\t\t\t\t<span class=\"et_pb_image_wrap \"><img loading=\"lazy\" decoding=\"async\" width=\"1920\" height=\"1420\" src=\"https:\/\/ristorantesolferino.com\/wp-content\/uploads\/salaweb.jpg\" alt=\"\" title=\"\" srcset=\"https:\/\/ristorantesolferino.com\/wp-content\/uploads\/salaweb.jpg 1920w, https:\/\/ristorantesolferino.com\/wp-content\/uploads\/salaweb-1280x947.jpg 1280w, https:\/\/ristorantesolferino.com\/wp-content\/uploads\/salaweb-980x725.jpg 980w, https:\/\/ristorantesolferino.com\/wp-content\/uploads\/salaweb-480x355.jpg 480w\" sizes=\"(min-width: 0px) and (max-width: 480px) 480px, (min-width: 481px) and (max-width: 980px) 980px, (min-width: 981px) and (max-width: 1280px) 1280px, (min-width: 1281px) 1920px, 100vw\" class=\"wp-image-180445\" \/><\/span>\n\t\t\t<\/div><div class=\"et_pb_module et_d4_element et_pb_text et_pb_text_18  et_pb_text_align_left et_pb_bg_layout_light\">\n\t\t\t\t\n\t\t\t\t\n\t\t\t\t\n\t\t\t\t\n\t\t\t\t<div class=\"et_pb_text_inner\"><p><strong>Andrea:<\/strong> \"T\u00edo, eso fue cuando te sacaste de la chistera la historia del 7 de 7. Despu\u00e9s de todo, siempre te quise (r\u00ede a carcajadas)\".<\/p>\n<p><strong>Simone:<\/strong> 'Hab\u00eda pensado mucho en ello. Me parec\u00eda un desperdicio no mantener la comida y la cena abiertas todos los d\u00edas en un ambiente tan animado, en una plaza tan bonita. Pero tem\u00eda que la tripulaci\u00f3n se lo tomara a mal, que el sacrificio dominical se considerara 'sacr\u00edlego'. \u00bfTe acuerdas? Te dije que \u00e9se ten\u00eda que ser NUESTRO Solferino. Un Solferino 7 de 7 - 365 d\u00edas al a\u00f1o\".   <\/p>\n<p><strong>Andrea:<\/strong> '\u00bfLa verdad? Esa idea tuya fue importante para decidirme a comprar el Acebo... Yo quer\u00eda poder trabajar en una plataforma de tres habitaciones y, sinceramente, con el Acebo vi que se cerraba el c\u00edrculo'.<\/p><\/div>\n\t\t\t<\/div>\n\t\t\t<\/div>\n\t\t\t\t\n\t\t\t\t\n\t\t\t\t\n\t\t\t\t\n\t\t\t<\/div>\n\t\t\t\t\n\t\t\t\t\n\t\t\t<\/div><div class=\"et_d4_element et_pb_section et_pb_section_19 et_animated  et_pb_css_mix_blend_mode et_section_regular et_block_section\" >\n\t\t\t\t\n\t\t\t\t\n\t\t\t\t\n\t\t\t\t\n\t\t\t\t\n\t\t\t\t\n\t\t\t\t<div class=\"et_d4_element et_pb_row et_pb_row_41 et_pb_row_fullwidth et_pb_gutters1  et_pb_css_mix_blend_mode et_block_row\">\n\t\t\t\t<div class=\"et_d4_element et_pb_column_4_4 et_pb_column et_pb_column_52  et_pb_css_mix_blend_mode et-last-child et_block_column\">\n\t\t\t\t\n\t\t\t\t\n\t\t\t\t\n\t\t\t\t\n\t\t\t\t<div class=\"et_pb_module et_d4_element et_pb_image et_pb_image_8\">\n\t\t\t\t\n\t\t\t\t\n\t\t\t\t\n\t\t\t\t\n\t\t\t\t<span class=\"et_pb_image_wrap \"><img loading=\"lazy\" decoding=\"async\" width=\"1920\" height=\"1106\" src=\"https:\/\/ristorantesolferino.com\/wp-content\/uploads\/volver-sanmauro.jpg\" alt=\"\" title=\"\" srcset=\"https:\/\/ristorantesolferino.com\/wp-content\/uploads\/volver-sanmauro.jpg 1920w, https:\/\/ristorantesolferino.com\/wp-content\/uploads\/volver-sanmauro-1280x737.jpg 1280w, https:\/\/ristorantesolferino.com\/wp-content\/uploads\/volver-sanmauro-980x565.jpg 980w, https:\/\/ristorantesolferino.com\/wp-content\/uploads\/volver-sanmauro-480x277.jpg 480w\" sizes=\"(min-width: 0px) and (max-width: 480px) 480px, (min-width: 481px) and (max-width: 980px) 980px, (min-width: 981px) and (max-width: 1280px) 1280px, (min-width: 1281px) 1920px, 100vw\" class=\"wp-image-180446\" \/><\/span>\n\t\t\t<\/div><div class=\"et_pb_module et_d4_element et_pb_text et_pb_text_19  et_pb_text_align_left et_pb_bg_layout_light\">\n\t\t\t\t\n\t\t\t\t\n\t\t\t\t\n\t\t\t\t\n\t\t\t\t<div class=\"et_pb_text_inner\"><p><strong>RESTAURANTES EN EL CENTRO DE LA CIUDAD Y LA \"TRANSFORMACI\u00d3N ARGENTINA\" DE MONFERRINO<\/strong><\/p>\n<p><strong>Simone:<\/strong> \"Una operaci\u00f3n muy bonita, aunque haya sacado a relucir toda la necesidad de reactivar el Monferrino. Me sent\u00ed mal al verlo ahora con pocos clientes, casi todos proyectados para descubrir los clubes del centro...\"<\/p>\n<p><strong>Andrea:<\/strong> 'eh, sabes, todav\u00eda pienso en ello ahora. Fue un pu\u00f1etazo en el est\u00f3mago ver que el 1 de enero de 2013 serv\u00eda el \u00faltimo servicio en el Monferrino. Por supuesto, me gustaba mucho la idea de convertirlo en un restaurante t\u00edpico argentino, pero fue muy duro...'<\/p>\n<p><strong>Simone:<\/strong> 'Bueno, Volver nos aport\u00f3 mucho color, alegr\u00eda y, debo decir, tambi\u00e9n el conocimiento de que el equipo de Andrea Ambrogini no s\u00f3lo pod\u00eda vender Raviolini del plin y Battute di carne cruda'.<\/p><\/div>\n\t\t\t<\/div>\n\t\t\t<\/div>\n\t\t\t\t\n\t\t\t\t\n\t\t\t\t\n\t\t\t\t\n\t\t\t<\/div>\n\t\t\t\t\n\t\t\t\t\n\t\t\t<\/div><div class=\"et_d4_element et_pb_section et_pb_section_20 et_animated  et_pb_css_mix_blend_mode et_section_regular et_block_section\" >\n\t\t\t\t\n\t\t\t\t\n\t\t\t\t\n\t\t\t\t\n\t\t\t\t\n\t\t\t\t\n\t\t\t\t<div class=\"et_d4_element et_pb_row et_pb_row_42 et_pb_row_fullwidth et_pb_gutters1  et_pb_css_mix_blend_mode et_block_row\">\n\t\t\t\t<div class=\"et_d4_element et_pb_column_4_4 et_pb_column et_pb_column_53  et_pb_css_mix_blend_mode et-last-child et_block_column\">\n\t\t\t\t\n\t\t\t\t\n\t\t\t\t\n\t\t\t\t\n\t\t\t\t<div class=\"et_pb_module et_d4_element et_pb_image et_pb_image_9\">\n\t\t\t\t\n\t\t\t\t\n\t\t\t\t\n\t\t\t\t\n\t\t\t\t<span class=\"et_pb_image_wrap \"><img loading=\"lazy\" decoding=\"async\" width=\"1920\" height=\"1197\" src=\"https:\/\/ristorantesolferino.com\/wp-content\/uploads\/ESTERNI_RistoranteSolferino-1.jpg\" alt=\"\" title=\"\" srcset=\"https:\/\/ristorantesolferino.com\/wp-content\/uploads\/ESTERNI_RistoranteSolferino-1.jpg 1920w, https:\/\/ristorantesolferino.com\/wp-content\/uploads\/ESTERNI_RistoranteSolferino-1-1280x798.jpg 1280w, https:\/\/ristorantesolferino.com\/wp-content\/uploads\/ESTERNI_RistoranteSolferino-1-980x611.jpg 980w, https:\/\/ristorantesolferino.com\/wp-content\/uploads\/ESTERNI_RistoranteSolferino-1-480x299.jpg 480w\" sizes=\"(min-width: 0px) and (max-width: 480px) 480px, (min-width: 481px) and (max-width: 980px) 980px, (min-width: 981px) and (max-width: 1280px) 1280px, (min-width: 1281px) 1920px, 100vw\" class=\"wp-image-180447\" \/><\/span>\n\t\t\t<\/div><div class=\"et_pb_module et_d4_element et_pb_text et_pb_text_20  et_pb_text_align_left et_pb_bg_layout_light\">\n\t\t\t\t\n\t\t\t\t\n\t\t\t\t\n\t\t\t\t\n\t\t\t\t<div class=\"et_pb_text_inner\"><p><strong>Andrea:<\/strong> \"Tienes raz\u00f3n, siempre es dif\u00edcil de explicar, pero nuestro trabajo es una combinaci\u00f3n casi qu\u00edmica. Que si un cliente est\u00e1 contento, no es s\u00f3lo por lo que le preparas\".<\/p>\n<p>Andrea y Simone permanecen un rato en silencio, sorben tranquilamente el final del c\u00f3ctel y r\u00e1pidamente ven c\u00f3mo cambia la luz, los reflejos adquieren un color m\u00e1s c\u00e1lido, las sombras se alargan.<\/p>\n<p><strong>Andrea:<\/strong> \"Repasando todo de nuevo, hemos recorrido un largo camino, \u00bfeh? \u00bfY ma\u00f1ana?\"<\/p>\n<p><strong>Simone:<\/strong> \"Andr\u00e9, \u00bfquieres el m\u00edo? No s\u00e9!!!!\"<\/p>\n<p>[Los dos se r\u00eden a carcajadas].<\/p><\/div>\n\t\t\t<\/div>\n\t\t\t<\/div>\n\t\t\t\t\n\t\t\t\t\n\t\t\t\t\n\t\t\t\t\n\t\t\t<\/div>\n\t\t\t\t\n\t\t\t\t\n\t\t\t<\/div><div class=\"et_d4_element et_pb_section et_pb_section_21 et_animated  et_pb_css_mix_blend_mode et_section_regular et_block_section\" >\n\t\t\t\t\n\t\t\t\t\n\t\t\t\t\n\t\t\t\t\n\t\t\t\t\n\t\t\t\t\n\t\t\t\t<div class=\"et_d4_element et_pb_row et_pb_row_43 et_pb_row_fullwidth et_pb_gutters1  et_pb_css_mix_blend_mode et_block_row\">\n\t\t\t\t<div class=\"et_d4_element et_pb_column_4_4 et_pb_column et_pb_column_54  et_pb_css_mix_blend_mode et-last-child et_block_column\">\n\t\t\t\t\n\t\t\t\t\n\t\t\t\t\n\t\t\t\t\n\t\t\t\t<div class=\"et_pb_module et_d4_element et_pb_image et_pb_image_10\">\n\t\t\t\t\n\t\t\t\t\n\t\t\t\t\n\t\t\t\t\n\t\t\t\t<span class=\"et_pb_image_wrap \"><img loading=\"lazy\" decoding=\"async\" width=\"1920\" height=\"1281\" src=\"https:\/\/ristorantesolferino.com\/wp-content\/uploads\/Solferino0046-1.jpg\" alt=\"\" title=\"\" srcset=\"https:\/\/ristorantesolferino.com\/wp-content\/uploads\/Solferino0046-1.jpg 1920w, https:\/\/ristorantesolferino.com\/wp-content\/uploads\/Solferino0046-1-1280x854.jpg 1280w, https:\/\/ristorantesolferino.com\/wp-content\/uploads\/Solferino0046-1-980x654.jpg 980w, https:\/\/ristorantesolferino.com\/wp-content\/uploads\/Solferino0046-1-480x320.jpg 480w\" sizes=\"(min-width: 0px) and (max-width: 480px) 480px, (min-width: 481px) and (max-width: 980px) 980px, (min-width: 981px) and (max-width: 1280px) 1280px, (min-width: 1281px) 1920px, 100vw\" class=\"wp-image-180450\" \/><\/span>\n\t\t\t<\/div><div class=\"et_pb_module et_d4_element et_pb_text et_pb_text_21  et_pb_text_align_left et_pb_bg_layout_light\">\n\t\t\t\t\n\t\t\t\t\n\t\t\t\t\n\t\t\t\t\n\t\t\t\t<div class=\"et_pb_text_inner\"><p><strong>MA\u00d1ANA, A PARTIR DE LA PLAZA SOLFERINO<\/strong><\/p>\n<p><strong>Simone:<\/strong> \"\u00a1Piensa, sin embargo, que despu\u00e9s de vender Agrifoglio, de poner Volver bajo gesti\u00f3n, nos encontramos aqu\u00ed, en Solferino, como si estuvi\u00e9ramos al principio de un nuevo ciclo! En mi opini\u00f3n, esto es lo que somos Grupo Ambrogini, nuestra impronta. \u00bfNo te parece?\"<\/p>\n<p><strong>Andrea:<\/strong> \"Tienes raz\u00f3n, pero cada vez que te replanteas una decisi\u00f3n importante, es como si las anteriores hubieran desaparecido hace tiempo. Piensa en este Dehors, piensa en c\u00f3mo abr\u00eda una vista de la plaza, piensa en la versi\u00f3n veranda, piensa en las limitaciones de hoy, piensa en c\u00f3mo podr\u00edamos replantearlo ma\u00f1ana. No s\u00e9, quiz\u00e1 tengas raz\u00f3n, cuando te encuentras en un lugar pensando en diez a\u00f1os de empresa, te sientes cargado y a la caza de nuevos retos...\".<\/p>\n<p><strong>Simone:<\/strong> \"\u00bfNuevos retos? Andrea... \u00bftienes algo que decirme?\".<\/p><\/div>\n\t\t\t<\/div>\n\t\t\t<\/div>\n\t\t\t\t\n\t\t\t\t\n\t\t\t\t\n\t\t\t\t\n\t\t\t<\/div>\n\t\t\t\t\n\t\t\t\t\n\t\t\t<\/div><\/p>\n","protected":false},"excerpt":{"rendered":"","protected":false},"author":93,"featured_media":192836,"parent":0,"menu_order":0,"comment_status":"closed","ping_status":"closed","template":"","meta":{"_acf_changed":false,"ngg_post_thumbnail":0,"_et_pb_use_builder":"on","_et_pb_old_content":"","_et_gb_content_width":"","footnotes":""},"class_list":["post-192954","page","type-page","status-publish","has-post-thumbnail","hentry"],"acf":[],"dsm_author":{"name":"Enzo Baril\u00e0","avatar_url":"https:\/\/secure.gravatar.com\/avatar\/24e7e4394a9684676233ee87f0fb25d41736e8b94811bbbb8f4ac7ae7f51c445?s=96&d=mm&r=g","archive_link":"https:\/\/ristorantesolferino.com\/es\/author\/enzowg\/","biodata":""},"dsm_categories":[],"dsm_attachment_categories":[],"dsm_featured_image":{"thumbnail":"https:\/\/ristorantesolferino.com\/wp-content\/uploads\/Foto-Gruppo-Solferino-1280-150x150.jpeg","medium":"https:\/\/ristorantesolferino.com\/wp-content\/uploads\/Foto-Gruppo-Solferino-1280-300x199.jpeg","medium_large":"https:\/\/ristorantesolferino.com\/wp-content\/uploads\/Foto-Gruppo-Solferino-1280-768x510.jpeg","large":"https:\/\/ristorantesolferino.com\/wp-content\/uploads\/Foto-Gruppo-Solferino-1280-1024x680.jpeg","1536x1536":"https:\/\/ristorantesolferino.com\/wp-content\/uploads\/Foto-Gruppo-Solferino-1280.jpeg","2048x2048":"https:\/\/ristorantesolferino.com\/wp-content\/uploads\/Foto-Gruppo-Solferino-1280.jpeg","et-pb-post-main-image":"https:\/\/ristorantesolferino.com\/wp-content\/uploads\/Foto-Gruppo-Solferino-1280-400x250.jpeg","et-pb-post-main-image-fullwidth":"https:\/\/ristorantesolferino.com\/wp-content\/uploads\/Foto-Gruppo-Solferino-1280-1080x675.jpeg","et-pb-portfolio-image":"https:\/\/ristorantesolferino.com\/wp-content\/uploads\/Foto-Gruppo-Solferino-1280-400x284.jpeg","et-pb-portfolio-module-image":"https:\/\/ristorantesolferino.com\/wp-content\/uploads\/Foto-Gruppo-Solferino-1280-510x382.jpeg","et-pb-portfolio-image-single":"https:\/\/ristorantesolferino.com\/wp-content\/uploads\/Foto-Gruppo-Solferino-1280-1080x717.jpeg","et-pb-gallery-module-image-portrait":"https:\/\/ristorantesolferino.com\/wp-content\/uploads\/Foto-Gruppo-Solferino-1280-400x516.jpeg","et-pb-post-main-image-fullwidth-large":"https:\/\/ristorantesolferino.com\/wp-content\/uploads\/Foto-Gruppo-Solferino-1280.jpeg","et-pb-image--responsive--desktop":"https:\/\/ristorantesolferino.com\/wp-content\/uploads\/Foto-Gruppo-Solferino-1280.jpeg","et-pb-image--responsive--tablet":"https:\/\/ristorantesolferino.com\/wp-content\/uploads\/Foto-Gruppo-Solferino-1280-980x651.jpeg","et-pb-image--responsive--phone":"https:\/\/ristorantesolferino.com\/wp-content\/uploads\/Foto-Gruppo-Solferino-1280-480x319.jpeg","woocommerce_thumbnail":"https:\/\/ristorantesolferino.com\/wp-content\/uploads\/Foto-Gruppo-Solferino-1280-400x400.jpeg","woocommerce_single":"https:\/\/ristorantesolferino.com\/wp-content\/uploads\/Foto-Gruppo-Solferino-1280-510x339.jpeg","woocommerce_gallery_thumbnail":"https:\/\/ristorantesolferino.com\/wp-content\/uploads\/Foto-Gruppo-Solferino-1280-100x100.jpeg","full":"https:\/\/ristorantesolferino.com\/wp-content\/uploads\/Foto-Gruppo-Solferino-1280.jpeg"},"dsm_comment_count":0,"yoast_head":"<!-- This site is optimized with the Yoast SEO plugin v28.3 - https:\/\/yoast.com\/product\/yoast-seo-wordpress\/ -->\n<title>Qui\u00e9nes somos - Ristorante Solferino - Cucina Piemontese Torino<\/title>\n<meta name=\"robots\" content=\"index, follow, max-snippet:-1, max-image-preview:large, max-video-preview:-1\" \/>\n<link rel=\"canonical\" href=\"https:\/\/ristorantesolferino.com\/es\/quienes-somos\/\" \/>\n<meta property=\"og:locale\" content=\"es_ES\" \/>\n<meta property=\"og:type\" content=\"article\" \/>\n<meta property=\"og:title\" content=\"Qui\u00e9nes somos - Ristorante Solferino - Cucina Piemontese Torino\" \/>\n<meta property=\"og:url\" content=\"https:\/\/ristorantesolferino.com\/es\/quienes-somos\/\" \/>\n<meta property=\"og:site_name\" content=\"Ristorante Solferino - Cucina Piemontese Torino\" \/>\n<meta property=\"article:publisher\" content=\"https:\/\/www.facebook.com\/@ristorantesolferino\" \/>\n<meta property=\"article:modified_time\" content=\"2026-04-16T23:19:03+00:00\" \/>\n<meta property=\"og:image\" content=\"https:\/\/ristorantesolferino.com\/wp-content\/uploads\/Foto-Gruppo-Solferino-1280.jpeg\" \/>\n\t<meta property=\"og:image:width\" content=\"1280\" \/>\n\t<meta property=\"og:image:height\" content=\"850\" \/>\n\t<meta property=\"og:image:type\" content=\"image\/jpeg\" \/>\n<meta name=\"twitter:card\" content=\"summary_large_image\" \/>\n<meta name=\"twitter:label1\" content=\"Tiempo de lectura\" \/>\n\t<meta name=\"twitter:data1\" content=\"39 minutos\" \/>\n<script type=\"application\/ld+json\" class=\"yoast-schema-graph\">{\"@context\":\"https:\\\/\\\/schema.org\",\"@graph\":[{\"@type\":\"WebPage\",\"@id\":\"https:\\\/\\\/ristorantesolferino.com\\\/es\\\/quienes-somos\\\/\",\"url\":\"https:\\\/\\\/ristorantesolferino.com\\\/es\\\/quienes-somos\\\/\",\"name\":\"Qui\u00e9nes somos - Ristorante Solferino - Cucina Piemontese Torino\",\"isPartOf\":{\"@id\":\"https:\\\/\\\/ristorantesolferino.com\\\/es\\\/#website\"},\"primaryImageOfPage\":{\"@id\":\"https:\\\/\\\/ristorantesolferino.com\\\/es\\\/quienes-somos\\\/#primaryimage\"},\"image\":{\"@id\":\"https:\\\/\\\/ristorantesolferino.com\\\/es\\\/quienes-somos\\\/#primaryimage\"},\"thumbnailUrl\":\"https:\\\/\\\/ristorantesolferino.com\\\/wp-content\\\/uploads\\\/Foto-Gruppo-Solferino-1280.jpeg\",\"datePublished\":\"2022-10-02T01:29:22+00:00\",\"dateModified\":\"2026-04-16T23:19:03+00:00\",\"breadcrumb\":{\"@id\":\"https:\\\/\\\/ristorantesolferino.com\\\/es\\\/quienes-somos\\\/#breadcrumb\"},\"inLanguage\":\"es\",\"potentialAction\":[{\"@type\":\"ReadAction\",\"target\":[\"https:\\\/\\\/ristorantesolferino.com\\\/es\\\/quienes-somos\\\/\"]}]},{\"@type\":\"ImageObject\",\"inLanguage\":\"es\",\"@id\":\"https:\\\/\\\/ristorantesolferino.com\\\/es\\\/quienes-somos\\\/#primaryimage\",\"url\":\"https:\\\/\\\/ristorantesolferino.com\\\/wp-content\\\/uploads\\\/Foto-Gruppo-Solferino-1280.jpeg\",\"contentUrl\":\"https:\\\/\\\/ristorantesolferino.com\\\/wp-content\\\/uploads\\\/Foto-Gruppo-Solferino-1280.jpeg\",\"width\":1280,\"height\":850},{\"@type\":\"BreadcrumbList\",\"@id\":\"https:\\\/\\\/ristorantesolferino.com\\\/es\\\/quienes-somos\\\/#breadcrumb\",\"itemListElement\":[{\"@type\":\"ListItem\",\"position\":1,\"name\":\"Home\",\"item\":\"https:\\\/\\\/ristorantesolferino.com\\\/es\\\/home-4-2-2\\\/\"},{\"@type\":\"ListItem\",\"position\":2,\"name\":\"Qui\u00e9nes somos\"}]},{\"@type\":\"WebSite\",\"@id\":\"https:\\\/\\\/ristorantesolferino.com\\\/es\\\/#website\",\"url\":\"https:\\\/\\\/ristorantesolferino.com\\\/es\\\/\",\"name\":\"Ristorante Solferino - Cucina Piemontese Torino\",\"description\":\"Il Tuo Ristorante nel Centro di Torino - Cucina Tipica Piemontese\",\"publisher\":{\"@id\":\"https:\\\/\\\/ristorantesolferino.com\\\/es\\\/#organization\"},\"potentialAction\":[{\"@type\":\"SearchAction\",\"target\":{\"@type\":\"EntryPoint\",\"urlTemplate\":\"https:\\\/\\\/ristorantesolferino.com\\\/es\\\/?s={search_term_string}\"},\"query-input\":{\"@type\":\"PropertyValueSpecification\",\"valueRequired\":true,\"valueName\":\"search_term_string\"}}],\"inLanguage\":\"es\"},{\"@type\":\"Organization\",\"@id\":\"https:\\\/\\\/ristorantesolferino.com\\\/es\\\/#organization\",\"name\":\"Ristorante Solferino - Cucina Piemontese Torino\",\"url\":\"https:\\\/\\\/ristorantesolferino.com\\\/es\\\/\",\"logo\":{\"@type\":\"ImageObject\",\"inLanguage\":\"es\",\"@id\":\"https:\\\/\\\/ristorantesolferino.com\\\/es\\\/#\\\/schema\\\/logo\\\/image\\\/\",\"url\":\"https:\\\/\\\/ristorantesolferino.com\\\/wp-content\\\/uploads\\\/2017\\\/11\\\/logo-contatti.png\",\"contentUrl\":\"https:\\\/\\\/ristorantesolferino.com\\\/wp-content\\\/uploads\\\/2017\\\/11\\\/logo-contatti.png\",\"width\":262,\"height\":143,\"caption\":\"Ristorante Solferino - Cucina Piemontese Torino\"},\"image\":{\"@id\":\"https:\\\/\\\/ristorantesolferino.com\\\/es\\\/#\\\/schema\\\/logo\\\/image\\\/\"},\"sameAs\":[\"https:\\\/\\\/www.facebook.com\\\/@ristorantesolferino\"]}]}<\/script>\n<!-- \/ Yoast SEO plugin. -->","yoast_head_json":{"title":"Qui\u00e9nes somos - Ristorante Solferino - Cucina Piemontese Torino","robots":{"index":"index","follow":"follow","max-snippet":"max-snippet:-1","max-image-preview":"max-image-preview:large","max-video-preview":"max-video-preview:-1"},"canonical":"https:\/\/ristorantesolferino.com\/es\/quienes-somos\/","og_locale":"es_ES","og_type":"article","og_title":"Qui\u00e9nes somos - Ristorante Solferino - Cucina Piemontese Torino","og_url":"https:\/\/ristorantesolferino.com\/es\/quienes-somos\/","og_site_name":"Ristorante Solferino - Cucina Piemontese Torino","article_publisher":"https:\/\/www.facebook.com\/@ristorantesolferino","article_modified_time":"2026-04-16T23:19:03+00:00","og_image":[{"width":1280,"height":850,"url":"https:\/\/ristorantesolferino.com\/wp-content\/uploads\/Foto-Gruppo-Solferino-1280.jpeg","type":"image\/jpeg"}],"twitter_card":"summary_large_image","twitter_misc":{"Tiempo de lectura":"39 minutos"},"schema":{"@context":"https:\/\/schema.org","@graph":[{"@type":"WebPage","@id":"https:\/\/ristorantesolferino.com\/es\/quienes-somos\/","url":"https:\/\/ristorantesolferino.com\/es\/quienes-somos\/","name":"Qui\u00e9nes somos - Ristorante Solferino - Cucina Piemontese Torino","isPartOf":{"@id":"https:\/\/ristorantesolferino.com\/es\/#website"},"primaryImageOfPage":{"@id":"https:\/\/ristorantesolferino.com\/es\/quienes-somos\/#primaryimage"},"image":{"@id":"https:\/\/ristorantesolferino.com\/es\/quienes-somos\/#primaryimage"},"thumbnailUrl":"https:\/\/ristorantesolferino.com\/wp-content\/uploads\/Foto-Gruppo-Solferino-1280.jpeg","datePublished":"2022-10-02T01:29:22+00:00","dateModified":"2026-04-16T23:19:03+00:00","breadcrumb":{"@id":"https:\/\/ristorantesolferino.com\/es\/quienes-somos\/#breadcrumb"},"inLanguage":"es","potentialAction":[{"@type":"ReadAction","target":["https:\/\/ristorantesolferino.com\/es\/quienes-somos\/"]}]},{"@type":"ImageObject","inLanguage":"es","@id":"https:\/\/ristorantesolferino.com\/es\/quienes-somos\/#primaryimage","url":"https:\/\/ristorantesolferino.com\/wp-content\/uploads\/Foto-Gruppo-Solferino-1280.jpeg","contentUrl":"https:\/\/ristorantesolferino.com\/wp-content\/uploads\/Foto-Gruppo-Solferino-1280.jpeg","width":1280,"height":850},{"@type":"BreadcrumbList","@id":"https:\/\/ristorantesolferino.com\/es\/quienes-somos\/#breadcrumb","itemListElement":[{"@type":"ListItem","position":1,"name":"Home","item":"https:\/\/ristorantesolferino.com\/es\/home-4-2-2\/"},{"@type":"ListItem","position":2,"name":"Qui\u00e9nes somos"}]},{"@type":"WebSite","@id":"https:\/\/ristorantesolferino.com\/es\/#website","url":"https:\/\/ristorantesolferino.com\/es\/","name":"Ristorante Solferino - Cucina Piemontese Torino","description":"Il Tuo Ristorante nel Centro di Torino - Cucina Tipica Piemontese","publisher":{"@id":"https:\/\/ristorantesolferino.com\/es\/#organization"},"potentialAction":[{"@type":"SearchAction","target":{"@type":"EntryPoint","urlTemplate":"https:\/\/ristorantesolferino.com\/es\/?s={search_term_string}"},"query-input":{"@type":"PropertyValueSpecification","valueRequired":true,"valueName":"search_term_string"}}],"inLanguage":"es"},{"@type":"Organization","@id":"https:\/\/ristorantesolferino.com\/es\/#organization","name":"Ristorante Solferino - Cucina Piemontese Torino","url":"https:\/\/ristorantesolferino.com\/es\/","logo":{"@type":"ImageObject","inLanguage":"es","@id":"https:\/\/ristorantesolferino.com\/es\/#\/schema\/logo\/image\/","url":"https:\/\/ristorantesolferino.com\/wp-content\/uploads\/2017\/11\/logo-contatti.png","contentUrl":"https:\/\/ristorantesolferino.com\/wp-content\/uploads\/2017\/11\/logo-contatti.png","width":262,"height":143,"caption":"Ristorante Solferino - Cucina Piemontese Torino"},"image":{"@id":"https:\/\/ristorantesolferino.com\/es\/#\/schema\/logo\/image\/"},"sameAs":["https:\/\/www.facebook.com\/@ristorantesolferino"]}]}},"_links":{"self":[{"href":"https:\/\/ristorantesolferino.com\/es\/wp-json\/wp\/v2\/pages\/192954","targetHints":{"allow":["GET"]}}],"collection":[{"href":"https:\/\/ristorantesolferino.com\/es\/wp-json\/wp\/v2\/pages"}],"about":[{"href":"https:\/\/ristorantesolferino.com\/es\/wp-json\/wp\/v2\/types\/page"}],"author":[{"embeddable":true,"href":"https:\/\/ristorantesolferino.com\/es\/wp-json\/wp\/v2\/users\/93"}],"replies":[{"embeddable":true,"href":"https:\/\/ristorantesolferino.com\/es\/wp-json\/wp\/v2\/comments?post=192954"}],"version-history":[{"count":5,"href":"https:\/\/ristorantesolferino.com\/es\/wp-json\/wp\/v2\/pages\/192954\/revisions"}],"predecessor-version":[{"id":192959,"href":"https:\/\/ristorantesolferino.com\/es\/wp-json\/wp\/v2\/pages\/192954\/revisions\/192959"}],"wp:featuredmedia":[{"embeddable":true,"href":"https:\/\/ristorantesolferino.com\/es\/wp-json\/wp\/v2\/media\/192836"}],"wp:attachment":[{"href":"https:\/\/ristorantesolferino.com\/es\/wp-json\/wp\/v2\/media?parent=192954"}],"curies":[{"name":"wp","href":"https:\/\/api.w.org\/{rel}","templated":true}]}}