{"id":187999,"date":"2025-03-19T15:24:25","date_gmt":"2025-03-19T14:24:25","guid":{"rendered":"https:\/\/ristorantesolferino.com\/piazza-solferino-vino-arte-e-magia\/"},"modified":"2026-02-12T20:54:53","modified_gmt":"2026-02-12T19:54:53","slug":"piazza-solferino-vino-arte-e-magia","status":"publish","type":"page","link":"https:\/\/ristorantesolferino.com\/en\/piazza-solferino-vino-arte-e-magia\/","title":{"rendered":"Piazza Solferino, la Fontana Angelica e I Vini del Ristorante Solferino"},"content":{"rendered":"<p><div id=\"storie\" class=\"et_d4_element et_pb_section et_pb_section_0 et_pb_with_background  et_pb_css_mix_blend_mode et_section_regular et_block_section\" >\n\t\t\t\t\n\t\t\t\t\n\t\t\t\t\n\t\t\t\t\n\t\t\t\t\n\t\t\t\t\n\t\t\t\t<div class=\"et_d4_element et_pb_row et_pb_row_0  et_pb_css_mix_blend_mode et_block_row\">\n\t\t\t\t<div class=\"et_d4_element et_pb_column_4_4 et_pb_column et_pb_column_0  et_pb_css_mix_blend_mode et-last-child et_block_column\">\n\t\t\t\t\n\t\t\t\t\n\t\t\t\t\n\t\t\t\t\n\t\t\t\t<div class=\"et_pb_module et_d4_element et_pb_text et_pb_text_0  et_pb_text_align_center et_pb_bg_layout_light\">\n\t\t\t\t\n\t\t\t\t\n\t\t\t\t\n\t\t\t\t\n\t\t\t\t<div class=\"et_pb_text_inner\"><h1>Storie di vino arte e magia<\/h1>\n<h2>Piazza Solferino, la Fontana Angelica e I Vini del Ristorante Solferino<\/h2><\/div>\n\t\t\t<\/div>\n\t\t\t<\/div>\n\t\t\t\t\n\t\t\t\t\n\t\t\t\t\n\t\t\t\t\n\t\t\t<\/div><div class=\"et_d4_element et_pb_row et_pb_row_1  et_pb_css_mix_blend_mode et_block_row\">\n\t\t\t\t<div class=\"et_d4_element et_pb_column_4_4 et_pb_column et_pb_column_1  et_pb_css_mix_blend_mode et-last-child et_block_column\">\n\t\t\t\t\n\t\t\t\t\n\t\t\t\t\n\t\t\t\t\n\t\t\t\t<div class=\"et_pb_with_border et_pb_module et_d4_element et_pb_image et_pb_image_0\">\n\t\t\t\t\n\t\t\t\t\n\t\t\t\t\n\t\t\t\t\n\t\t\t\t<span class=\"et_pb_image_wrap \"><img decoding=\"async\" width=\"2560\" height=\"1253\" src=\"https:\/\/ristorantesolferino.com\/wp-content\/uploads\/Vini-Ristoranre-Solferoino-Torino-2560-1.jpg\" alt=\"\" title=\"Vini-Ristoranre-Solferoino-Torino-2560-1\" srcset=\"https:\/\/ristorantesolferino.com\/wp-content\/uploads\/Vini-Ristoranre-Solferoino-Torino-2560-1.jpg 2560w, https:\/\/ristorantesolferino.com\/wp-content\/uploads\/Vini-Ristoranre-Solferoino-Torino-2560-1-1280x627.jpg 1280w, https:\/\/ristorantesolferino.com\/wp-content\/uploads\/Vini-Ristoranre-Solferoino-Torino-2560-1-980x480.jpg 980w, https:\/\/ristorantesolferino.com\/wp-content\/uploads\/Vini-Ristoranre-Solferoino-Torino-2560-1-480x235.jpg 480w\" sizes=\"(min-width: 0px) and (max-width: 480px) 480px, (min-width: 481px) and (max-width: 980px) 980px, (min-width: 981px) and (max-width: 1280px) 1280px, (min-width: 1281px) 2560px, 100vw\" class=\"wp-image-186593\" \/><\/span>\n\t\t\t<\/div>\n\t\t\t<\/div>\n\t\t\t\t\n\t\t\t\t\n\t\t\t\t\n\t\t\t\t\n\t\t\t<\/div>\n\t\t\t\t\n\t\t\t\t\n\t\t\t<\/div><div class=\"et_d4_element et_pb_section et_pb_section_1 et_pb_with_background  et_pb_css_mix_blend_mode et_section_regular et_block_section\" >\n\t\t\t\t\n\t\t\t\t\n\t\t\t\t\n\t\t\t\t\n\t\t\t\t\n\t\t\t\t\n\t\t\t\t<div class=\"et_d4_element et_pb_row et_pb_row_2  et_pb_css_mix_blend_mode et_block_row\">\n\t\t\t\t<div class=\"et_d4_element et_pb_column_4_4 et_pb_column et_pb_column_2  et_pb_css_mix_blend_mode et-last-child et_block_column\">\n\t\t\t\t\n\t\t\t\t\n\t\t\t\t\n\t\t\t\t\n\t\t\t\t<div class=\"et_pb_module et_d4_element et_pb_text et_pb_text_1  et_pb_text_align_center et_pb_bg_layout_light\">\n\t\t\t\t\n\t\t\t\t\n\t\t\t\t\n\t\t\t\t\n\t\t\t\t<div class=\"et_pb_text_inner\"><h1>Storie di vino<br \/>arte e magia<\/h1>\n<h2>La Piazza, la Fontana Angelica e i Vini del Ristorante Solferino<\/h2><\/div>\n\t\t\t<\/div>\n\t\t\t<\/div>\n\t\t\t\t\n\t\t\t\t\n\t\t\t\t\n\t\t\t\t\n\t\t\t<\/div>\n\t\t\t\t\n\t\t\t\t\n\t\t\t<\/div><div class=\"et_d4_element et_pb_section et_pb_section_2 et_pb_with_background  et_pb_css_mix_blend_mode et_section_regular et_block_section\" >\n\t\t\t\t\n\t\t\t\t\n\t\t\t\t\n\t\t\t\t\n\t\t\t\t\n\t\t\t\t\n\t\t\t\t<div class=\"et_d4_element et_pb_row et_pb_row_3 et_pb_equal_columns et_pb_gutters2  et_pb_css_mix_blend_mode et_block_row\">\n\t\t\t\t<div class=\"et_pb_with_border et_pb_column_1_3 et_d4_element et_pb_column et_pb_column_3  et_pb_css_mix_blend_mode et_block_column\">\n\t\t\t\t\n\t\t\t\t\n\t\t\t\t\n\t\t\t\t\n\t\t\t\t<div class=\"et_pb_module et_d4_element et_pb_text et_pb_text_2  et_pb_text_align_left et_pb_bg_layout_light\">\n\t\t\t\t\n\t\t\t\t\n\t\t\t\t\n\t\t\t\t\n\t\t\t\t<div class=\"et_pb_text_inner\"><h4>Piazza Solferino<\/h4>\n<h3>ARTE<\/h3><\/div>\n\t\t\t<\/div><div class=\"et_pb_module et_d4_element et_pb_divider et_pb_divider_0 et_pb_space\"><div class=\"et_pb_divider_internal\"><\/div><\/div><div class=\"et_pb_module et_d4_element et_pb_text et_pb_text_3  et_pb_text_align_left et_pb_bg_layout_light\">\n\t\t\t\t\n\t\t\t\t\n\t\t\t\t\n\t\t\t\t\n\t\t\t\t<div class=\"et_pb_text_inner\"><p>Benvenuti nella storia unica e affascinante di Piazza Solferino, dove l'arte, la cultura e la tradizione si fondono nei nostri vini esclusivi.<\/p><\/div>\n\t\t\t<\/div><div class=\"et_pb_button_module_wrapper et_pb_button_0_wrapper  et_pb_module \">\n\t\t\t\t<a class=\"et_pb_button et_d4_element et_pb_button_0 et_pb_bg_layout_light et_block_module\" href=\"#arte\">Scopri...<\/a>\n\t\t\t<\/div>\n\t\t\t<\/div><div class=\"et_pb_with_border et_pb_column_1_3 et_d4_element et_pb_column et_pb_column_4  et_pb_css_mix_blend_mode et_block_column\">\n\t\t\t\t\n\t\t\t\t\n\t\t\t\t\n\t\t\t\t\n\t\t\t\t<div class=\"et_pb_module et_d4_element et_pb_text et_pb_text_4  et_pb_text_align_left et_pb_bg_layout_light\">\n\t\t\t\t\n\t\t\t\t\n\t\t\t\t\n\t\t\t\t\n\t\t\t\t<div class=\"et_pb_text_inner\"><h4>La Fontana Angelica<\/h4>\n<h3>MAGIA<\/h3><\/div>\n\t\t\t<\/div><div class=\"et_pb_module et_d4_element et_pb_divider et_pb_divider_1 et_pb_space\"><div class=\"et_pb_divider_internal\"><\/div><\/div><div class=\"et_pb_module et_d4_element et_pb_text et_pb_text_5  et_pb_text_align_left et_pb_bg_layout_light\">\n\t\t\t\t\n\t\t\t\t\n\t\t\t\t\n\t\t\t\t\n\t\t\t\t<div class=\"et_pb_text_inner\"><p>Lasciatevi trasportare attraverso i misteri nascosti e i sapori autentici di Torino in uno dei luoghi pi\u00f9 affascinanti e simbolici della citt\u00e0.<a href=\"#magia\"><\/a><\/p><\/div>\n\t\t\t<\/div><div class=\"et_pb_button_module_wrapper et_pb_button_1_wrapper  et_pb_module \">\n\t\t\t\t<a class=\"et_pb_button et_d4_element et_pb_button_1 et_pb_bg_layout_light et_block_module\" href=\"#magia\">Scopri...<\/a>\n\t\t\t<\/div>\n\t\t\t<\/div><div class=\"et_pb_with_border et_pb_column_1_3 et_d4_element et_pb_column et_pb_column_5  et_pb_css_mix_blend_mode et-last-child et_block_column\">\n\t\t\t\t\n\t\t\t\t\n\t\t\t\t\n\t\t\t\t\n\t\t\t\t<div class=\"et_pb_module et_d4_element et_pb_text et_pb_text_6  et_pb_text_align_left et_pb_bg_layout_light\">\n\t\t\t\t\n\t\t\t\t\n\t\t\t\t\n\t\t\t\t\n\t\t\t\t<div class=\"et_pb_text_inner\"><h4>I Vini del Solferino<\/h4>\n<h3>VINO<\/h3><\/div>\n\t\t\t<\/div><div class=\"et_pb_module et_d4_element et_pb_divider et_pb_divider_2 et_pb_space\"><div class=\"et_pb_divider_internal\"><\/div><\/div><div class=\"et_pb_module et_d4_element et_pb_text et_pb_text_7  et_pb_text_align_left et_pb_bg_layout_light\">\n\t\t\t\t\n\t\t\t\t\n\t\t\t\t\n\t\t\t\t\n\t\t\t\t<div class=\"et_pb_text_inner\"><p>Barbera e Arneis, due eccellenze selezionate per accompagnare la nostra cucina e raccontare, sorso dopo sorso, l\u2019anima del territorio.<\/p><\/div>\n\t\t\t<\/div><div class=\"et_pb_button_module_wrapper et_pb_button_2_wrapper  et_pb_module \">\n\t\t\t\t<a class=\"et_pb_button et_d4_element et_pb_button_2 et_pb_bg_layout_light et_block_module\" href=\"#vino\">Scopri...<\/a>\n\t\t\t<\/div>\n\t\t\t<\/div>\n\t\t\t\t\n\t\t\t\t\n\t\t\t\t\n\t\t\t\t\n\t\t\t<\/div>\n\t\t\t\t\n\t\t\t\t\n\t\t\t<\/div><div class=\"et_d4_element et_pb_section et_pb_section_3 et_pb_with_background  et_pb_css_mix_blend_mode et_section_regular et_block_section\" >\n\t\t\t\t\n\t\t\t\t\n\t\t\t\t\n\t\t\t\t\n\t\t\t\t\n\t\t\t\t\n\t\t\t\t<div class=\"et_d4_element et_pb_row et_pb_row_4 et_pb_equal_columns et_pb_gutters2  et_pb_css_mix_blend_mode et_block_row\">\n\t\t\t\t<div class=\"et_d4_element et_pb_column_4_4 et_pb_column et_pb_column_6  et_pb_css_mix_blend_mode et-last-child et_block_column\">\n\t\t\t\t\n\t\t\t\t\n\t\t\t\t\n\t\t\t\t\n\t\t\t\t<div class=\"et_pb_with_border et_pb_module et_d4_element dica_divi_carousel dica_divi_carousel_0\">\n\t\t\t\t\n\t\t\t\t\n\t\t\t\t\n\t\t\t\t\n\t\t\t\t\n\t\t\t\t\n\t\t\t\t<div class=\"et_pb_module_inner\">\n\t\t\t\t\t<div class=\"dica-container  desktop_middle-inside tablet_middle-inside mobile_middle-inside\" data-props='{\"desktop\":\"3\",\"tablet\":\"3\",\"mobile\":\"1\",\"speed\":\"500\",\"arrow\":\"on\",\"dots\":\"on\",\"autoplay\":\"on\",\"autoSpeed\":\"4000\",\"loop\":\"on\",\"item_spacing\":\"30\",\"center_mode\":\"off\",\"slider_effec\":\"default\",\"cover_rotate\":\"50\",\"pause_onhover\":\"off\",\"multislide\":\"off\",\"cfshadow\":\"on\",\"order\":\"0\",\"lazyload\":\"off\",\"lazybefore\":\"off\",\"scroller_effect\":\"off\",\"autowidth\":\"off\",\"item_spacing_tablet\":\"30\",\"item_spacing_phone\":\"30\",\"scroller_speed\":\"4000\",\"hashNavigation\":\"off\",\"simulatetouch\":\"off\",\"allowtouchmove\":\"off\",\"slide_row\":\"1\",\"slide_row_tablet\":\"1\",\"slide_row_phone\":\"1\",\"keyboard\":\"on\",\"mousewheel\":\"on\",\"autoplay_viewport\":\"80%\"}'>\n\t\t\t\t\t\t\t \t<div class=\"swiper-container\" >\n\t\t\t\t\t\t\t\t\t<div class=\"swiper-wrapper\"><div class=\"et_pb_module et_d4_element dica_divi_carouselitem dica_divi_carouselitem_0  et_pb_css_mix_blend_mode\">\n\t\t\t\t\n\t\t\t\t\n\t\t\t\t\n\t\t\t\t\n\t\t\t\t\n\t\t\t\t\n\t\t\t\t<div class=\"et_pb_module_inner\">\n\t\t\t\t\t<div class=\"dica-item image_top\"   data-hash=\"dica_divi_carouselitem_0\">\n\t\t\t\t\t\t\t\t\t\n\t\t\t\t\t\t\t\t\t<div class=\"dica-item-content\"><h4 class=\"item-title\">Piazza Solferino<\/h4> <h6 class=\"item-subtitle\">Arte<\/h6>  <div\n\t\t\t\t\t\tclass=\"content \"\n\t\t\t\t\t\tdata-settings='{\"status\":\"false\",\"responsive\":\"off\",\"limit\":\"\",\"limit_tablet\":\"\",\"limit_phone\":\"\",\"text_more\":\"\",\"text_less\":\"\"}'>\n\t\t\t\t\t\t<\/p>\n<div style=\"height: 1px; background-color: #a68620; margin: 10px 0;\"><\/div>\n<p>Benvenuti nella storia unica e affascinante di Piazza Solferino, dove l\u2019arte, la cultura e la tradizione si fondono nei nostri vini esclusivi.\n\t\t\t\t\t<\/div>\n\t\t\t\t\t<noscript class=\"content_storage\"><\/p>\n<div style=\"height: 1px; background-color: #a68620; margin: 10px 0;\"><\/div>\n<p>Benvenuti nella storia unica e affascinante di Piazza Solferino, dove l\u2019arte, la cultura e la tradizione si fondono nei nostri vini esclusivi.<\/noscript>     <div class=\"et_pb_button_wrapper\"><a class=\"et_pb_button\" href=\"#arte\">Scopri...<\/a><\/div><\/div>\n\t\t\t\t\t\t\t<\/div> \n\t\t\t\t<\/div>\n\t\t\t<\/div><div class=\"et_pb_module et_d4_element dica_divi_carouselitem dica_divi_carouselitem_1  et_pb_css_mix_blend_mode\">\n\t\t\t\t\n\t\t\t\t\n\t\t\t\t\n\t\t\t\t\n\t\t\t\t\n\t\t\t\t\n\t\t\t\t<div class=\"et_pb_module_inner\">\n\t\t\t\t\t<div class=\"dica-item image_top\"   data-hash=\"dica_divi_carouselitem_1\">\n\t\t\t\t\t\t\t\t\t\n\t\t\t\t\t\t\t\t\t<div class=\"dica-item-content\"><h4 class=\"item-title\">La Fontana Angelica<\/h4> <h6 class=\"item-subtitle\">Magia<\/h6>  <div\n\t\t\t\t\t\tclass=\"content \"\n\t\t\t\t\t\tdata-settings='{\"status\":\"false\",\"responsive\":\"off\",\"limit\":\"\",\"limit_tablet\":\"\",\"limit_phone\":\"\",\"text_more\":\"\",\"text_less\":\"\"}'>\n\t\t\t\t\t\t<\/p>\n<div style=\"height: 1px; background-color: #a68620; margin: 10px 0;\"><\/div>\n<p>Lasciatevi trasportare attraverso i misteri nascosti e i sapori autentici di Torino in uno dei luoghi pi\u00f9 affascinanti e simbolici della citt\u00e0.<\/p>\n<p>\n\t\t\t\t\t<\/div>\n\t\t\t\t\t<noscript class=\"content_storage\"><\/p>\n<div style=\"height: 1px; background-color: #a68620; margin: 10px 0;\"><\/div>\n<p>Lasciatevi trasportare attraverso i misteri nascosti e i sapori autentici di Torino in uno dei luoghi pi\u00f9 affascinanti e simbolici della citt\u00e0.<\/p>\n<p><\/noscript>     <div class=\"et_pb_button_wrapper\"><a class=\"et_pb_button\" href=\"#magia\">Scopri...<\/a><\/div><\/div>\n\t\t\t\t\t\t\t<\/div> \n\t\t\t\t<\/div>\n\t\t\t<\/div><div class=\"et_pb_module et_d4_element dica_divi_carouselitem dica_divi_carouselitem_2  et_pb_css_mix_blend_mode\">\n\t\t\t\t\n\t\t\t\t\n\t\t\t\t\n\t\t\t\t\n\t\t\t\t\n\t\t\t\t\n\t\t\t\t<div class=\"et_pb_module_inner\">\n\t\t\t\t\t<div class=\"dica-item image_top\"   data-hash=\"dica_divi_carouselitem_2\">\n\t\t\t\t\t\t\t\t\t\n\t\t\t\t\t\t\t\t\t<div class=\"dica-item-content\"><h4 class=\"item-title\">I Vini del Solferino<\/h4> <h6 class=\"item-subtitle\">Vino<\/h6>  <div\n\t\t\t\t\t\tclass=\"content \"\n\t\t\t\t\t\tdata-settings='{\"status\":\"false\",\"responsive\":\"off\",\"limit\":\"\",\"limit_tablet\":\"\",\"limit_phone\":\"\",\"text_more\":\"\",\"text_less\":\"\"}'>\n\t\t\t\t\t\t<\/p>\n<div style=\"height: 1px; background-color: #a68620; margin: 10px 0;\"><\/div>\n<p>Barbera e Arneis, due eccellenze selezionate per accompagnare la nostra cucina e raccontare, sorso dopo sorso, l\u2019anima del territorio.<\/p>\n<p>\n\t\t\t\t\t<\/div>\n\t\t\t\t\t<noscript class=\"content_storage\"><\/p>\n<div style=\"height: 1px; background-color: #a68620; margin: 10px 0;\"><\/div>\n<p>Barbera e Arneis, due eccellenze selezionate per accompagnare la nostra cucina e raccontare, sorso dopo sorso, l\u2019anima del territorio.<\/p>\n<p><\/noscript>     <div class=\"et_pb_button_wrapper\"><a class=\"et_pb_button\" href=\"#vino\">Scopri...<\/a><\/div><\/div>\n\t\t\t\t\t\t\t<\/div> \n\t\t\t\t<\/div>\n\t\t\t<\/div><\/div>\n\t\t\t\t\t\t\t\t<\/div>\n\t\t\t\t\t\t\t\t<div class=\"swiper-buttton-container\"><div class=\"swiper-button-prev dica-prev-btn-0\" data-icon=\"4\"><\/div><div class=\"swiper-button-next dica-next-btn-0\" data-icon=\"5\"><\/div><\/div>\n\t\t\t\t\t\t\t\t<div class=\"swiper-pagination dica-paination-0\"><\/div>\n\t\t\t\t\t\t\t<\/div>\n\t\t\t\t<\/div>\n\t\t\t<\/div>\n\t\t\t<\/div>\n\t\t\t\t\n\t\t\t\t\n\t\t\t\t\n\t\t\t\t\n\t\t\t<\/div>\n\t\t\t\t\n\t\t\t\t\n\t\t\t<\/div><div id=\"arte\" class=\"et_d4_element et_pb_section et_pb_section_4 et_pb_with_background  et_pb_css_mix_blend_mode et_section_regular et_block_section\" >\n\t\t\t\t\n\t\t\t\t\n\t\t\t\t\n\t\t\t\t\n\t\t\t\t\n\t\t\t\t\n\t\t\t\t<div class=\"et_d4_element et_pb_row et_pb_row_5  et_pb_css_mix_blend_mode et_block_row\">\n\t\t\t\t<div class=\"et_d4_element et_pb_column_4_4 et_pb_column et_pb_column_7  et_pb_css_mix_blend_mode et-last-child et_block_column\">\n\t\t\t\t\n\t\t\t\t\n\t\t\t\t\n\t\t\t\t\n\t\t\t\t<div class=\"et_pb_module et_d4_element et_pb_text et_pb_text_8  et_pb_text_align_center et_pb_bg_layout_light\">\n\t\t\t\t\n\t\t\t\t\n\t\t\t\t\n\t\t\t\t\n\t\t\t\t<div class=\"et_pb_text_inner\"><h2>Arte<\/h2>\n<p>Una piazza misteriosa e affascinante.<\/p>\n<p>&nbsp;<\/p><\/div>\n\t\t\t<\/div>\n\t\t\t<\/div>\n\t\t\t\t\n\t\t\t\t\n\t\t\t\t\n\t\t\t\t\n\t\t\t<\/div>\n\t\t\t\t\n\t\t\t\t\n\t\t\t<\/div><div class=\"et_d4_element et_pb_section et_pb_section_5 et_pb_with_background  et_pb_css_mix_blend_mode et_section_regular et_block_section\" >\n\t\t\t\t\n\t\t\t\t\n\t\t\t\t\n\t\t\t\t\n\t\t\t\t\n\t\t\t\t\n\t\t\t\t<div class=\"et_d4_element et_pb_row et_pb_row_6 et_pb_equal_columns et_pb_gutters2  et_pb_css_mix_blend_mode et_block_row\">\n\t\t\t\t<div class=\"et_d4_element et_pb_column_1_2 et_pb_column et_pb_column_8  et_pb_css_mix_blend_mode et_block_column\">\n\t\t\t\t\n\t\t\t\t\n\t\t\t\t\n\t\t\t\t\n\t\t\t\t<div class=\"et_pb_module et_d4_element et_pb_divider_3 et_pb_space et_pb_divider_hidden\"><div class=\"et_pb_divider_internal\"><\/div><\/div>\n\t\t\t<\/div><div class=\"et_d4_element et_pb_column_1_4 et_pb_column et_pb_column_9  et_pb_css_mix_blend_mode et_block_column\">\n\t\t\t\t\n\t\t\t\t\n\t\t\t\t\n\t\t\t\t\n\t\t\t\t<div class=\"et_pb_module et_d4_element et_pb_text et_pb_text_9  et_pb_text_align_left et_pb_bg_layout_light\">\n\t\t\t\t\n\t\t\t\t\n\t\t\t\t\n\t\t\t\t\n\t\t\t\t<div class=\"et_pb_text_inner\"><h4>Arte<\/h4>\n<h3>Piazza Solferino<\/h3><\/div>\n\t\t\t<\/div><div class=\"et_pb_module et_d4_element et_pb_text et_pb_text_10  et_pb_text_align_left et_pb_bg_layout_light\">\n\t\t\t\t\n\t\t\t\t\n\t\t\t\t\n\t\t\t\t\n\t\t\t\t<div class=\"et_pb_text_inner\"><p>Benvenuti nella storia unica e affascinante di Piazza Solferino, dove l'arte, la cultura e la tradizione si fondono nei nostri vini esclusivi.<br \/>Lasciatevi trasportare in un viaggio attraverso i misteri nascosti e i sapori autentici di Torino.<\/p><\/div>\n\t\t\t<\/div>\n\t\t\t<\/div><div class=\"et_d4_element et_pb_column_1_4 et_pb_column et_pb_column_10 et_pb_section_video et_pb_preload  et_pb_css_mix_blend_mode et-last-child et_block_column\">\n\t\t\t\t\n\t\t\t\t<span class=\"et_pb_section_video_bg  \">\n\t\t\t\t\t\n\t\t\t<video loop=\"loop\" autoplay playsinline muted >\n\t\t\t\t<source type=\"video\/mp4\" src=\"https:\/\/ristorantesolferino.com\/wp-content\/uploads\/Reel-Affissione-3-3.mp4\" \/>\n\t\t\t\t\n\t\t\t<\/video>\n\t\t\t\t<\/span>\n\t\t\t\t\n\t\t\t\t\n\t\t\t\t<div class=\"et_pb_module et_d4_element et_pb_divider_4 et_pb_space et_pb_divider_hidden\"><div class=\"et_pb_divider_internal\"><\/div><\/div>\n\t\t\t<\/div>\n\t\t\t\t\n\t\t\t\t\n\t\t\t\t\n\t\t\t\t\n\t\t\t<\/div>\n\t\t\t\t\n\t\t\t\t\n\t\t\t<\/div><div class=\"et_d4_element et_pb_section et_pb_section_6 et_pb_with_background  et_pb_css_mix_blend_mode et_section_regular et_block_section\" >\n\t\t\t\t\n\t\t\t\t\n\t\t\t\t\n\t\t\t\t\n\t\t\t\t\n\t\t\t\t\n\t\t\t\t<div class=\"et_d4_element et_pb_row et_pb_row_7 et_pb_equal_columns et_pb_gutters2  et_pb_css_mix_blend_mode et_block_row\">\n\t\t\t\t<div class=\"et_d4_element et_pb_column_1_4 et_pb_column et_pb_column_11  et_pb_css_mix_blend_mode et_block_column\">\n\t\t\t\t\n\t\t\t\t\n\t\t\t\t\n\t\t\t\t\n\t\t\t\t<div class=\"et_pb_module et_d4_element et_pb_text et_pb_text_11  et_pb_text_align_left et_pb_bg_layout_light\">\n\t\t\t\t\n\t\t\t\t\n\t\t\t\t\n\t\t\t\t\n\t\t\t\t<div class=\"et_pb_text_inner\"><h4>Direttore Del Solferino:<\/h4>\n<h3>Simone Crotta<\/h3>\n<p>\"Questo progetto non \u00e8 solo un omaggio alla bellezza architettonica di Piazza Solferino, ma anche un modo per collegare il nostro territorio ai sapori dei nostri vini, che incarnano l'essenza di questa piazza cos\u00ec ricca di storia e mistero.\"<\/div>\n\t\t\t<\/div>\n\t\t\t<\/div><div class=\"et_d4_element et_pb_column_1_4 et_pb_column et_pb_column_12  et_pb_css_mix_blend_mode et_block_column\">\n\t\t\t\t\n\t\t\t\t\n\t\t\t\t\n\t\t\t\t\n\t\t\t\t<div class=\"et_pb_module et_d4_element et_pb_video et_pb_video_0\">\n\t\t\t\t\n\t\t\t\t\n\t\t\t\t\n\t\t\t\t\n\t\t\t\t<div class=\"et_pb_video_box\">\n\t\t\t\t<video controls>\n\t\t\t\t\t<source type=\"video\/mp4\" src=\"https:\/\/ristorantesolferino.com\/wp-content\/uploads\/Reel-Intervista-2-4.mp4\" \/>\n\t\t\t\t\t\n\t\t\t\t<\/video><\/div>\n\t\t\t\t\n\t\t\t<\/div>\n\t\t\t<\/div><div class=\"et_d4_element et_pb_column_1_4 et_pb_column et_pb_column_13  et_pb_css_mix_blend_mode et_block_column\">\n\t\t\t\t\n\t\t\t\t\n\t\t\t\t\n\t\t\t\t\n\t\t\t\t<div class=\"et_pb_module et_d4_element et_pb_text et_pb_text_12  et_pb_text_align_left et_pb_bg_layout_light\">\n\t\t\t\t\n\t\t\t\t\n\t\t\t\t\n\t\t\t\t\n\t\t\t\t<div class=\"et_pb_text_inner\"><h4>Somewhere Tours:<\/h4>\n<h3>Laura Audi<\/h3>\n<p>\"Il Solferino in una piazza cos\u00ec bella e importante come Piazza Solferino non pu\u00f2 che essere un luogo di fascino e magia, proprio come i nostri tour che esplorano i segreti esoterici di Torino.\"<\/div>\n\t\t\t<\/div>\n\t\t\t<\/div><div class=\"et_d4_element et_pb_column_1_4 et_pb_column et_pb_column_14  et_pb_css_mix_blend_mode et-last-child et_block_column\">\n\t\t\t\t\n\t\t\t\t\n\t\t\t\t\n\t\t\t\t\n\t\t\t\t<div class=\"et_pb_module et_d4_element et_pb_video et_pb_video_1\">\n\t\t\t\t\n\t\t\t\t\n\t\t\t\t\n\t\t\t\t\n\t\t\t\t<div class=\"et_pb_video_box\">\n\t\t\t\t<video controls>\n\t\t\t\t\t<source type=\"video\/mp4\" src=\"https:\/\/ristorantesolferino.com\/wp-content\/uploads\/Reel-Intervista-1-1.mp4\" \/>\n\t\t\t\t\t\n\t\t\t\t<\/video><\/div>\n\t\t\t\t\n\t\t\t<\/div>\n\t\t\t<\/div>\n\t\t\t\t\n\t\t\t\t\n\t\t\t\t\n\t\t\t\t\n\t\t\t<\/div>\n\t\t\t\t\n\t\t\t\t\n\t\t\t<\/div><div id=\"magia\" class=\"et_d4_element et_pb_section et_pb_section_7 et_pb_with_background  et_pb_css_mix_blend_mode et_section_regular et_block_section\" >\n\t\t\t\t\n\t\t\t\t\n\t\t\t\t\n\t\t\t\t\n\t\t\t\t\n\t\t\t\t\n\t\t\t\t<div class=\"et_d4_element et_pb_row et_pb_row_8  et_pb_css_mix_blend_mode et_block_row\">\n\t\t\t\t<div class=\"et_d4_element et_pb_column_4_4 et_pb_column et_pb_column_15  et_pb_css_mix_blend_mode et-last-child et_block_column\">\n\t\t\t\t\n\t\t\t\t\n\t\t\t\t\n\t\t\t\t\n\t\t\t\t<div class=\"et_pb_module et_d4_element et_pb_text et_pb_text_13  et_pb_text_align_center et_pb_bg_layout_light\">\n\t\t\t\t\n\t\t\t\t\n\t\t\t\t\n\t\t\t\t\n\t\t\t\t<div class=\"et_pb_text_inner\"><h2>Magia<\/h2>\n<p>La Fontana Angelica di Piazza Solferino \u00e8 un monumento ricco di significati nascosti e simboli esoterici, situato proprio di fronte al nostro ristorante.<\/div>\n\t\t\t<\/div><div class=\"et_pb_module et_d4_element et_pb_toggle et_pb_toggle_0 et_pb_toggle_item  et_pb_toggle_close\">\n\t\t\t\t\n\t\t\t\t\n\t\t\t\t\n\t\t\t\t\n\t\t\t\t<h5 class=\"et_pb_toggle_title\">Approfondisci con una lettura intrigante e misteriosa...<\/h5>\n\t\t\t\t<div class=\"et_pb_toggle_content clearfix\"><p>La fontana misteriosa di Piazza Solferino<br \/>Allo sbocco di Piazza Solferino in via Pietro Micca la fontana Angelica \u00e8 diventata un simbolo\u00a0di grande rilevanza, un monumento con tanti significati nascosti, posto proprio di fronte al\u00a0nostro Ristorante.<br \/>Fu inaugurata il 28 ottobre 1929, realizzata per opera dello scultore Giovanni Riva e fu commissionata del ministro Pietro Bajnotti che, alla sua morte, nel 1919 devolse 150.000 lire perch\u00e8 venisse costruita a ricordo dei suoi genitori, Angelica Cugiani e Tommaso Bajnotti.<br \/>L\u2019installazione avrebbe dovuto sorgere sulla piazza San Giovanni, orientata verso il Duomo, cio\u00e8 ad est, dove sorge il sole e comunque in un luogo molto importante per le sue coordinate esoteriche.<\/p>\n<p>Nel 1920 la commissione incaricata alla costruzione della Fontana ritenne opportuno spostare l\u2019ubicazione della statua in piazza Solferino.<br \/>E non priva di polemiche fu l\u2019assegnazione del lavoro allo scultore Riva.<br \/>Le cronache del marzo del 1922 testimoniano:<br \/>\u201cIl Consiglio comunale approva la decisione della giuria per il concorso della Fontana Angelica di affidare l\u2019esecuzione dell\u2019opera allo scultore Giovanni Riva.<br \/>La nuova fontana sorger\u00e0 sulla testata dell\u2019aiuola di piazza Solferino prospettante lo sbocco con via Pietro Micca in un punto centrale, dove pi\u00f9 ferve la vita cittadina e che, come \u00e8 facile prevedere, vedr\u00e0 con gli anni crescere l\u2019animazione ed il transito: sar\u00e0 costruita in travertino con gruppi in bronzo ed avr\u00e0 il vantaggio di poter trovare nelle masse arboree del giardino la decorazione pi\u00f9 opportuna. L\u2019artista avr\u00e0 diciotto mesi di tempo per l\u2019esecuzione dell\u2019opera\u201d.<br \/>In realt\u00e0 Riva ci metter\u00e0 quasi sette anni a completare il lavoro.<br \/>L\u2019artista torinese, un autodidatta, lavor\u00f2 di scalpello per sette anni, facendo e rifacendo, volontariamente recluso nella palestra della scuola Silvio Pellico che il Comune gli aveva messo a disposizione i particolari di una fontana che sembrava essere quasi maledetta.<\/p>\n<p>La prima difficolt\u00e0 fu legata al lascito che ne avrebbe permesso la realizzazione: i soldi, 150 mila lire, li aveva donati alla citt\u00e0 di Torino il ministro plenipotenziario Paolo Baynotti, morto nel marzo del 1919, ed erano destinati a una fontana monumentale che si doveva chiamare Angelica (nel ricordo dei suoi genitori Tomaso e Angelica) ed essere costruita entro trenta mesi dalla sua morte in piazza San Giovanni e in \u201cstile gotico medioevale\u201d. \u2028\u2028La commissione le lascia solo il nome, ma la vuole \u201cin stile liberty\u201d e collocata in piazza Solferino.<br \/>Secondo Laura Audi, studiosa di esoterismo torinese e creatrice del noto tour Torino Magica\u00ae - \u201cnon \u00e8 un caso che la commissione di fatto sposti la collocazione della fontana Angelica dall\u2019originale progetto di fronte al Duomo a Piazza Solferino.<br \/>Si temeva forse la presenza nel gruppo scultoreo di simboli eminentemente massonici e in chiaro contrasto con il cattolicesimo romano. \u2028Di fatto, la fontana Angelica prende vita con una parte frontale che rappresenta le quattro stagioni, eminentemente essoterica (aperta a tutti), e una parte meno visibile perch\u00e9 retrostante, di chiara matrice esoterica (dal greco esoterikos ossia nascosto ai pi\u00f9) e massonica\u201d.<\/p>\n<p>La posizione originale voleva che la fontana puntasse verso Est; spostando la statua fu necessario modificare il punto di osservazione delle due statue maschili Inverno ed Autunno, rispettivamente Bo\u2019az e Jachin, che rappresentano i guardiani delle colonne di Ercole, la soglia che porta alla conoscenza. Bo\u2019az e Jachin reggono degli otri dai quali sgorga l\u2019acqua che simboleggia lo conoscenza con la quale gli esseri umani si abbeverano. Tra le due figure maschili si apre un varco perfettamente regolare che rappresenta la il passaggio verso la conoscenza sorvegliato da Bo\u2019az e Jachin oltre le colonne d\u2019Ercole, la rappresentazione simbolica della Conoscenza Magica nei termini della Massoneria.<\/p>\n<p>La fontana simboleggerebbe quindi la trasformazione interiore che l\u2019iniziato deve compiere per raggiungere la vera conoscenza, per raggiungere la perfezione.<\/p>\n<p>Secondo la teoria massonica, il punto pi\u00f9 alto della Conoscenza di Magia Bianca sarebbe stato storicamente il Cristianesimo, le logge massoniche per\u00f2 ritengono che questo non sia un punto di arrivo in quanto la vera conoscenza \u00e8 un itinerario in continuo divenire.<br \/>Per questo motivo, tra le altre cose, la massoneria non riconosce il cattolicesimo romano e il Papa, seppure sia legata fortemente al Cristianesimo e al Vangelo secondo Giovanni.<br \/>Un messaggio dunque difficile e criptico che soltanto coloro che sono iniziati possono conoscere e che si trova proprio sul retro della fontana Angelica, oltre le \u201cColonne d\u2019Ercole in pietra\u201d.<br \/>Come poter capire allora qualcosa in pi\u00f9 di questa misteriosa storia legata alla nostra centralissima piazza?<\/p>\n<p>Due le soluzioni che scherzosamente, ma non troppo, proponiamo: venire ad ammirare la fontana dal punto di vista del nostro ristorante, abbinando una rilassante e raffinata cena o partecipare ad uno dei magnifici tour di\u00a0Torino Magica\u00a0organizzati dall\u2019agenzia torinese Somewhere.<br \/>Un percorso intrigante e curioso tra volti inquietanti, enigmi massonici e simboli esoterici prende vita attraverso il mistero del Portone del Diavolo, gli spettrali dragoni, la leggenda delle grotte alchemiche, per culminare nella donna velata che regge il calice del\u00a0Sacro Graal, sotto l\u2019occhio attento dei fantasmi pi\u00f9 famosi.<br \/>Tutta la magia di una citt\u00e0 in un itinerario che racconta la trasmutazione e il mistero di Torino.<\/p>\n<p>MA<\/p>\n<p>Laura Audi \u2013 Direttore Tecnico Somewhere Tour Operator in esclusiva per Ristorante Solferino<\/p><\/div>\n\t\t\t<\/div>\n\t\t\t<\/div>\n\t\t\t\t\n\t\t\t\t\n\t\t\t\t\n\t\t\t\t\n\t\t\t<\/div>\n\t\t\t\t\n\t\t\t\t\n\t\t\t<\/div><div class=\"et_d4_element et_pb_section et_pb_section_8 et_pb_with_background  et_pb_css_mix_blend_mode et_section_regular et_block_section\" >\n\t\t\t\t\n\t\t\t\t\n\t\t\t\t\n\t\t\t\t\n\t\t\t\t\n\t\t\t\t\n\t\t\t\t<div class=\"et_d4_element et_pb_row et_pb_row_9 et_pb_equal_columns et_pb_gutters2  et_pb_css_mix_blend_mode et_block_row\">\n\t\t\t\t<div class=\"et_d4_element et_pb_column_1_2 et_pb_column et_pb_column_16  et_pb_css_mix_blend_mode et_block_column\">\n\t\t\t\t\n\t\t\t\t\n\t\t\t\t\n\t\t\t\t\n\t\t\t\t<div class=\"et_pb_module et_d4_element et_pb_divider_5 et_pb_space et_pb_divider_hidden\"><div class=\"et_pb_divider_internal\"><\/div><\/div>\n\t\t\t<\/div><div class=\"et_d4_element et_pb_column_1_2 et_pb_column et_pb_column_17  et_pb_css_mix_blend_mode et-last-child et_block_column\">\n\t\t\t\t\n\t\t\t\t\n\t\t\t\t\n\t\t\t\t\n\t\t\t\t<div class=\"et_pb_module et_d4_element et_pb_text et_pb_text_14  et_pb_text_align_left et_pb_bg_layout_light\">\n\t\t\t\t\n\t\t\t\t\n\t\t\t\t\n\t\t\t\t\n\t\t\t\t<div class=\"et_pb_text_inner\"><h4>Magia<\/h4>\n<h3>La Fontana Angelica<\/h3><\/div>\n\t\t\t<\/div><div class=\"et_pb_module et_d4_element et_pb_text et_pb_text_15  et_pb_text_align_left et_pb_bg_layout_light\">\n\t\t\t\t\n\t\t\t\t\n\t\t\t\t\n\t\t\t\t\n\t\t\t\t<div class=\"et_pb_text_inner\"><p>Costruita nel 1929 dallo scultore Giovanni Riva, la fontana rappresenta un intreccio tra la conoscenza sacra e quella profana.<\/p><\/div>\n\t\t\t<\/div>\n\t\t\t<\/div>\n\t\t\t\t\n\t\t\t\t\n\t\t\t\t\n\t\t\t\t\n\t\t\t<\/div>\n\t\t\t\t\n\t\t\t\t\n\t\t\t<\/div><div class=\"et_d4_element et_pb_section et_pb_section_9 et_pb_with_background  et_pb_css_mix_blend_mode et_section_regular et_block_section\" >\n\t\t\t\t\n\t\t\t\t\n\t\t\t\t\n\t\t\t\t\n\t\t\t\t\n\t\t\t\t\n\t\t\t\t<div class=\"et_d4_element et_pb_row et_pb_row_10 et_pb_equal_columns et_pb_gutters2  et_pb_css_mix_blend_mode et_block_row\">\n\t\t\t\t<div class=\"et_d4_element et_pb_column_1_2 et_pb_column et_pb_column_18  et_pb_css_mix_blend_mode et_block_column\">\n\t\t\t\t\n\t\t\t\t\n\t\t\t\t\n\t\t\t\t\n\t\t\t\t<div class=\"et_pb_module et_d4_element et_pb_text et_pb_text_16  et_pb_text_align_left et_pb_bg_layout_light\">\n\t\t\t\t\n\t\t\t\t\n\t\t\t\t\n\t\t\t\t\n\t\t\t\t<div class=\"et_pb_text_inner\"><p>La parte frontale, con le sue figure rappresentanti le quattro stagioni, si contrappone alla sezione retrostante, che simboleggia il cammino verso la conoscenza e la perfezione spirituale.<\/p><\/div>\n\t\t\t<\/div>\n\t\t\t<\/div><div class=\"et_d4_element et_pb_column_1_2 et_pb_column et_pb_column_19  et_pb_css_mix_blend_mode et-last-child et_block_column\">\n\t\t\t\t\n\t\t\t\t\n\t\t\t\t\n\t\t\t\t\n\t\t\t\t<div class=\"et_pb_module et_d4_element et_pb_divider et_pb_divider_6 et_pb_space\"><div class=\"et_pb_divider_internal\"><\/div><\/div>\n\t\t\t<\/div>\n\t\t\t\t\n\t\t\t\t\n\t\t\t\t\n\t\t\t\t\n\t\t\t<\/div>\n\t\t\t\t\n\t\t\t\t\n\t\t\t<\/div><div id=\"vino\" class=\"et_d4_element et_pb_section et_pb_section_10 et_pb_with_background  et_pb_css_mix_blend_mode et_section_regular et_block_section\" >\n\t\t\t\t\n\t\t\t\t\n\t\t\t\t\n\t\t\t\t\n\t\t\t\t\n\t\t\t\t\n\t\t\t\t<div class=\"et_d4_element et_pb_row et_pb_row_11  et_pb_css_mix_blend_mode et_block_row\">\n\t\t\t\t<div class=\"et_d4_element et_pb_column_4_4 et_pb_column et_pb_column_20  et_pb_css_mix_blend_mode et-last-child et_block_column\">\n\t\t\t\t\n\t\t\t\t\n\t\t\t\t\n\t\t\t\t\n\t\t\t\t<div class=\"et_pb_module et_d4_element et_pb_text et_pb_text_17  et_pb_text_align_center et_pb_bg_layout_light\">\n\t\t\t\t\n\t\t\t\t\n\t\t\t\t\n\t\t\t\t\n\t\t\t\t<div class=\"et_pb_text_inner\"><h2>Vino<\/h2>\n<p>I nostri vini non deliziano solo il palato, ma raccontano una storia, intrecciando l'arte, la cultura e la tradizione di Piazza Solferino.<\/p><\/div>\n\t\t\t<\/div>\n\t\t\t<\/div>\n\t\t\t\t\n\t\t\t\t\n\t\t\t\t\n\t\t\t\t\n\t\t\t<\/div>\n\t\t\t\t\n\t\t\t\t\n\t\t\t<\/div><div class=\"et_d4_element et_pb_section et_pb_section_11 et_pb_with_background  et_pb_css_mix_blend_mode et_section_regular et_block_section\" >\n\t\t\t\t\n\t\t\t\t\n\t\t\t\t\n\t\t\t\t\n\t\t\t\t\n\t\t\t\t\n\t\t\t\t<div class=\"et_d4_element et_pb_row et_pb_row_12 et_pb_equal_columns et_pb_gutters2  et_pb_css_mix_blend_mode et_block_row\">\n\t\t\t\t<div class=\"et_d4_element et_pb_column_1_2 et_pb_column et_pb_column_21  et_pb_css_mix_blend_mode et_block_column\">\n\t\t\t\t\n\t\t\t\t\n\t\t\t\t\n\t\t\t\t\n\t\t\t\t<div class=\"et_pb_module et_d4_element et_pb_image et_pb_image_1\">\n\t\t\t\t\n\t\t\t\t\n\t\t\t\t\n\t\t\t\t\n\t\t\t\t<span class=\"et_pb_image_wrap \"><img decoding=\"async\" width=\"1218\" height=\"2320\" src=\"https:\/\/ristorantesolferino.com\/wp-content\/uploads\/Arneis.jpg\" alt=\"\" title=\"Arneis\" srcset=\"https:\/\/ristorantesolferino.com\/wp-content\/uploads\/Arneis.jpg 1218w, https:\/\/ristorantesolferino.com\/wp-content\/uploads\/Arneis-980x1867.jpg 980w, https:\/\/ristorantesolferino.com\/wp-content\/uploads\/Arneis-480x914.jpg 480w\" sizes=\"(min-width: 0px) and (max-width: 480px) 480px, (min-width: 481px) and (max-width: 980px) 980px, (min-width: 981px) 1218px, 100vw\" class=\"wp-image-186430\" \/><\/span>\n\t\t\t<\/div>\n\t\t\t<\/div><div class=\"et_d4_element et_pb_column_1_2 et_pb_column et_pb_column_22  et_pb_css_mix_blend_mode et-last-child et_block_column\">\n\t\t\t\t\n\t\t\t\t\n\t\t\t\t\n\t\t\t\t\n\t\t\t\t<div class=\"et_pb_module et_d4_element et_pb_text et_pb_text_18  et_pb_text_align_left et_pb_bg_layout_light\">\n\t\t\t\t\n\t\t\t\t\n\t\t\t\t\n\t\t\t\t\n\t\t\t\t<div class=\"et_pb_text_inner\"><h4>Roero Arneis<\/h4>\n<h3>Il Guardiano<\/h3><\/div>\n\t\t\t<\/div><div class=\"et_pb_module et_d4_element et_pb_text et_pb_text_19  et_pb_text_align_left et_pb_bg_layout_light\">\n\t\t\t\t\n\t\t\t\t\n\t\t\t\t\n\t\t\t\t\n\t\t\t\t<div class=\"et_pb_text_inner\"><p>Nato sulle colline sabbiose del Roero, l\u2019Arneis \u00e8 un vino che porta con s\u00e9 secoli di storia e tradizione. Per lungo tempo \u00e8 stato il compagno discreto del Nebbiolo, coltivato accanto a lui nei vigneti per il suo ruolo di guardiano: le sue uve dolci attiravano gli uccelli e li distoglievano dai preziosi grappoli di Nebbiolo.<\/p><\/div>\n\t\t\t<\/div>\n\t\t\t<\/div>\n\t\t\t\t\n\t\t\t\t\n\t\t\t\t\n\t\t\t\t\n\t\t\t<\/div>\n\t\t\t\t\n\t\t\t\t\n\t\t\t<\/div><div class=\"et_d4_element et_pb_section et_pb_section_12 et_pb_with_background  et_pb_css_mix_blend_mode et_section_regular et_block_section\" >\n\t\t\t\t\n\t\t\t\t\n\t\t\t\t\n\t\t\t\t\n\t\t\t\t\n\t\t\t\t\n\t\t\t\t<div class=\"et_d4_element et_pb_row et_pb_row_13 et_pb_equal_columns et_pb_gutters2  et_pb_css_mix_blend_mode et_block_row\">\n\t\t\t\t<div class=\"et_d4_element et_pb_column_1_2 et_pb_column et_pb_column_23  et_pb_css_mix_blend_mode et_block_column\">\n\t\t\t\t\n\t\t\t\t\n\t\t\t\t\n\t\t\t\t\n\t\t\t\t<div class=\"et_pb_module et_d4_element et_pb_divider_7 et_pb_space et_pb_divider_hidden\"><div class=\"et_pb_divider_internal\"><\/div><\/div>\n\t\t\t<\/div><div class=\"et_d4_element et_pb_column_1_4 et_pb_column et_pb_column_24  et_pb_css_mix_blend_mode et_block_column\">\n\t\t\t\t\n\t\t\t\t\n\t\t\t\t\n\t\t\t\t\n\t\t\t\t<div class=\"et_pb_module et_d4_element et_pb_text et_pb_text_20  et_pb_text_align_left et_pb_bg_layout_light\">\n\t\t\t\t\n\t\t\t\t\n\t\t\t\t\n\t\t\t\t\n\t\t\t\t<div class=\"et_pb_text_inner\"><p>Qui, in Piazza Solferino, Il Guardiano veglia sulla fontana Angelica e accompagna i sapori della nostra cucina, in un viaggio tra modernit\u00e0 e tradizione.<\/p><\/div>\n\t\t\t<\/div>\n\t\t\t<\/div><div class=\"et_d4_element et_pb_column_1_4 et_pb_column et_pb_column_25  et_pb_css_mix_blend_mode et-last-child et_block_column\">\n\t\t\t\t\n\t\t\t\t\n\t\t\t\t\n\t\t\t\t\n\t\t\t\t<div class=\"et_pb_module et_d4_element et_pb_divider_8 et_pb_space et_pb_divider_hidden\"><div class=\"et_pb_divider_internal\"><\/div><\/div>\n\t\t\t<\/div>\n\t\t\t\t\n\t\t\t\t\n\t\t\t\t\n\t\t\t\t\n\t\t\t<\/div>\n\t\t\t\t\n\t\t\t\t\n\t\t\t<\/div><div class=\"et_d4_element et_pb_section et_pb_section_13 et_pb_with_background  et_pb_css_mix_blend_mode et_section_regular et_block_section\" >\n\t\t\t\t\n\t\t\t\t\n\t\t\t\t\n\t\t\t\t\n\t\t\t\t\n\t\t\t\t\n\t\t\t\t<div class=\"et_d4_element et_pb_row et_pb_row_14 et_pb_equal_columns et_pb_gutters2  et_pb_css_mix_blend_mode et_block_row\">\n\t\t\t\t<div class=\"et_d4_element et_pb_column_1_2 et_pb_column et_pb_column_26  et_pb_css_mix_blend_mode et_block_column\">\n\t\t\t\t\n\t\t\t\t\n\t\t\t\t\n\t\t\t\t\n\t\t\t\t<div class=\"et_pb_module et_d4_element et_pb_text et_pb_text_21  et_pb_text_align_left et_pb_bg_layout_light\">\n\t\t\t\t\n\t\t\t\t\n\t\t\t\t\n\t\t\t\t\n\t\t\t\t<div class=\"et_pb_text_inner\"><p>Nel tempo, l\u2019Arneis ha saputo conquistarsi un posto d\u2019onore, rivelando un carattere elegante, raffinato e fresco, avvolgente e capace di rispecchiare la bellezza delle terre da cui proviene: un equilibrio di mineralit\u00e0 e profumi, che evocano fiori bianchi e frutti a polpa gialla.<\/p><\/div>\n\t\t\t<\/div>\n\t\t\t<\/div><div class=\"et_d4_element et_pb_column_1_2 et_pb_column et_pb_column_27 et_pb_section_video et_pb_preload  et_pb_css_mix_blend_mode et-last-child et_block_column\">\n\t\t\t\t\n\t\t\t\t<span class=\"et_pb_section_video_bg  \">\n\t\t\t\t\t\n\t\t\t<video loop=\"loop\" autoplay playsinline muted >\n\t\t\t\t<source type=\"video\/mp4\" src=\"https:\/\/ristorantesolferino.com\/wp-content\/uploads\/Vigne-Roero-Arneis-Ristorante-Solferino-Torino-1-1.mp4\" \/>\n\t\t\t\t\n\t\t\t<\/video>\n\t\t\t\t<\/span>\n\t\t\t\t\n\t\t\t\t\n\t\t\t\t<div class=\"et_pb_module et_d4_element et_pb_divider_9 et_pb_space et_pb_divider_hidden\"><div class=\"et_pb_divider_internal\"><\/div><\/div>\n\t\t\t<\/div>\n\t\t\t\t\n\t\t\t\t\n\t\t\t\t\n\t\t\t\t\n\t\t\t<\/div>\n\t\t\t\t\n\t\t\t\t\n\t\t\t<\/div><div class=\"et_d4_element et_pb_section et_pb_section_14 et_pb_with_background  et_pb_css_mix_blend_mode et_section_regular et_block_section\" >\n\t\t\t\t\n\t\t\t\t\n\t\t\t\t\n\t\t\t\t\n\t\t\t\t\n\t\t\t\t\n\t\t\t\t<div class=\"et_d4_element et_pb_row et_pb_row_15 et_pb_equal_columns et_pb_gutters2  et_pb_css_mix_blend_mode et_block_row\">\n\t\t\t\t<div class=\"et_d4_element et_pb_column_1_2 et_pb_column et_pb_column_28  et_pb_css_mix_blend_mode et_block_column\">\n\t\t\t\t\n\t\t\t\t\n\t\t\t\t\n\t\t\t\t\n\t\t\t\t<div class=\"et_pb_module et_d4_element et_pb_image et_pb_image_2\">\n\t\t\t\t\n\t\t\t\t\n\t\t\t\t\n\t\t\t\t\n\t\t\t\t<span class=\"et_pb_image_wrap \"><img decoding=\"async\" width=\"1024\" height=\"1539\" src=\"https:\/\/ristorantesolferino.com\/wp-content\/uploads\/Angelica-Barbera-Alba-Ristorante-Solferino-1200-1-1024x1539.jpg\" alt=\"\" title=\"Angelica-Barbera-Alba-Ristorante-Solferino-1200-1\" srcset=\"https:\/\/ristorantesolferino.com\/wp-content\/uploads\/Angelica-Barbera-Alba-Ristorante-Solferino-1200-1-1024x1539.jpg 1024w, https:\/\/ristorantesolferino.com\/wp-content\/uploads\/Angelica-Barbera-Alba-Ristorante-Solferino-1200-1-980x1473.jpg 980w, https:\/\/ristorantesolferino.com\/wp-content\/uploads\/Angelica-Barbera-Alba-Ristorante-Solferino-1200-1-480x722.jpg 480w\" sizes=\"(min-width: 0px) and (max-width: 480px) 480px, (min-width: 481px) and (max-width: 980px) 980px, (min-width: 981px) 1024px, 100vw\" class=\"wp-image-186531\" \/><\/span>\n\t\t\t<\/div>\n\t\t\t<\/div><div class=\"et_d4_element et_pb_column_1_2 et_pb_column et_pb_column_29  et_pb_css_mix_blend_mode et-last-child et_block_column\">\n\t\t\t\t\n\t\t\t\t\n\t\t\t\t\n\t\t\t\t\n\t\t\t\t<div class=\"et_pb_module et_d4_element et_pb_text et_pb_text_22  et_pb_text_align_left et_pb_bg_layout_light\">\n\t\t\t\t\n\t\t\t\t\n\t\t\t\t\n\t\t\t\t\n\t\t\t\t<div class=\"et_pb_text_inner\"><h4>Barbera D\u2019Alba<\/h4>\n<h2>L\u2019Angelica<\/h2><\/div>\n\t\t\t<\/div><div class=\"et_pb_module et_d4_element et_pb_text et_pb_text_23  et_pb_text_align_left et_pb_bg_layout_light\">\n\t\t\t\t\n\t\t\t\t\n\t\t\t\t\n\t\t\t\t\n\t\t\t\t<div class=\"et_pb_text_inner\"><p>In onore delle due sculture femminili della Primavera e dell\u2019Estate che dominano il fronte della fontana. Quando giovane, la Barbera presenta note marcate di ciliegia fresca e prugna, catturando l\u2019essenza vivace della Primavera. Invecchiando, come succede durante l\u2019Estate, raggiunge la piena maturit\u00e0, diventando pi\u00f9 morbida e rotonda, con sentori pi\u00f9 profondi e marcati.<\/p><\/div>\n\t\t\t<\/div>\n\t\t\t<\/div>\n\t\t\t\t\n\t\t\t\t\n\t\t\t\t\n\t\t\t\t\n\t\t\t<\/div>\n\t\t\t\t\n\t\t\t\t\n\t\t\t<\/div><div class=\"et_d4_element et_pb_section et_pb_section_15 et_pb_with_background  et_pb_css_mix_blend_mode et_section_regular section_has_divider et_pb_bottom_divider et_block_section\" >\n\t\t\t\t\n\t\t\t\t\n\t\t\t\t\n\t\t\t\t\n\t\t\t\t\n\t\t\t\t\n\t\t\t\t<div class=\"et_d4_element et_pb_row et_pb_row_16 et_pb_equal_columns et_pb_gutters2  et_pb_css_mix_blend_mode et_block_row\">\n\t\t\t\t<div class=\"et_d4_element et_pb_column_1_4 et_pb_column et_pb_column_30  et_pb_css_mix_blend_mode et_block_column\">\n\t\t\t\t\n\t\t\t\t\n\t\t\t\t\n\t\t\t\t\n\t\t\t\t<div class=\"et_pb_module et_d4_element et_pb_divider_10 et_pb_space et_pb_divider_hidden\"><div class=\"et_pb_divider_internal\"><\/div><\/div>\n\t\t\t<\/div><div class=\"et_d4_element et_pb_column_1_4 et_pb_column et_pb_column_31  et_pb_css_mix_blend_mode et_block_column\">\n\t\t\t\t\n\t\t\t\t\n\t\t\t\t\n\t\t\t\t\n\t\t\t\t<div class=\"et_pb_module et_d4_element et_pb_text et_pb_text_24  et_pb_text_align_left et_pb_bg_layout_light\">\n\t\t\t\t\n\t\t\t\t\n\t\t\t\t\n\t\t\t\t\n\t\t\t\t<div class=\"et_pb_text_inner\"><p>Vibrante e generosa, la Barbera d\u2019Alba \u00e8 da sempre il cuore pulsante della viticoltura piemontese. Un vino che racconta la storia di una terra operosa, capace di evolversi nel tempo mantenendo intatta la sua anima autentica. Un calice che si lega alla citt\u00e0, ai suoi racconti e al piacere di stare insieme.<\/p><\/div>\n\t\t\t<\/div>\n\t\t\t<\/div><div class=\"et_d4_element et_pb_column_1_4 et_pb_column et_pb_column_32  et_pb_css_mix_blend_mode et_block_column\">\n\t\t\t\t\n\t\t\t\t\n\t\t\t\t\n\t\t\t\t\n\t\t\t\t<div class=\"et_pb_module et_d4_element et_pb_divider_11 et_pb_space et_pb_divider_hidden\"><div class=\"et_pb_divider_internal\"><\/div><\/div>\n\t\t\t<\/div><div class=\"et_d4_element et_pb_column_1_4 et_pb_column et_pb_column_33  et_pb_css_mix_blend_mode et-last-child et_block_column\">\n\t\t\t\t\n\t\t\t\t\n\t\t\t\t\n\t\t\t\t\n\t\t\t\t<div class=\"et_pb_module et_d4_element et_pb_text et_pb_text_25  et_pb_text_align_left et_pb_bg_layout_light\">\n\t\t\t\t\n\t\t\t\t\n\t\t\t\t\n\t\t\t\t\n\t\t\t\t<div class=\"et_pb_text_inner\"><p>La nostra Barbera rappresenta quindi due aspetti della femminilit\u00e0: la giovinezza e la vivacit\u00e0 della Primavera, in contrapposizione alla maturit\u00e0 e consapevolezza dell\u2019Estate.<\/p><\/div>\n\t\t\t<\/div>\n\t\t\t<\/div>\n\t\t\t\t\n\t\t\t\t\n\t\t\t\t\n\t\t\t\t\n\t\t\t<\/div>\n\t\t\t\t\n\t\t\t\t<div class=\"et_pb_bottom_inside_divider et-no-transition\"><\/div>\n\t\t\t<\/div><div class=\"et_d4_element et_pb_section et_pb_section_16  et_pb_css_mix_blend_mode et_section_regular et_block_section\" >\n\t\t\t\t\n\t\t\t\t\n\t\t\t\t\n\t\t\t\t\n\t\t\t\t\n\t\t\t\t\n\t\t\t\t<div class=\"et_d4_element et_pb_row et_pb_row_17  et_pb_css_mix_blend_mode et_block_row\">\n\t\t\t\t<div class=\"et_d4_element et_pb_column_4_4 et_pb_column et_pb_column_34  et_pb_css_mix_blend_mode et-last-child et_block_column\">\n\t\t\t\t\n\t\t\t\t\n\t\t\t\t\n\t\t\t\t\n\t\t\t\t<div class=\"et_pb_module et_d4_element et_pb_text et_pb_text_26  et_pb_text_align_center et_pb_text_align_left-phone et_pb_bg_layout_light\">\n\t\t\t\t\n\t\t\t\t\n\t\t\t\t\n\t\t\t\t\n\t\t\t\t<div class=\"et_pb_text_inner\"><h2>Vieni a provarli...<\/h2><\/div>\n\t\t\t<\/div>\n\t\t\t<\/div>\n\t\t\t\t\n\t\t\t\t\n\t\t\t\t\n\t\t\t\t\n\t\t\t<\/div>\n\t\t\t\t\n\t\t\t\t\n\t\t\t<\/div><div class=\"et_d4_element et_pb_section et_pb_section_17 et_pb_with_background  et_pb_css_mix_blend_mode et_section_regular et_block_section\" >\n\t\t\t\t\n\t\t\t\t\n\t\t\t\t\n\t\t\t\t\n\t\t\t\t\n\t\t\t\t\n\t\t\t\t<div class=\"et_d4_element et_pb_row et_pb_row_18 et_pb_equal_columns et_pb_gutters2  et_pb_css_mix_blend_mode et_block_row\">\n\t\t\t\t<div class=\"et_pb_with_border et_pb_column_1_3 et_d4_element et_pb_column et_pb_column_35  et_pb_css_mix_blend_mode et_block_column\">\n\t\t\t\t\n\t\t\t\t\n\t\t\t\t\n\t\t\t\t\n\t\t\t\t<div class=\"et_pb_module et_d4_element et_pb_text et_pb_text_27  et_pb_text_align_left et_pb_bg_layout_light\">\n\t\t\t\t\n\t\t\t\t\n\t\t\t\t\n\t\t\t\t\n\t\t\t\t<div class=\"et_pb_text_inner\"><h4>Ristorante Solferino<\/h4>\n<h3>Prenota il tuo tavolo<\/h3><\/div>\n\t\t\t<\/div><div class=\"et_pb_module et_d4_element et_pb_divider et_pb_divider_12 et_pb_space\"><div class=\"et_pb_divider_internal\"><\/div><\/div><div class=\"et_pb_module et_d4_element et_pb_text et_pb_text_28  et_pb_text_align_left et_pb_bg_layout_light\">\n\t\t\t\t\n\t\t\t\t\n\t\t\t\t\n\t\t\t\t\n\t\t\t\t<div class=\"et_pb_text_inner\"><p class=\"p1\">Scopri i sapori autentici del Piemonte in un\u2019atmosfera raffinata a due passi da Piazza Solferino e dalla Fontana Angelica.<\/p><\/div>\n\t\t\t<\/div><div class=\"et_pb_button_module_wrapper et_pb_button_3_wrapper et_pb_button_alignment_left et_pb_module \">\n\t\t\t\t<a class=\"et_pb_button et_d4_element et_pb_button_3 popup-prenotazione-tf et_pb_bg_layout_light et_block_module\" href=\"\">Prenota ora<\/a>\n\t\t\t<\/div>\n\t\t\t<\/div><div class=\"et_pb_with_border et_pb_column_1_3 et_d4_element et_pb_column et_pb_column_36  et_pb_css_mix_blend_mode et_block_column\">\n\t\t\t\t\n\t\t\t\t\n\t\t\t\t\n\t\t\t\t\n\t\t\t\t<div class=\"et_pb_module et_d4_element et_pb_text et_pb_text_29  et_pb_text_align_left et_pb_bg_layout_light\">\n\t\t\t\t\n\t\t\t\t\n\t\t\t\t\n\t\t\t\t\n\t\t\t\t<div class=\"et_pb_text_inner\"><h4>Solferino Gift<\/h4>\n<h3>Regala un'esperienza unica<\/h3><\/div>\n\t\t\t<\/div><div class=\"et_pb_module et_d4_element et_pb_divider et_pb_divider_13 et_pb_space\"><div class=\"et_pb_divider_internal\"><\/div><\/div><div class=\"et_pb_module et_d4_element et_pb_text et_pb_text_30  et_pb_text_align_left et_pb_bg_layout_light\">\n\t\t\t\t\n\t\t\t\t\n\t\t\t\t\n\t\t\t\t\n\t\t\t\t<div class=\"et_pb_text_inner\"><p>Acquista un coupon e regala il meglio della nostra cucina per una serata speciale o un regalo raffinato di sicuro successo!<\/p><\/div>\n\t\t\t<\/div><div class=\"et_pb_button_module_wrapper et_pb_button_4_wrapper et_pb_button_alignment_left et_pb_module \">\n\t\t\t\t<a class=\"et_pb_button et_d4_element et_pb_button_4 et_pb_bg_layout_light et_block_module\" href=\"https:\/\/ristorantesolferino.com\/en\/turin-restaurant-coupons\/\">Scopri di pi\u00f9<\/a>\n\t\t\t<\/div>\n\t\t\t<\/div><div class=\"et_pb_with_border et_pb_column_1_3 et_d4_element et_pb_column et_pb_column_37  et_pb_css_mix_blend_mode et-last-child et_block_column\">\n\t\t\t\t\n\t\t\t\t\n\t\t\t\t\n\t\t\t\t\n\t\t\t\t<div class=\"et_pb_module et_d4_element et_pb_text et_pb_text_31  et_pb_text_align_left et_pb_bg_layout_light\">\n\t\t\t\t\n\t\t\t\t\n\t\t\t\t\n\t\t\t\t\n\t\t\t\t<div class=\"et_pb_text_inner\"><h4>Somewhere<\/h4>\n<h3>Torino Magica\u00ae Tour<\/h3><\/div>\n\t\t\t<\/div><div class=\"et_pb_module et_d4_element et_pb_divider et_pb_divider_14 et_pb_space\"><div class=\"et_pb_divider_internal\"><\/div><\/div><div class=\"et_pb_module et_d4_element et_pb_text et_pb_text_32  et_pb_text_align_left et_pb_bg_layout_light\">\n\t\t\t\t\n\t\t\t\t\n\t\t\t\t\n\t\t\t\t\n\t\t\t\t<div class=\"et_pb_text_inner\">Un percorso intrigante e curioso, tutta la magia di una citt\u00e0 in un itinerario che racconta la trasmutazione e il mistero di Torino.<\/div>\n\t\t\t<\/div><div class=\"et_pb_button_module_wrapper et_pb_button_5_wrapper et_pb_button_alignment_left et_pb_module \">\n\t\t\t\t<a class=\"et_pb_button et_d4_element et_pb_button_5 et_pb_bg_layout_light et_block_module\" href=\"https:\/\/www.somewhere.it\/prodotto\/torino-magica-tour\/\" target=\"_blank\" data-icon=\"\ue03e\">Scopri il tour<\/a>\n\t\t\t<\/div>\n\t\t\t<\/div>\n\t\t\t\t\n\t\t\t\t\n\t\t\t\t\n\t\t\t\t\n\t\t\t<\/div>\n\t\t\t\t\n\t\t\t\t\n\t\t\t<\/div><div class=\"et_d4_element et_pb_section et_pb_section_18 et_pb_with_background  et_pb_css_mix_blend_mode et_section_regular et_block_section\" >\n\t\t\t\t\n\t\t\t\t\n\t\t\t\t\n\t\t\t\t\n\t\t\t\t\n\t\t\t\t\n\t\t\t\t<div class=\"et_d4_element et_pb_row et_pb_row_19 et_pb_equal_columns et_pb_gutters2  et_pb_css_mix_blend_mode et_block_row\">\n\t\t\t\t<div class=\"et_d4_element et_pb_column_4_4 et_pb_column et_pb_column_38  et_pb_css_mix_blend_mode et-last-child et_block_column\">\n\t\t\t\t\n\t\t\t\t\n\t\t\t\t\n\t\t\t\t\n\t\t\t\t<div class=\"et_pb_module et_d4_element et_pb_text et_pb_text_33  et_pb_text_align_left et_pb_bg_layout_light\">\n\t\t\t\t\n\t\t\t\t\n\t\t\t\t\n\t\t\t\t\n\t\t\t\t<div class=\"et_pb_text_inner\"><pre class=\"ti-widget\" style=\"display: none\"><template id=\"trustindex-tripadvisor-widget-html\"><div class=\" ti-widget  ti-trip ti-review-text-mode-truncated ti-text-align-left\" data-no-translation=\"true\" data-plugin-version=\"13.3.2\" data-layout-id=\"5\" data-layout-category=\"slider\" data-set-id=\"light-background\" data-pid=\"\" data-language=\"it\" data-close-locale=\"Chiudi\" data-review-target-width=\"275\" data-css-version=\"2\" data-reply-by-locale=\"Risposta dal proprietario\" data-only-rating-locale=\"Questo utente ha lasciato solo una valutazione.\" data-pager-autoplay-timeout=\"6\"> <div class=\"ti-widget-container ti-col-4\"> <div class=\"ti-footer ti-footer-grid source-Tripadvisor\"> <div class=\"ti-fade-container\"> <div class=\"ti-rating-text\"> <strong class=\"ti-rating ti-rating-large\"> BUONO <\/strong> <\/div> <span class=\"ti-stars star-lg\"><trustindex-image class=\"ti-star\" data-imgurl=\"https:\/\/cdn.trustindex.io\/assets\/platform\/Tripadvisor\/star\/f.svg\" alt=\"Tripadvisor star 1\" width=\"17\" height=\"17\" loading=\"lazy\"><\/trustindex-image><trustindex-image class=\"ti-star\" data-imgurl=\"https:\/\/cdn.trustindex.io\/assets\/platform\/Tripadvisor\/star\/f.svg\" alt=\"Tripadvisor star 2\" width=\"17\" height=\"17\" loading=\"lazy\"><\/trustindex-image><trustindex-image class=\"ti-star\" data-imgurl=\"https:\/\/cdn.trustindex.io\/assets\/platform\/Tripadvisor\/star\/f.svg\" alt=\"Tripadvisor star 3\" width=\"17\" height=\"17\" loading=\"lazy\"><\/trustindex-image><trustindex-image class=\"ti-star\" data-imgurl=\"https:\/\/cdn.trustindex.io\/assets\/platform\/Tripadvisor\/star\/f.svg\" alt=\"Tripadvisor star 4\" width=\"17\" height=\"17\" loading=\"lazy\"><\/trustindex-image><trustindex-image class=\"ti-star\" data-imgurl=\"https:\/\/cdn.trustindex.io\/assets\/platform\/Tripadvisor\/star\/h.svg\" alt=\"Tripadvisor star 5.0.4\" width=\"17\" height=\"17\" loading=\"lazy\"><\/trustindex-image><\/span> <div class=\"ti-rating-text\"> <span class=\"nowrap\">In base a <strong>3374 recensioni<\/strong><\/span> <\/div> <div class=\"ti-large-logo\"> <div class=\"ti-v-center\"> <trustindex-image class=\"ti-logo-fb\" data-imgurl=\"https:\/\/cdn.trustindex.io\/assets\/platform\/Tripadvisor\/logo.svg\" width=\"150\" height=\"25\" loading=\"lazy\" alt=\"Tripadvisor\"><\/trustindex-image> <\/div> <\/div> <\/div> <\/div> <div class=\"ti-reviews-container\"> <div class=\"ti-controls\"> <div class=\"ti-next\" aria-label=\"Prossima recensione\" role=\"button\" tabindex=\"0\"><\/div> <div class=\"ti-prev\" aria-label=\"Recensione precedente\" role=\"button\" tabindex=\"0\"><\/div> <\/div> <div class=\"ti-reviews-container-wrapper\">  <div data-empty=\"0\" class=\"ti-review-item source-Tripadvisor ti-image-layout-thumbnail\" data-time=\"\" data-id=\"cfcd208495d565ef66e7dff9f98764da\" data-language=\"\"> <div class=\"ti-inner\"> <div class=\"ti-review-header\"> <div class=\"ti-platform-icon ti-with-tooltip\"> <span class=\"ti-tooltip\">Pubblicato su Tripadvisor<\/span> <trustindex-image data-imgurl=\"https:\/\/cdn.trustindex.io\/assets\/platform\/Tripadvisor\/icon.svg\" alt=\"Tripadvisor\" width=\"20\" height=\"20\" loading=\"lazy\"><\/trustindex-image> <\/div> <div class=\"ti-profile-img\"> <trustindex-image data-imgurl=\"https:\/\/media-cdn.tripadvisor.com\/media\/photo-o\/1a\/f6\/e5\/66\/default-avatar-2020-53.jpg\" alt=\"Francesco M profile picture\" loading=\"lazy\"><\/trustindex-image> <\/div> <div class=\"ti-profile-details\"> <div class=\"ti-name\"> Francesco M <\/div> <div class=\"ti-date\">16\/11\/2025<\/div> <\/div> <\/div> <span class=\"ti-stars\"><trustindex-image class=\"ti-star\" data-imgurl=\"https:\/\/cdn.trustindex.io\/assets\/platform\/Tripadvisor\/star\/f.svg\" alt=\"Tripadvisor star 1\" width=\"17\" height=\"17\" loading=\"lazy\"><\/trustindex-image><trustindex-image class=\"ti-star\" data-imgurl=\"https:\/\/cdn.trustindex.io\/assets\/platform\/Tripadvisor\/star\/f.svg\" alt=\"Tripadvisor star 2\" width=\"17\" height=\"17\" loading=\"lazy\"><\/trustindex-image><trustindex-image class=\"ti-star\" data-imgurl=\"https:\/\/cdn.trustindex.io\/assets\/platform\/Tripadvisor\/star\/f.svg\" alt=\"Tripadvisor star 3\" width=\"17\" height=\"17\" loading=\"lazy\"><\/trustindex-image><trustindex-image class=\"ti-star\" data-imgurl=\"https:\/\/cdn.trustindex.io\/assets\/platform\/Tripadvisor\/star\/f.svg\" alt=\"Tripadvisor star 4\" width=\"17\" height=\"17\" loading=\"lazy\"><\/trustindex-image><trustindex-image class=\"ti-star\" data-imgurl=\"https:\/\/cdn.trustindex.io\/assets\/platform\/Tripadvisor\/star\/f.svg\" alt=\"Tripadvisor star 5\" width=\"17\" height=\"17\" loading=\"lazy\"><\/trustindex-image><span class=\"ti-verified-review\"><span class=\"ti-verified-tooltip\">Verificata<\/span><\/span><\/span> <div class=\"ti-review-text-container ti-review-content\"><!-- R-CONTENT --><strong>La cena \u00e8 stata come un 6-0 6-0 di Sinner su Alcaraz.<\/strong>\nil torneo delle Finals ATP \u00e8 stato occasione per scoprire questo ristorante di classe. Ottimo cibo ed alta professionalit\u00e0 nel servizio. Consigliato.<!-- R-CONTENT --><\/div> <span class=\"ti-read-more\" data-container=\".ti-review-content\" data-collapse-text=\"Nascondere\" data-open-text=\"Leggi di pi\u00f9\"><\/span> <\/div> <\/div>  <div data-empty=\"0\" class=\"ti-review-item source-Tripadvisor ti-image-layout-thumbnail\" data-time=\"\" data-id=\"cfcd208495d565ef66e7dff9f98764da\" data-language=\"\"> <div class=\"ti-inner\"> <div class=\"ti-review-header\"> <div class=\"ti-platform-icon ti-with-tooltip\"> <span class=\"ti-tooltip\">Pubblicato su Tripadvisor<\/span> <trustindex-image data-imgurl=\"https:\/\/cdn.trustindex.io\/assets\/platform\/Tripadvisor\/icon.svg\" alt=\"Tripadvisor\" width=\"20\" height=\"20\" loading=\"lazy\"><\/trustindex-image> <\/div> <div class=\"ti-profile-img\"> <trustindex-image data-imgurl=\"https:\/\/media-cdn.tripadvisor.com\/media\/photo-o\/1a\/f6\/ef\/9c\/default-avatar-2020-14.jpg\" alt=\"Cristian P profile picture\" loading=\"lazy\"><\/trustindex-image> <\/div> <div class=\"ti-profile-details\"> <div class=\"ti-name\"> Cristian P <\/div> <div class=\"ti-date\">07\/11\/2025<\/div> <\/div> <\/div> <span class=\"ti-stars\"><trustindex-image class=\"ti-star\" data-imgurl=\"https:\/\/cdn.trustindex.io\/assets\/platform\/Tripadvisor\/star\/f.svg\" alt=\"Tripadvisor star 1\" width=\"17\" height=\"17\" loading=\"lazy\"><\/trustindex-image><trustindex-image class=\"ti-star\" data-imgurl=\"https:\/\/cdn.trustindex.io\/assets\/platform\/Tripadvisor\/star\/f.svg\" alt=\"Tripadvisor star 2\" width=\"17\" height=\"17\" loading=\"lazy\"><\/trustindex-image><trustindex-image class=\"ti-star\" data-imgurl=\"https:\/\/cdn.trustindex.io\/assets\/platform\/Tripadvisor\/star\/f.svg\" alt=\"Tripadvisor star 3\" width=\"17\" height=\"17\" loading=\"lazy\"><\/trustindex-image><trustindex-image class=\"ti-star\" data-imgurl=\"https:\/\/cdn.trustindex.io\/assets\/platform\/Tripadvisor\/star\/f.svg\" alt=\"Tripadvisor star 4\" width=\"17\" height=\"17\" loading=\"lazy\"><\/trustindex-image><trustindex-image class=\"ti-star\" data-imgurl=\"https:\/\/cdn.trustindex.io\/assets\/platform\/Tripadvisor\/star\/f.svg\" alt=\"Tripadvisor star 5\" width=\"17\" height=\"17\" loading=\"lazy\"><\/trustindex-image><span class=\"ti-verified-review\"><span class=\"ti-verified-tooltip\">Verificata<\/span><\/span><\/span> <div class=\"ti-review-text-container ti-review-content\"><!-- R-CONTENT --><strong>Cucina eccellente e personale super gentile!<\/strong>\nEsperienza eccellente! Piatti curati e cucinati alla perfezione. Il vitello tonnato e il capunet (fuori men\u00f9) erano straordinari, autentici sapori piemontesi eseguiti con grande maestria. Il gianduiotto, semplicemente delizioso. I tajarin al tartufo bianco molto buoni, anche se non li sceglierei di nuovo. Il dolce pretrattato per l\u2019ATP (somigliante ad una pallina da tennis) non mi \u00e8 piaciuto, sapeva di poco sinceramente. Personale davvero eccezionale: gentile, sorridente e attento a ogni dettaglio. Secondo me \u00e8 uno dei pezzi forti del locale. Prezzi un po\u2019 sopra la media ma vale la pena. Un posto dove tornerei volentieri!<!-- R-CONTENT --><\/div> <span class=\"ti-read-more\" data-container=\".ti-review-content\" data-collapse-text=\"Nascondere\" data-open-text=\"Leggi di pi\u00f9\"><\/span> <\/div> <\/div>  <div data-empty=\"0\" class=\"ti-review-item source-Tripadvisor ti-image-layout-thumbnail\" data-time=\"\" data-id=\"cfcd208495d565ef66e7dff9f98764da\" data-language=\"\"> <div class=\"ti-inner\"> <div class=\"ti-review-header\"> <div class=\"ti-platform-icon ti-with-tooltip\"> <span class=\"ti-tooltip\">Pubblicato su Tripadvisor<\/span> <trustindex-image data-imgurl=\"https:\/\/cdn.trustindex.io\/assets\/platform\/Tripadvisor\/icon.svg\" alt=\"Tripadvisor\" width=\"20\" height=\"20\" loading=\"lazy\"><\/trustindex-image> <\/div> <div class=\"ti-profile-img\"> <trustindex-image data-imgurl=\"https:\/\/cdn.trustindex.io\/assets\/default-avatar\/noprofile-04.svg\" alt=\"Ombretta F profile picture\" loading=\"lazy\"><\/trustindex-image> <\/div> <div class=\"ti-profile-details\"> <div class=\"ti-name\"> Ombretta F <\/div> <div class=\"ti-date\">02\/11\/2025<\/div> <\/div> <\/div> <span class=\"ti-stars\"><trustindex-image class=\"ti-star\" data-imgurl=\"https:\/\/cdn.trustindex.io\/assets\/platform\/Tripadvisor\/star\/f.svg\" alt=\"Tripadvisor star 1\" width=\"17\" height=\"17\" loading=\"lazy\"><\/trustindex-image><trustindex-image class=\"ti-star\" data-imgurl=\"https:\/\/cdn.trustindex.io\/assets\/platform\/Tripadvisor\/star\/f.svg\" alt=\"Tripadvisor star 2\" width=\"17\" height=\"17\" loading=\"lazy\"><\/trustindex-image><trustindex-image class=\"ti-star\" data-imgurl=\"https:\/\/cdn.trustindex.io\/assets\/platform\/Tripadvisor\/star\/f.svg\" alt=\"Tripadvisor star 3\" width=\"17\" height=\"17\" loading=\"lazy\"><\/trustindex-image><trustindex-image class=\"ti-star\" data-imgurl=\"https:\/\/cdn.trustindex.io\/assets\/platform\/Tripadvisor\/star\/f.svg\" alt=\"Tripadvisor star 4\" width=\"17\" height=\"17\" loading=\"lazy\"><\/trustindex-image><trustindex-image class=\"ti-star\" data-imgurl=\"https:\/\/cdn.trustindex.io\/assets\/platform\/Tripadvisor\/star\/f.svg\" alt=\"Tripadvisor star 5\" width=\"17\" height=\"17\" loading=\"lazy\"><\/trustindex-image><span class=\"ti-verified-review\"><span class=\"ti-verified-tooltip\">Verificata<\/span><\/span><\/span> <div class=\"ti-review-text-container ti-review-content\"><!-- R-CONTENT --><strong>Ottima scoperta<\/strong>\nPiatti ottimi, ben eseguiti, ben presentati, materie prime di qualit\u00e0, ottimo servizio professionale presente ma non invadente. Rapporto qualit\u00e0 prezzo coerente con la qualit\u00e0 dei piatti presentati. Davvero una bella scoperta, torneremo sicuramente!!<!-- R-CONTENT --><\/div> <span class=\"ti-read-more\" data-container=\".ti-review-content\" data-collapse-text=\"Nascondere\" data-open-text=\"Leggi di pi\u00f9\"><\/span> <\/div> <\/div>  <div data-empty=\"0\" class=\"ti-review-item source-Tripadvisor ti-image-layout-thumbnail\" data-time=\"\" data-id=\"cfcd208495d565ef66e7dff9f98764da\" data-language=\"\"> <div class=\"ti-inner\"> <div class=\"ti-review-header\"> <div class=\"ti-platform-icon ti-with-tooltip\"> <span class=\"ti-tooltip\">Pubblicato su Tripadvisor<\/span> <trustindex-image data-imgurl=\"https:\/\/cdn.trustindex.io\/assets\/platform\/Tripadvisor\/icon.svg\" alt=\"Tripadvisor\" width=\"20\" height=\"20\" loading=\"lazy\"><\/trustindex-image> <\/div> <div class=\"ti-profile-img\"> <trustindex-image data-imgurl=\"https:\/\/media-cdn.tripadvisor.com\/media\/photo-o\/1a\/f6\/f6\/0d\/default-avatar-2020-34.jpg\" alt=\"Camilla Castelo Branco profile picture\" loading=\"lazy\"><\/trustindex-image> <\/div> <div class=\"ti-profile-details\"> <div class=\"ti-name\"> Camilla Castelo Branco <\/div> <div class=\"ti-date\">27\/10\/2025<\/div> <\/div> <\/div> <span class=\"ti-stars\"><trustindex-image class=\"ti-star\" data-imgurl=\"https:\/\/cdn.trustindex.io\/assets\/platform\/Tripadvisor\/star\/f.svg\" alt=\"Tripadvisor star 1\" width=\"17\" height=\"17\" loading=\"lazy\"><\/trustindex-image><trustindex-image class=\"ti-star\" data-imgurl=\"https:\/\/cdn.trustindex.io\/assets\/platform\/Tripadvisor\/star\/f.svg\" alt=\"Tripadvisor star 2\" width=\"17\" height=\"17\" loading=\"lazy\"><\/trustindex-image><trustindex-image class=\"ti-star\" data-imgurl=\"https:\/\/cdn.trustindex.io\/assets\/platform\/Tripadvisor\/star\/f.svg\" alt=\"Tripadvisor star 3\" width=\"17\" height=\"17\" loading=\"lazy\"><\/trustindex-image><trustindex-image class=\"ti-star\" data-imgurl=\"https:\/\/cdn.trustindex.io\/assets\/platform\/Tripadvisor\/star\/f.svg\" alt=\"Tripadvisor star 4\" width=\"17\" height=\"17\" loading=\"lazy\"><\/trustindex-image><trustindex-image class=\"ti-star\" data-imgurl=\"https:\/\/cdn.trustindex.io\/assets\/platform\/Tripadvisor\/star\/f.svg\" alt=\"Tripadvisor star 5\" width=\"17\" height=\"17\" loading=\"lazy\"><\/trustindex-image><span class=\"ti-verified-review\"><span class=\"ti-verified-tooltip\">Verificata<\/span><\/span><\/span> <div class=\"ti-review-text-container ti-review-content\"><!-- R-CONTENT --><strong>Sofistica\u00e7\u00e3o e sabor de luxo<\/strong>\nAtendimento impec\u00e1vel, fomos acolhidos pela atendente Serena, ela foi perfeita conosco, nos ajudou na escolha dos pratos! Recomendo a todos!<!-- R-CONTENT --><\/div> <span class=\"ti-read-more\" data-container=\".ti-review-content\" data-collapse-text=\"Nascondere\" data-open-text=\"Leggi di pi\u00f9\"><\/span> <\/div> <\/div>  <div data-empty=\"0\" class=\"ti-review-item source-Tripadvisor ti-image-layout-thumbnail\" data-time=\"\" data-id=\"cfcd208495d565ef66e7dff9f98764da\" data-language=\"\"> <div class=\"ti-inner\"> <div class=\"ti-review-header\"> <div class=\"ti-platform-icon ti-with-tooltip\"> <span class=\"ti-tooltip\">Pubblicato su Tripadvisor<\/span> <trustindex-image data-imgurl=\"https:\/\/cdn.trustindex.io\/assets\/platform\/Tripadvisor\/icon.svg\" alt=\"Tripadvisor\" width=\"20\" height=\"20\" loading=\"lazy\"><\/trustindex-image> <\/div> <div class=\"ti-profile-img\"> <trustindex-image data-imgurl=\"https:\/\/media-cdn.tripadvisor.com\/media\/photo-o\/1a\/f6\/eb\/6d\/default-avatar-2020-19.jpg\" alt=\"Patrizia R profile picture\" loading=\"lazy\"><\/trustindex-image> <\/div> <div class=\"ti-profile-details\"> <div class=\"ti-name\"> Patrizia R <\/div> <div class=\"ti-date\">26\/10\/2025<\/div> <\/div> <\/div> <span class=\"ti-stars\"><trustindex-image class=\"ti-star\" data-imgurl=\"https:\/\/cdn.trustindex.io\/assets\/platform\/Tripadvisor\/star\/f.svg\" alt=\"Tripadvisor star 1\" width=\"17\" height=\"17\" loading=\"lazy\"><\/trustindex-image><trustindex-image class=\"ti-star\" data-imgurl=\"https:\/\/cdn.trustindex.io\/assets\/platform\/Tripadvisor\/star\/f.svg\" alt=\"Tripadvisor star 2\" width=\"17\" height=\"17\" loading=\"lazy\"><\/trustindex-image><trustindex-image class=\"ti-star\" data-imgurl=\"https:\/\/cdn.trustindex.io\/assets\/platform\/Tripadvisor\/star\/f.svg\" alt=\"Tripadvisor star 3\" width=\"17\" height=\"17\" loading=\"lazy\"><\/trustindex-image><trustindex-image class=\"ti-star\" data-imgurl=\"https:\/\/cdn.trustindex.io\/assets\/platform\/Tripadvisor\/star\/f.svg\" alt=\"Tripadvisor star 4\" width=\"17\" height=\"17\" loading=\"lazy\"><\/trustindex-image><trustindex-image class=\"ti-star\" data-imgurl=\"https:\/\/cdn.trustindex.io\/assets\/platform\/Tripadvisor\/star\/f.svg\" alt=\"Tripadvisor star 5\" width=\"17\" height=\"17\" loading=\"lazy\"><\/trustindex-image><span class=\"ti-verified-review\"><span class=\"ti-verified-tooltip\">Verificata<\/span><\/span><\/span> <div class=\"ti-review-text-container ti-review-content\"><!-- R-CONTENT --><strong>Eccellente cucina tipica<\/strong>\nSituato nella omonima piazza Men\u00f9 tipico di eccellente qualit\u00e0. Personale garbato e professionale. Ambiente gradevole ed accogliente. \u00c8 possibile ordinare le mezze porzioni per assaggiare pi\u00f9 pietanze. Ci torner\u00f2 sicuramente<!-- R-CONTENT --><\/div> <span class=\"ti-read-more\" data-container=\".ti-review-content\" data-collapse-text=\"Nascondere\" data-open-text=\"Leggi di pi\u00f9\"><\/span> <\/div> <\/div>  <div data-empty=\"0\" class=\"ti-review-item source-Tripadvisor ti-image-layout-thumbnail\" data-time=\"\" data-id=\"cfcd208495d565ef66e7dff9f98764da\" data-language=\"\"> <div class=\"ti-inner\"> <div class=\"ti-review-header\"> <div class=\"ti-platform-icon ti-with-tooltip\"> <span class=\"ti-tooltip\">Pubblicato su Tripadvisor<\/span> <trustindex-image data-imgurl=\"https:\/\/cdn.trustindex.io\/assets\/platform\/Tripadvisor\/icon.svg\" alt=\"Tripadvisor\" width=\"20\" height=\"20\" loading=\"lazy\"><\/trustindex-image> <\/div> <div class=\"ti-profile-img\"> <trustindex-image data-imgurl=\"https:\/\/media-cdn.tripadvisor.com\/media\/photo-o\/1a\/f6\/f1\/b8\/default-avatar-2020-22.jpg\" alt=\"Resort36854793561 profile picture\" loading=\"lazy\"><\/trustindex-image> <\/div> <div class=\"ti-profile-details\"> <div class=\"ti-name\"> Resort36854793561 <\/div> <div class=\"ti-date\">25\/10\/2025<\/div> <\/div> <\/div> <span class=\"ti-stars\"><trustindex-image class=\"ti-star\" data-imgurl=\"https:\/\/cdn.trustindex.io\/assets\/platform\/Tripadvisor\/star\/f.svg\" alt=\"Tripadvisor star 1\" width=\"17\" height=\"17\" loading=\"lazy\"><\/trustindex-image><trustindex-image class=\"ti-star\" data-imgurl=\"https:\/\/cdn.trustindex.io\/assets\/platform\/Tripadvisor\/star\/f.svg\" alt=\"Tripadvisor star 2\" width=\"17\" height=\"17\" loading=\"lazy\"><\/trustindex-image><trustindex-image class=\"ti-star\" data-imgurl=\"https:\/\/cdn.trustindex.io\/assets\/platform\/Tripadvisor\/star\/f.svg\" alt=\"Tripadvisor star 3\" width=\"17\" height=\"17\" loading=\"lazy\"><\/trustindex-image><trustindex-image class=\"ti-star\" data-imgurl=\"https:\/\/cdn.trustindex.io\/assets\/platform\/Tripadvisor\/star\/f.svg\" alt=\"Tripadvisor star 4\" width=\"17\" height=\"17\" loading=\"lazy\"><\/trustindex-image><trustindex-image class=\"ti-star\" data-imgurl=\"https:\/\/cdn.trustindex.io\/assets\/platform\/Tripadvisor\/star\/f.svg\" alt=\"Tripadvisor star 5\" width=\"17\" height=\"17\" loading=\"lazy\"><\/trustindex-image><span class=\"ti-verified-review\"><span class=\"ti-verified-tooltip\">Verificata<\/span><\/span><\/span> <div class=\"ti-review-text-container ti-review-content\"><!-- R-CONTENT --><strong>Amazing<\/strong>\nAmazing. It\u2019s cool. Great food. Great wine. Great great super great place. Not to miss, for real. You should come!!!!!!<!-- R-CONTENT --><\/div> <span class=\"ti-read-more\" data-container=\".ti-review-content\" data-collapse-text=\"Nascondere\" data-open-text=\"Leggi di pi\u00f9\"><\/span> <\/div> <\/div>  <div data-empty=\"0\" class=\"ti-review-item source-Tripadvisor ti-image-layout-thumbnail\" data-time=\"\" data-id=\"cfcd208495d565ef66e7dff9f98764da\" data-language=\"\"> <div class=\"ti-inner\"> <div class=\"ti-review-header\"> <div class=\"ti-platform-icon ti-with-tooltip\"> <span class=\"ti-tooltip\">Pubblicato su Tripadvisor<\/span> <trustindex-image data-imgurl=\"https:\/\/cdn.trustindex.io\/assets\/platform\/Tripadvisor\/icon.svg\" alt=\"Tripadvisor\" width=\"20\" height=\"20\" loading=\"lazy\"><\/trustindex-image> <\/div> <div class=\"ti-profile-img\"> <trustindex-image data-imgurl=\"https:\/\/media-cdn.tripadvisor.com\/media\/photo-o\/1a\/f6\/e7\/3d\/default-avatar-2020-55.jpg\" alt=\"Claudio P profile picture\" loading=\"lazy\"><\/trustindex-image> <\/div> <div class=\"ti-profile-details\"> <div class=\"ti-name\"> Claudio P <\/div> <div class=\"ti-date\">18\/10\/2025<\/div> <\/div> <\/div> <span class=\"ti-stars\"><trustindex-image class=\"ti-star\" data-imgurl=\"https:\/\/cdn.trustindex.io\/assets\/platform\/Tripadvisor\/star\/f.svg\" alt=\"Tripadvisor star 1\" width=\"17\" height=\"17\" loading=\"lazy\"><\/trustindex-image><trustindex-image class=\"ti-star\" data-imgurl=\"https:\/\/cdn.trustindex.io\/assets\/platform\/Tripadvisor\/star\/f.svg\" alt=\"Tripadvisor star 2\" width=\"17\" height=\"17\" loading=\"lazy\"><\/trustindex-image><trustindex-image class=\"ti-star\" data-imgurl=\"https:\/\/cdn.trustindex.io\/assets\/platform\/Tripadvisor\/star\/f.svg\" alt=\"Tripadvisor star 3\" width=\"17\" height=\"17\" loading=\"lazy\"><\/trustindex-image><trustindex-image class=\"ti-star\" data-imgurl=\"https:\/\/cdn.trustindex.io\/assets\/platform\/Tripadvisor\/star\/f.svg\" alt=\"Tripadvisor star 4\" width=\"17\" height=\"17\" loading=\"lazy\"><\/trustindex-image><trustindex-image class=\"ti-star\" data-imgurl=\"https:\/\/cdn.trustindex.io\/assets\/platform\/Tripadvisor\/star\/f.svg\" alt=\"Tripadvisor star 5\" width=\"17\" height=\"17\" loading=\"lazy\"><\/trustindex-image><span class=\"ti-verified-review\"><span class=\"ti-verified-tooltip\">Verificata<\/span><\/span><\/span> <div class=\"ti-review-text-container ti-review-content\"><!-- R-CONTENT --><strong>Eccellente<\/strong>\nEccellente! Veramente impeccabile.Non avevo prenotato e dopo una breve attesa mi hanno trovato un tavolo. Servizio perfetto!<!-- R-CONTENT --><\/div> <span class=\"ti-read-more\" data-container=\".ti-review-content\" data-collapse-text=\"Nascondere\" data-open-text=\"Leggi di pi\u00f9\"><\/span> <\/div> <\/div>  <\/div> <div class=\"ti-controls-line\"> <div class=\"dot\"><\/div> <\/div>   <\/div> <\/div> <\/div> <\/template><\/pre><div data-src=\"https:\/\/cdn.trustindex.io\/loader.js?wp-widget\" data-template-id=\"trustindex-tripadvisor-widget-html\" data-css-url=\"https:\/\/ristorantesolferino.com\/wp-content\/uploads\/trustindex-tripadvisor-widget.css?1787236198\"><\/div><\/div>\n\t\t\t<\/div>\n\t\t\t<\/div>\n\t\t\t\t\n\t\t\t\t\n\t\t\t\t\n\t\t\t\t\n\t\t\t<\/div>\n\t\t\t\t\n\t\t\t\t\n\t\t\t<\/div><\/p>\n","protected":false},"excerpt":{"rendered":"","protected":false},"author":93,"featured_media":186300,"parent":0,"menu_order":0,"comment_status":"closed","ping_status":"closed","template":"","meta":{"_acf_changed":false,"ngg_post_thumbnail":0,"_et_pb_use_builder":"on","_et_pb_old_content":"","_et_gb_content_width":"","footnotes":""},"class_list":["post-187999","page","type-page","status-publish","has-post-thumbnail","hentry"],"acf":[],"dsm_author":{"name":"Enzo Baril\u00e0","avatar_url":"https:\/\/secure.gravatar.com\/avatar\/24e7e4394a9684676233ee87f0fb25d41736e8b94811bbbb8f4ac7ae7f51c445?s=96&d=mm&r=g","archive_link":"https:\/\/ristorantesolferino.com\/en\/author\/enzowg\/","biodata":""},"dsm_categories":[],"dsm_attachment_categories":[],"dsm_featured_image":{"thumbnail":"https:\/\/ristorantesolferino.com\/wp-content\/uploads\/Vini-Ristorante-Solferino-Torino-1920-2-150x150.jpg","medium":"https:\/\/ristorantesolferino.com\/wp-content\/uploads\/Vini-Ristorante-Solferino-Torino-1920-2-800x532.jpg","medium_large":"https:\/\/ristorantesolferino.com\/wp-content\/uploads\/Vini-Ristorante-Solferino-Torino-1920-2-768x511.jpg","large":"https:\/\/ristorantesolferino.com\/wp-content\/uploads\/Vini-Ristorante-Solferino-Torino-1920-2-1024x681.jpg","1536x1536":"https:\/\/ristorantesolferino.com\/wp-content\/uploads\/Vini-Ristorante-Solferino-Torino-1920-2-1536x1022.jpg","2048x2048":"https:\/\/ristorantesolferino.com\/wp-content\/uploads\/Vini-Ristorante-Solferino-Torino-1920-2.jpg","et-pb-post-main-image":"https:\/\/ristorantesolferino.com\/wp-content\/uploads\/Vini-Ristorante-Solferino-Torino-1920-2-400x250.jpg","et-pb-post-main-image-fullwidth":"https:\/\/ristorantesolferino.com\/wp-content\/uploads\/Vini-Ristorante-Solferino-Torino-1920-2-1080x675.jpg","et-pb-portfolio-image":"https:\/\/ristorantesolferino.com\/wp-content\/uploads\/Vini-Ristorante-Solferino-Torino-1920-2-400x284.jpg","et-pb-portfolio-module-image":"https:\/\/ristorantesolferino.com\/wp-content\/uploads\/Vini-Ristorante-Solferino-Torino-1920-2-510x382.jpg","et-pb-portfolio-image-single":"https:\/\/ristorantesolferino.com\/wp-content\/uploads\/Vini-Ristorante-Solferino-Torino-1920-2-1080x718.jpg","et-pb-gallery-module-image-portrait":"https:\/\/ristorantesolferino.com\/wp-content\/uploads\/Vini-Ristorante-Solferino-Torino-1920-2-400x516.jpg","et-pb-post-main-image-fullwidth-large":"https:\/\/ristorantesolferino.com\/wp-content\/uploads\/Vini-Ristorante-Solferino-Torino-1920-2.jpg","et-pb-image--responsive--desktop":"https:\/\/ristorantesolferino.com\/wp-content\/uploads\/Vini-Ristorante-Solferino-Torino-1920-2-1280x851.jpg","et-pb-image--responsive--tablet":"https:\/\/ristorantesolferino.com\/wp-content\/uploads\/Vini-Ristorante-Solferino-Torino-1920-2-980x652.jpg","et-pb-image--responsive--phone":"https:\/\/ristorantesolferino.com\/wp-content\/uploads\/Vini-Ristorante-Solferino-Torino-1920-2-480x319.jpg","woocommerce_thumbnail":"https:\/\/ristorantesolferino.com\/wp-content\/uploads\/Vini-Ristorante-Solferino-Torino-1920-2-400x400.jpg","woocommerce_single":"https:\/\/ristorantesolferino.com\/wp-content\/uploads\/Vini-Ristorante-Solferino-Torino-1920-2-510x339.jpg","woocommerce_gallery_thumbnail":"https:\/\/ristorantesolferino.com\/wp-content\/uploads\/Vini-Ristorante-Solferino-Torino-1920-2-100x100.jpg","full":"https:\/\/ristorantesolferino.com\/wp-content\/uploads\/Vini-Ristorante-Solferino-Torino-1920-2.jpg"},"dsm_comment_count":0,"yoast_head":"<!-- This site is optimized with the Yoast SEO plugin v28.4 - https:\/\/yoast.com\/product\/yoast-seo-wordpress\/ -->\n<title>Piazza Solferino, la Fontana Angelica e I Vini del Ristorante Solferino<\/title>\n<meta name=\"description\" content=\"Benvenuti nella storia unica e affascinante di Piazza Solferino, dove l&#039;arte, la cultura e la tradizione si fondono nei nostri vini esclusivi.\" \/>\n<meta name=\"robots\" content=\"index, follow, max-snippet:-1, max-image-preview:large, max-video-preview:-1\" \/>\n<link rel=\"canonical\" href=\"https:\/\/ristorantesolferino.com\/en\/piazza-solferino-vino-arte-e-magia\/\" \/>\n<meta property=\"og:locale\" content=\"en_US\" \/>\n<meta property=\"og:type\" content=\"article\" \/>\n<meta property=\"og:title\" content=\"Piazza Solferino, la Fontana Angelica e I Vini del Ristorante Solferino\" \/>\n<meta property=\"og:description\" content=\"Benvenuti nella storia unica e affascinante di Piazza Solferino, dove l&#039;arte, la cultura e la tradizione si fondono nei nostri vini esclusivi.\" \/>\n<meta property=\"og:url\" content=\"https:\/\/ristorantesolferino.com\/en\/piazza-solferino-vino-arte-e-magia\/\" \/>\n<meta property=\"og:site_name\" content=\"Ristorante Solferino - Cucina Piemontese Torino\" \/>\n<meta property=\"article:publisher\" content=\"https:\/\/www.facebook.com\/@ristorantesolferino\" \/>\n<meta property=\"article:modified_time\" content=\"2026-02-12T19:54:53+00:00\" \/>\n<meta property=\"og:image\" content=\"https:\/\/ristorantesolferino.com\/wp-content\/uploads\/Vini-Ristorante-Solferino-Torino-1920-2.jpg\" \/>\n\t<meta property=\"og:image:width\" content=\"1920\" \/>\n\t<meta property=\"og:image:height\" content=\"1277\" \/>\n\t<meta property=\"og:image:type\" content=\"image\/jpeg\" \/>\n<meta name=\"twitter:card\" content=\"summary_large_image\" \/>\n<meta name=\"twitter:label1\" content=\"Est. reading time\" \/>\n\t<meta name=\"twitter:data1\" content=\"9 minutes\" \/>\n<script type=\"application\/ld+json\" class=\"yoast-schema-graph\">{\"@context\":\"https:\\\/\\\/schema.org\",\"@graph\":[{\"@type\":\"WebPage\",\"@id\":\"https:\\\/\\\/ristorantesolferino.com\\\/en\\\/piazza-solferino-vino-arte-e-magia\\\/\",\"url\":\"https:\\\/\\\/ristorantesolferino.com\\\/en\\\/piazza-solferino-vino-arte-e-magia\\\/\",\"name\":\"Piazza Solferino, la Fontana Angelica e I Vini del Ristorante Solferino\",\"isPartOf\":{\"@id\":\"https:\\\/\\\/ristorantesolferino.com\\\/en\\\/#website\"},\"primaryImageOfPage\":{\"@id\":\"https:\\\/\\\/ristorantesolferino.com\\\/en\\\/piazza-solferino-vino-arte-e-magia\\\/#primaryimage\"},\"image\":{\"@id\":\"https:\\\/\\\/ristorantesolferino.com\\\/en\\\/piazza-solferino-vino-arte-e-magia\\\/#primaryimage\"},\"thumbnailUrl\":\"https:\\\/\\\/ristorantesolferino.com\\\/wp-content\\\/uploads\\\/Vini-Ristorante-Solferino-Torino-1920-2.jpg\",\"datePublished\":\"2025-03-19T14:24:25+00:00\",\"dateModified\":\"2026-02-12T19:54:53+00:00\",\"description\":\"Benvenuti nella storia unica e affascinante di Piazza Solferino, dove l'arte, la cultura e la tradizione si fondono nei nostri vini esclusivi.\",\"breadcrumb\":{\"@id\":\"https:\\\/\\\/ristorantesolferino.com\\\/en\\\/piazza-solferino-vino-arte-e-magia\\\/#breadcrumb\"},\"inLanguage\":\"en-US\",\"potentialAction\":[{\"@type\":\"ReadAction\",\"target\":[\"https:\\\/\\\/ristorantesolferino.com\\\/en\\\/piazza-solferino-vino-arte-e-magia\\\/\"]}]},{\"@type\":\"ImageObject\",\"inLanguage\":\"en-US\",\"@id\":\"https:\\\/\\\/ristorantesolferino.com\\\/en\\\/piazza-solferino-vino-arte-e-magia\\\/#primaryimage\",\"url\":\"https:\\\/\\\/ristorantesolferino.com\\\/wp-content\\\/uploads\\\/Vini-Ristorante-Solferino-Torino-1920-2.jpg\",\"contentUrl\":\"https:\\\/\\\/ristorantesolferino.com\\\/wp-content\\\/uploads\\\/Vini-Ristorante-Solferino-Torino-1920-2.jpg\",\"width\":1920,\"height\":1277},{\"@type\":\"BreadcrumbList\",\"@id\":\"https:\\\/\\\/ristorantesolferino.com\\\/en\\\/piazza-solferino-vino-arte-e-magia\\\/#breadcrumb\",\"itemListElement\":[{\"@type\":\"ListItem\",\"position\":1,\"name\":\"Home\",\"item\":\"https:\\\/\\\/ristorantesolferino.com\\\/en\\\/turin-restaurant\\\/\"},{\"@type\":\"ListItem\",\"position\":2,\"name\":\"Piazza Solferino, la Fontana Angelica e I Vini del Ristorante Solferino\"}]},{\"@type\":\"WebSite\",\"@id\":\"https:\\\/\\\/ristorantesolferino.com\\\/en\\\/#website\",\"url\":\"https:\\\/\\\/ristorantesolferino.com\\\/en\\\/\",\"name\":\"Ristorante Solferino - Cucina Piemontese Torino\",\"description\":\"Il Tuo Ristorante nel Centro di Torino - Cucina Tipica Piemontese\",\"publisher\":{\"@id\":\"https:\\\/\\\/ristorantesolferino.com\\\/en\\\/#organization\"},\"potentialAction\":[{\"@type\":\"SearchAction\",\"target\":{\"@type\":\"EntryPoint\",\"urlTemplate\":\"https:\\\/\\\/ristorantesolferino.com\\\/en\\\/?s={search_term_string}\"},\"query-input\":{\"@type\":\"PropertyValueSpecification\",\"valueRequired\":true,\"valueName\":\"search_term_string\"}}],\"inLanguage\":\"en-US\"},{\"@type\":\"Organization\",\"@id\":\"https:\\\/\\\/ristorantesolferino.com\\\/en\\\/#organization\",\"name\":\"Ristorante Solferino - Cucina Piemontese Torino\",\"url\":\"https:\\\/\\\/ristorantesolferino.com\\\/en\\\/\",\"logo\":{\"@type\":\"ImageObject\",\"inLanguage\":\"en-US\",\"@id\":\"https:\\\/\\\/ristorantesolferino.com\\\/en\\\/#\\\/schema\\\/logo\\\/image\\\/\",\"url\":\"https:\\\/\\\/ristorantesolferino.com\\\/wp-content\\\/uploads\\\/2017\\\/11\\\/logo-contatti.png\",\"contentUrl\":\"https:\\\/\\\/ristorantesolferino.com\\\/wp-content\\\/uploads\\\/2017\\\/11\\\/logo-contatti.png\",\"width\":262,\"height\":143,\"caption\":\"Ristorante Solferino - Cucina Piemontese Torino\"},\"image\":{\"@id\":\"https:\\\/\\\/ristorantesolferino.com\\\/en\\\/#\\\/schema\\\/logo\\\/image\\\/\"},\"sameAs\":[\"https:\\\/\\\/www.facebook.com\\\/@ristorantesolferino\"]}]}<\/script>\n<!-- \/ Yoast SEO plugin. -->","yoast_head_json":{"title":"Piazza Solferino, la Fontana Angelica e I Vini del Ristorante Solferino","description":"Benvenuti nella storia unica e affascinante di Piazza Solferino, dove l'arte, la cultura e la tradizione si fondono nei nostri vini esclusivi.","robots":{"index":"index","follow":"follow","max-snippet":"max-snippet:-1","max-image-preview":"max-image-preview:large","max-video-preview":"max-video-preview:-1"},"canonical":"https:\/\/ristorantesolferino.com\/en\/piazza-solferino-vino-arte-e-magia\/","og_locale":"en_US","og_type":"article","og_title":"Piazza Solferino, la Fontana Angelica e I Vini del Ristorante Solferino","og_description":"Benvenuti nella storia unica e affascinante di Piazza Solferino, dove l'arte, la cultura e la tradizione si fondono nei nostri vini esclusivi.","og_url":"https:\/\/ristorantesolferino.com\/en\/piazza-solferino-vino-arte-e-magia\/","og_site_name":"Ristorante Solferino - Cucina Piemontese Torino","article_publisher":"https:\/\/www.facebook.com\/@ristorantesolferino","article_modified_time":"2026-02-12T19:54:53+00:00","og_image":[{"width":1920,"height":1277,"url":"https:\/\/ristorantesolferino.com\/wp-content\/uploads\/Vini-Ristorante-Solferino-Torino-1920-2.jpg","type":"image\/jpeg"}],"twitter_card":"summary_large_image","twitter_misc":{"Est. reading time":"9 minutes"},"schema":{"@context":"https:\/\/schema.org","@graph":[{"@type":"WebPage","@id":"https:\/\/ristorantesolferino.com\/en\/piazza-solferino-vino-arte-e-magia\/","url":"https:\/\/ristorantesolferino.com\/en\/piazza-solferino-vino-arte-e-magia\/","name":"Piazza Solferino, la Fontana Angelica e I Vini del Ristorante Solferino","isPartOf":{"@id":"https:\/\/ristorantesolferino.com\/en\/#website"},"primaryImageOfPage":{"@id":"https:\/\/ristorantesolferino.com\/en\/piazza-solferino-vino-arte-e-magia\/#primaryimage"},"image":{"@id":"https:\/\/ristorantesolferino.com\/en\/piazza-solferino-vino-arte-e-magia\/#primaryimage"},"thumbnailUrl":"https:\/\/ristorantesolferino.com\/wp-content\/uploads\/Vini-Ristorante-Solferino-Torino-1920-2.jpg","datePublished":"2025-03-19T14:24:25+00:00","dateModified":"2026-02-12T19:54:53+00:00","description":"Benvenuti nella storia unica e affascinante di Piazza Solferino, dove l'arte, la cultura e la tradizione si fondono nei nostri vini esclusivi.","breadcrumb":{"@id":"https:\/\/ristorantesolferino.com\/en\/piazza-solferino-vino-arte-e-magia\/#breadcrumb"},"inLanguage":"en-US","potentialAction":[{"@type":"ReadAction","target":["https:\/\/ristorantesolferino.com\/en\/piazza-solferino-vino-arte-e-magia\/"]}]},{"@type":"ImageObject","inLanguage":"en-US","@id":"https:\/\/ristorantesolferino.com\/en\/piazza-solferino-vino-arte-e-magia\/#primaryimage","url":"https:\/\/ristorantesolferino.com\/wp-content\/uploads\/Vini-Ristorante-Solferino-Torino-1920-2.jpg","contentUrl":"https:\/\/ristorantesolferino.com\/wp-content\/uploads\/Vini-Ristorante-Solferino-Torino-1920-2.jpg","width":1920,"height":1277},{"@type":"BreadcrumbList","@id":"https:\/\/ristorantesolferino.com\/en\/piazza-solferino-vino-arte-e-magia\/#breadcrumb","itemListElement":[{"@type":"ListItem","position":1,"name":"Home","item":"https:\/\/ristorantesolferino.com\/en\/turin-restaurant\/"},{"@type":"ListItem","position":2,"name":"Piazza Solferino, la Fontana Angelica e I Vini del Ristorante Solferino"}]},{"@type":"WebSite","@id":"https:\/\/ristorantesolferino.com\/en\/#website","url":"https:\/\/ristorantesolferino.com\/en\/","name":"Ristorante Solferino - Cucina Piemontese Torino","description":"Il Tuo Ristorante nel Centro di Torino - Cucina Tipica Piemontese","publisher":{"@id":"https:\/\/ristorantesolferino.com\/en\/#organization"},"potentialAction":[{"@type":"SearchAction","target":{"@type":"EntryPoint","urlTemplate":"https:\/\/ristorantesolferino.com\/en\/?s={search_term_string}"},"query-input":{"@type":"PropertyValueSpecification","valueRequired":true,"valueName":"search_term_string"}}],"inLanguage":"en-US"},{"@type":"Organization","@id":"https:\/\/ristorantesolferino.com\/en\/#organization","name":"Ristorante Solferino - Cucina Piemontese Torino","url":"https:\/\/ristorantesolferino.com\/en\/","logo":{"@type":"ImageObject","inLanguage":"en-US","@id":"https:\/\/ristorantesolferino.com\/en\/#\/schema\/logo\/image\/","url":"https:\/\/ristorantesolferino.com\/wp-content\/uploads\/2017\/11\/logo-contatti.png","contentUrl":"https:\/\/ristorantesolferino.com\/wp-content\/uploads\/2017\/11\/logo-contatti.png","width":262,"height":143,"caption":"Ristorante Solferino - Cucina Piemontese Torino"},"image":{"@id":"https:\/\/ristorantesolferino.com\/en\/#\/schema\/logo\/image\/"},"sameAs":["https:\/\/www.facebook.com\/@ristorantesolferino"]}]}},"_links":{"self":[{"href":"https:\/\/ristorantesolferino.com\/en\/wp-json\/wp\/v2\/pages\/187999","targetHints":{"allow":["GET"]}}],"collection":[{"href":"https:\/\/ristorantesolferino.com\/en\/wp-json\/wp\/v2\/pages"}],"about":[{"href":"https:\/\/ristorantesolferino.com\/en\/wp-json\/wp\/v2\/types\/page"}],"author":[{"embeddable":true,"href":"https:\/\/ristorantesolferino.com\/en\/wp-json\/wp\/v2\/users\/93"}],"replies":[{"embeddable":true,"href":"https:\/\/ristorantesolferino.com\/en\/wp-json\/wp\/v2\/comments?post=187999"}],"version-history":[{"count":1,"href":"https:\/\/ristorantesolferino.com\/en\/wp-json\/wp\/v2\/pages\/187999\/revisions"}],"predecessor-version":[{"id":189506,"href":"https:\/\/ristorantesolferino.com\/en\/wp-json\/wp\/v2\/pages\/187999\/revisions\/189506"}],"wp:featuredmedia":[{"embeddable":true,"href":"https:\/\/ristorantesolferino.com\/en\/wp-json\/wp\/v2\/media\/186300"}],"wp:attachment":[{"href":"https:\/\/ristorantesolferino.com\/en\/wp-json\/wp\/v2\/media?parent=187999"}],"curies":[{"name":"wp","href":"https:\/\/api.w.org\/{rel}","templated":true}]}}